{"id":4728,"date":"2026-02-06T17:53:08","date_gmt":"2026-02-06T16:53:08","guid":{"rendered":"https:\/\/www.taktiq.de\/?post_type=release&#038;p=4728"},"modified":"2026-02-09T14:41:00","modified_gmt":"2026-02-09T13:41:00","slug":"release-2026-2","status":"publish","type":"release","link":"https:\/\/www.taktiq.de\/fr\/releases\/release-2026-2\/","title":{"rendered":"Version 2026.2"},"content":{"rendered":"\n<div class=\"wp-block-group alignfull has-global-padding is-layout-constrained wp-block-group-is-layout-constrained\">\n<div class=\"wp-block-columns alignwide are-vertically-aligned-top is-layout-flex wp-container-core-columns-is-layout-28f84493 wp-block-columns-is-layout-flex\">\n<div class=\"wp-block-column is-vertically-aligned-top is-layout-flow wp-block-column-is-layout-flow\">\n<div class=\"wp-block-group alignwide has-global-padding is-layout-constrained wp-container-core-group-is-layout-c3d0faaf wp-block-group-is-layout-constrained\" style=\"padding-top:0;padding-right:0;padding-bottom:0;padding-left:0\">\n<p class=\"alignwide has-text-align-wide has-orange-color has-text-color has-link-color has-h-5-font-size wp-elements-36c07b70178870275e6d2de1432a539d\">\u2190 <a href=\"https:\/\/www.taktiq.de\/fr\/communiques\/\" data-type=\"page\" data-id=\"236\">Releases<\/a><\/p>\n\n\n<h1 class=\"alignwide wp-block-post-title\">Version 2026.2<\/h1><\/div>\n\n\n\n<p class=\"has-intro-font-size\">En \u00e9troite collaboration avec des partenaires exp\u00e9riment\u00e9s, nous allons \u00e0 l&rsquo;avenir regrouper encore davantage le meilleur de chaque domaine &#8211; de la planification lin\u00e9aire 3D de premier ordre au savoir-faire approfondi en mati\u00e8re de gestion du temps. Cette combinaison cr\u00e9e une valeur ajout\u00e9e \u00e9vidente pour vous : une planification plus pr\u00e9cise, des processus plus efficaces et des solutions qui font avancer les choses de mani\u00e8re mesurable. <\/p>\n<\/div>\n\n\n\n<div class=\"wp-block-column is-vertically-aligned-top is-layout-flow wp-block-column-is-layout-flow\">\n<div class=\"wp-block-group has-lightgrey-background-color has-background has-global-padding is-layout-constrained wp-container-core-group-is-layout-7c7fb8f8 wp-block-group-is-layout-constrained\" style=\"padding-top:var(--wp--preset--spacing--50);padding-right:var(--wp--preset--spacing--50);padding-bottom:var(--wp--preset--spacing--50);padding-left:var(--wp--preset--spacing--50)\">\n<p><strong>Points forts :<\/strong><\/p>\n\n\n\n<ul class=\"wp-block-list\">\n<li>TAKTIQ &amp; DELMIA : une int\u00e9gration parfaite pour une planification efficace<\/li>\n\n\n\n<li>Am\u00e9liorer syst\u00e9matiquement les lignes de production avec TiCon &amp; TAKTIQ<\/li>\n\n\n\n<li>Traiter les analyses de temps plus efficacement<\/li>\n<\/ul>\n\n\n\n<p>Les clients b\u00e9n\u00e9ficiant du support \u00e0 long terme (LTS) recevront les nouveaut\u00e9s avec la prochaine version LTS en mars 2026.<\/p>\n<\/div>\n<\/div>\n<\/div>\n<\/div>\n\n<div class=\"wp-block-group alignfull has-lightgrey-background-color has-background has-global-padding is-layout-constrained wp-container-core-group-is-layout-c5bbea69 wp-block-group-is-layout-constrained\">\n<div class=\"wp-block-group alignwide has-white-background-color has-background has-global-padding is-layout-constrained wp-container-core-group-is-layout-ae744a23 wp-block-group-is-layout-constrained\" style=\"border-radius:1.5rem;padding-top:var(--wp--preset--spacing--70);padding-right:var(--wp--preset--spacing--70);padding-bottom:var(--wp--preset--spacing--70);padding-left:var(--wp--preset--spacing--70)\">\n<div class=\"wp-block-columns alignwide is-layout-flex wp-container-core-columns-is-layout-28f84493 wp-block-columns-is-layout-flex\">\n<div class=\"wp-block-column is-layout-flow wp-block-column-is-layout-flow\" style=\"flex-basis:33.3%\">\n<figure class=\"wp-block-image size-large\"><img loading=\"lazy\" decoding=\"async\" width=\"1800\" height=\"1013\" src=\"https:\/\/www.taktiq.de\/wp-content\/uploads\/TAKTIQ_DELMIA-80-1-1800x1013.jpg\" alt=\"\" class=\"wp-image-4750\" srcset=\"https:\/\/www.taktiq.de\/wp-content\/uploads\/TAKTIQ_DELMIA-80-1-1800x1013.jpg 1800w, https:\/\/www.taktiq.de\/wp-content\/uploads\/TAKTIQ_DELMIA-80-1-900x506.jpg 900w, https:\/\/www.taktiq.de\/wp-content\/uploads\/TAKTIQ_DELMIA-80-1-768x432.jpg 768w, https:\/\/www.taktiq.de\/wp-content\/uploads\/TAKTIQ_DELMIA-80-1-1536x864.jpg 1536w, https:\/\/www.taktiq.de\/wp-content\/uploads\/TAKTIQ_DELMIA-80-1-1320x743.jpg 1320w, https:\/\/www.taktiq.de\/wp-content\/uploads\/TAKTIQ_DELMIA-80-1.jpg 1921w\" sizes=\"auto, (max-width: 1800px) 100vw, 1800px\" \/><\/figure>\n<\/div>\n\n\n\n<div class=\"wp-block-column is-layout-flow wp-block-column-is-layout-flow\" style=\"flex-basis:66.66%\">\n<div class=\"wp-block-group has-global-padding is-layout-constrained wp-container-core-group-is-layout-c3d0faaf wp-block-group-is-layout-constrained\" style=\"padding-top:0;padding-right:0;padding-bottom:0;padding-left:0\">\n<h2 class=\"wp-block-heading has-orange-color has-text-color has-link-color has-h-5-font-size wp-elements-a743e15dabc34525d5904f9c02c35ef9\" style=\"font-style:normal;font-weight:300\">Optimisation \/ \u00e9quilibrage<\/h2>\n\n\n\n<p class=\"has-h-2-font-size\">TAKTIQ &amp; DELMIA : une int\u00e9gration parfaite pour une planification efficace  <\/p>\n<\/div>\n\n\n\n<p>En collaboration avec notre <strong>partenaire Dassault Syst\u00e8mes,<\/strong> nous r\u00e9alisons une cha\u00eene de planification sans faille pour votre ligne d&rsquo;assemblage : de la planification initiale des processus et de l&rsquo;\u00e9quilibrage approximatif dans <strong>DELMIA<\/strong> \u00e0 l&rsquo;optimisation de votre production dans <strong>TAKTIQ<\/strong>. Les interfaces n\u00e9cessaires sont en cours de d\u00e9veloppement et seront mises \u00e0 votre disposition \u00e9tape par \u00e9tape, afin de permettre \u00e0 l&rsquo;avenir un \u00e9change de donn\u00e9es rapide et bidirectionnel. Avec la version 2026.2, vous pouvez d\u00e9j\u00e0 <strong>r\u00e9cup\u00e9rer les \u00e9quilibrages de Delmia<\/strong> et les utiliser comme <strong>\u00e9tats de planification de base dans TAKTIQ<\/strong>.  <\/p>\n\n\n\n<p><strong><strong>Qu&rsquo;est-ce que cela signifie concr\u00e8tement ?<\/strong><\/strong><br\/>La base est cr\u00e9\u00e9e dans DELMIA : vous cr\u00e9ez des postes de travail et effectuez une affectation initiale des op\u00e9rations. De l\u00e0, vous passez \u00e0 TAKTIQ, o\u00f9 vous effectuez un \u00e9quilibrage plus pr\u00e9cis \u00e0 l&rsquo;aide des fonctions d&rsquo;analyse bien connues, des simulations pr\u00e9cises et de l&rsquo;optimisation interactive. Vous identifiez les goulots d&rsquo;\u00e9tranglement \u00e0 un stade pr\u00e9coce et prenez des d\u00e9cisions \u00e9clair\u00e9es.  <\/p>\n\n\n\n<p>Les donn\u00e9es de planification affin\u00e9es dans TAKTIQ peuvent \u00eatre synchronis\u00e9es \u00e0 tout moment avec DELMIA. Vous b\u00e9n\u00e9ficiez ainsi des avantages des deux syst\u00e8mes en transformant des \u00e9tapes de planification jusqu&rsquo;ici s\u00e9par\u00e9es en un flux de travail continu. <\/p>\n\n\n\n<p><strong>Vous \u00eates int\u00e9ress\u00e9(e) ? Votre exp\u00e9rience est pr\u00e9cieuse ! <\/strong><br\/>Vos commentaires et vos exigences concernant l&rsquo;utilisation commune des deux syst\u00e8mes nous aident \u00e0 concevoir une solution adapt\u00e9e et pratique.<\/p>\n\n\n\n<p>N&rsquo;h\u00e9sitez pas \u00e0 nous contacter &#8211; nous serons ravis d&rsquo;\u00e9changer avec vous et de d\u00e9velopper des solutions adapt\u00e9es \u00e0 vos besoins !<\/p>\n<\/div>\n<\/div>\n<\/div>\n\n\n\n<div class=\"wp-block-group alignwide has-white-background-color has-background has-global-padding is-layout-constrained wp-container-core-group-is-layout-ae744a23 wp-block-group-is-layout-constrained\" style=\"border-radius:1.5rem;padding-top:var(--wp--preset--spacing--70);padding-right:var(--wp--preset--spacing--70);padding-bottom:var(--wp--preset--spacing--70);padding-left:var(--wp--preset--spacing--70)\">\n<div class=\"wp-block-columns alignwide is-layout-flex wp-container-core-columns-is-layout-28f84493 wp-block-columns-is-layout-flex\">\n<div class=\"wp-block-column is-layout-flow wp-block-column-is-layout-flow\" style=\"flex-basis:33.3%\">\n<figure class=\"wp-block-image size-full is-style-rounded is-style-rounded--1\"><img loading=\"lazy\" decoding=\"async\" width=\"1921\" height=\"1081\" src=\"https:\/\/www.taktiq.de\/wp-content\/uploads\/TAKTIQ_MTM-80-1.jpg\" alt=\"\" class=\"wp-image-4756\" srcset=\"https:\/\/www.taktiq.de\/wp-content\/uploads\/TAKTIQ_MTM-80-1.jpg 1921w, https:\/\/www.taktiq.de\/wp-content\/uploads\/TAKTIQ_MTM-80-1-900x506.jpg 900w, https:\/\/www.taktiq.de\/wp-content\/uploads\/TAKTIQ_MTM-80-1-1800x1013.jpg 1800w, https:\/\/www.taktiq.de\/wp-content\/uploads\/TAKTIQ_MTM-80-1-768x432.jpg 768w, https:\/\/www.taktiq.de\/wp-content\/uploads\/TAKTIQ_MTM-80-1-1536x864.jpg 1536w, https:\/\/www.taktiq.de\/wp-content\/uploads\/TAKTIQ_MTM-80-1-1320x743.jpg 1320w\" sizes=\"auto, (max-width: 1921px) 100vw, 1921px\" \/><\/figure>\n<\/div>\n\n\n\n<div class=\"wp-block-column is-layout-flow wp-block-column-is-layout-flow\" style=\"flex-basis:66.66%\">\n<div class=\"wp-block-group has-global-padding is-layout-constrained wp-container-core-group-is-layout-c3d0faaf wp-block-group-is-layout-constrained\" style=\"padding-top:0;padding-right:0;padding-bottom:0;padding-left:0\">\n<h2 class=\"wp-block-heading has-orange-color has-text-color has-link-color has-h-5-font-size wp-elements-a743e15dabc34525d5904f9c02c35ef9\" style=\"font-style:normal;font-weight:300\">Optimisation \/ \u00e9quilibrage<\/h2>\n\n\n\n<p class=\"has-h-2-font-size\">Parfaitement synchronis\u00e9 : am\u00e9liorer syst\u00e9matiquement les lignes de production avec TiCon &amp; TAKTIQ<\/p>\n<\/div>\n\n\n\n<p>Depuis la version 2025.10, <strong>les blocs de temps MTM<\/strong> peuvent \u00eatre charg\u00e9s <strong>depuis TiCon<\/strong> (Windows\/Web) et utilis\u00e9s dans TAKTIQ. Avec cette version, nous avons \u00e9tendu l&rsquo;<strong>importation standard<\/strong>: vous pouvez d\u00e9sormais charger un<strong> \u00e9quilibrage de charge<\/strong> complet \u00e0<strong> partir de TiCon<\/strong> en appuyant sur un bouton ! Vous pouvez d\u00e9cider vous-m\u00eame si les postes de travail et la r\u00e9partition initiale de l&rsquo;Avo sont transf\u00e9r\u00e9s depuis TiCon ou si seules les op\u00e9rations sont charg\u00e9es avec leurs analyses de temps et si vous effectuez ensuite vous-m\u00eame la r\u00e9partition sur les postes de travail dans TAKTIQ. La <strong>mise \u00e0 jour<\/strong> ult\u00e9rieure des op\u00e9rations (par exemple, chargement de nouveaux temps) ou des postes de travail (par exemple, chargement de nouveaux temps de cycle) est \u00e9galement d\u00e9j\u00e0 prise en charge. L&rsquo;inverse est d\u00e9j\u00e0 pr\u00e9vu, afin que vous puissiez \u00e0 l&rsquo;avenir r\u00e9utiliser dans TiCon les optimisations effectu\u00e9es dans TAKTIQ.   <\/p>\n\n\n\n<p>D\u00e9couvrez au cours d&rsquo;un <strong>webinaire<\/strong> d&rsquo;une heure comment TiCon et TAKTIQ s&rsquo;associent pour assurer un <strong>suivi pr\u00e9cis des temps<\/strong> et une <strong>optimisation globale<\/strong> de votre cha\u00eene de montage. De la saisie des donn\u00e9es \u00e0 l&rsquo;\u00e9quilibrage bas\u00e9 sur des indicateurs, le tout dans un flux de travail continu.   <br\/><strong><br\/>Quand : 18.03.2026 11:00 &#8211; 12:00 CET<\/strong><\/p>\n\n\n\n<p><strong><a href=\"https:\/\/newsletter.mtm.org\/c\/148\/8883234\/10942\/0\/19346724\/1297\/846955\/db8830d11e.html\">Inscrivez-vous gratuitement d\u00e8s maintenant !<\/a><\/strong><\/p>\n<\/div>\n<\/div>\n<\/div>\n\n\n\n<div class=\"wp-block-group alignwide has-white-background-color has-background has-global-padding is-layout-constrained wp-container-core-group-is-layout-ae744a23 wp-block-group-is-layout-constrained\" style=\"border-radius:1.5rem;padding-top:var(--wp--preset--spacing--70);padding-right:var(--wp--preset--spacing--70);padding-bottom:var(--wp--preset--spacing--70);padding-left:var(--wp--preset--spacing--70)\">\n<div class=\"wp-block-columns alignwide is-layout-flex wp-container-core-columns-is-layout-28f84493 wp-block-columns-is-layout-flex\">\n<div class=\"wp-block-column is-layout-flow wp-block-column-is-layout-flow\" style=\"flex-basis:33.3%\">\n<figure class=\"wp-block-image size-full is-style-rounded is-style-rounded--2\"><img loading=\"lazy\" decoding=\"async\" width=\"1921\" height=\"1081\" src=\"https:\/\/www.taktiq.de\/wp-content\/uploads\/TAKTIQ_Timemanagement-80-1.jpg\" alt=\"\" class=\"wp-image-4762\" srcset=\"https:\/\/www.taktiq.de\/wp-content\/uploads\/TAKTIQ_Timemanagement-80-1.jpg 1921w, https:\/\/www.taktiq.de\/wp-content\/uploads\/TAKTIQ_Timemanagement-80-1-900x506.jpg 900w, https:\/\/www.taktiq.de\/wp-content\/uploads\/TAKTIQ_Timemanagement-80-1-1800x1013.jpg 1800w, https:\/\/www.taktiq.de\/wp-content\/uploads\/TAKTIQ_Timemanagement-80-1-768x432.jpg 768w, https:\/\/www.taktiq.de\/wp-content\/uploads\/TAKTIQ_Timemanagement-80-1-1536x864.jpg 1536w, https:\/\/www.taktiq.de\/wp-content\/uploads\/TAKTIQ_Timemanagement-80-1-1320x743.jpg 1320w\" sizes=\"auto, (max-width: 1921px) 100vw, 1921px\" \/><\/figure>\n<\/div>\n\n\n\n<div class=\"wp-block-column is-layout-flow wp-block-column-is-layout-flow\" style=\"flex-basis:66.66%\">\n<div class=\"wp-block-group has-global-padding is-layout-constrained wp-container-core-group-is-layout-c3d0faaf wp-block-group-is-layout-constrained\" style=\"padding-top:0;padding-right:0;padding-bottom:0;padding-left:0\">\n<h2 class=\"wp-block-heading has-orange-color has-text-color has-link-color has-h-5-font-size wp-elements-a743e15dabc34525d5904f9c02c35ef9\" style=\"font-style:normal;font-weight:300\">Documenter \/ Analyser le temps<\/h2>\n\n\n\n<p class=\"has-h-2-font-size\">Traiter les analyses temporelles plus efficacement : Copier, Coller &amp; Gestion des blocs de temps<\/p>\n<\/div>\n\n\n\n<p>D\u00e9sormais, vous pouvez facilement <strong>copier et coller<\/strong> des lignes d&rsquo;analyse temporelle dans TAKTIQ &#8211; id\u00e9al si vous souhaitez r\u00e9utiliser des analyses existantes.<\/p>\n\n\n\n<p>Vous trouverez une nouvelle <strong>ic\u00f4ne de copie<\/strong> dans la premi\u00e8re colonne sous <strong>Documentation \/ Analyses temporelles<\/strong> et dans l&rsquo;onglet <strong>Analyses temporelles<\/strong> lors de la modification des avis de paiement. Vous pouvez \u00e9galement utiliser <strong>Ctrl + C.<\/strong> Le collage fonctionne de mani\u00e8re tout aussi confortable : l&rsquo;<strong>ic\u00f4ne de collage<\/strong> dans la premi\u00e8re colonne ou <strong>Ctrl + V<\/strong> permet d&rsquo;ins\u00e9rer le contenu copi\u00e9 exactement \u00e0 l&rsquo;endroit souhait\u00e9. <strong>La s\u00e9lection multiple<\/strong> est \u00e9galement enti\u00e8rement prise en charge : Il suffit de s\u00e9lectionner plusieurs lignes avec <em>Ctrl + clic<\/em> ou <em>Shift + clic<\/em>, puis de les copier \u00e0 l&rsquo;aide de l&rsquo;ic\u00f4ne ou du raccourci clavier.   <br\/><strong><br\/><\/strong>Vous utilisez <strong>des blocs de temps<\/strong> personnalis\u00e9s ? Vous pouvez d\u00e9sormais <strong>importer et exporter<\/strong> les blocs de temps de mani\u00e8re centralis\u00e9e pour l&rsquo;ensemble <strong>de la zone de planification<\/strong>. Vous pourrez ainsi transf\u00e9rer encore plus rapidement les blocs de temps &#8211; par exemple \u00e0 partir d&rsquo;un fichier TKQ &#8211; vers une nouvelle zone de planification sans avoir \u00e0 les g\u00e9rer manuellement. Les analyses de temps peuvent ensuite \u00eatre trait\u00e9es et utilis\u00e9es comme d&rsquo;habitude dans l&rsquo;\u00e9quilibrage de ligne.   <\/p>\n<\/div>\n<\/div>\n<\/div>\n\n\n\n<div class=\"wp-block-group alignwide has-white-background-color has-background has-global-padding is-layout-constrained wp-container-core-group-is-layout-ae744a23 wp-block-group-is-layout-constrained\" style=\"border-radius:1.5rem;padding-top:var(--wp--preset--spacing--70);padding-right:var(--wp--preset--spacing--70);padding-bottom:var(--wp--preset--spacing--70);padding-left:var(--wp--preset--spacing--70)\">\n<div class=\"wp-block-columns alignwide is-layout-flex wp-container-core-columns-is-layout-28f84493 wp-block-columns-is-layout-flex\">\n<div class=\"wp-block-column is-layout-flow wp-block-column-is-layout-flow\" style=\"flex-basis:33.3%\">\n<figure class=\"wp-block-image size-large is-style-rounded is-style-rounded--3\"><img loading=\"lazy\" decoding=\"async\" width=\"1800\" height=\"1013\" src=\"https:\/\/www.taktiq.de\/wp-content\/uploads\/Weitere-Verbesserungen-1800x1013.gif\" alt=\"\" class=\"wp-image-3586\" srcset=\"https:\/\/www.taktiq.de\/wp-content\/uploads\/Weitere-Verbesserungen-1800x1013.gif 1800w, https:\/\/www.taktiq.de\/wp-content\/uploads\/Weitere-Verbesserungen-900x506.gif 900w, https:\/\/www.taktiq.de\/wp-content\/uploads\/Weitere-Verbesserungen-768x432.gif 768w, https:\/\/www.taktiq.de\/wp-content\/uploads\/Weitere-Verbesserungen-1536x864.gif 1536w, https:\/\/www.taktiq.de\/wp-content\/uploads\/Weitere-Verbesserungen-1320x743.gif 1320w\" sizes=\"auto, (max-width: 1800px) 100vw, 1800px\" \/><\/figure>\n<\/div>\n\n\n\n<div class=\"wp-block-column is-layout-flow wp-block-column-is-layout-flow\" style=\"flex-basis:66.66%\">\n<div class=\"wp-block-group has-global-padding is-layout-constrained wp-container-core-group-is-layout-c3d0faaf wp-block-group-is-layout-constrained\" style=\"padding-top:0;padding-right:0;padding-bottom:0;padding-left:0\">\n<h2 class=\"wp-block-heading has-orange-color has-text-color has-link-color has-h-5-font-size wp-elements-a743e15dabc34525d5904f9c02c35ef9\" style=\"font-style:normal;font-weight:300\"><\/h2>\n\n\n\n<p class=\"has-h-2-font-size\">Autres am\u00e9liorations<\/p>\n<\/div>\n\n\n\n<ul class=\"wp-block-list\">\n<li><strong>Enregistrer les facteurs de temps de cycle dans les fichiers TKQ, les \u00e9tats de planification et les projets :<\/strong> Le th\u00e8me d&rsquo;avenir \u00ab\u00a0temps de cycle variables par commande\u00a0\u00bb est d\u00e9j\u00e0 pris en charge depuis un certain temps dans certaines parties du logiciel. Vous avez d\u00e9sormais la possibilit\u00e9 de sauvegarder les temps de cycle document\u00e9s individuellement. L&rsquo;utilisation productive de cette m\u00e9thode de planification innovante est donc possible. Contactez-nous si vous \u00eates int\u00e9ress\u00e9 par l&rsquo;activation de ce module compl\u00e9mentaire !   <br\/>(Documenter \/ Missions)<\/li>\n\n\n\n<li><strong>S\u00e9lection facile des mod\u00e8les pour les avos :<\/strong> lorsque vous modifiez les mod\u00e8les d&rsquo;un avo, vous disposez d\u00e9sormais d&rsquo;un <strong>champ de recherche int\u00e9gr\u00e9<\/strong> dans le champ de s\u00e9lection. Cela vous permet de trouver rapidement et pr\u00e9cis\u00e9ment le mod\u00e8le qui vous convient, m\u00eame si le nombre de mod\u00e8les disponibles est important. <br\/>(Documenter \/ Op\u00e9rations)<\/li>\n\n\n\n<li><strong>Filtrez facilement les listes Avo par mod\u00e8le<\/strong>: D\u00e8s maintenant, vous pouvez filtrer beaucoup plus facilement les colonnes <strong>Mod\u00e8les<\/strong> et<strong> Mod\u00e8les (d\u00e9signation)<\/strong> des listes Avo sur des mod\u00e8les concrets. Choisissez facilement si vous souhaitez afficher uniquement les avis de paiement pour un mod\u00e8le sp\u00e9cifique ou les avis de paiement pour un ensemble s\u00e9lectionn\u00e9 de mod\u00e8les. <br\/>(Documenter \/ Op\u00e9rations)<\/li>\n\n\n\n<li><strong>Importation cibl\u00e9e des restrictions Avo et des donn\u00e9es de base Avo : <\/strong>Lors de l&rsquo;importation d&rsquo;avos et de postes de travail \u00e0 partir d&rsquo;Excel, vous pouvez d\u00e9sormais d\u00e9finir pr\u00e9cis\u00e9ment quelles informations d&rsquo;avo seront transf\u00e9r\u00e9es. Au lieu de toujours \u00e9craser l&rsquo;avo complet, comme c&rsquo;\u00e9tait le cas jusqu&rsquo;\u00e0 pr\u00e9sent, vous choisissez d\u00e9sormais de mani\u00e8re cibl\u00e9e si vous souhaitez par exemple importer uniquement <strong>les donn\u00e9es de base <\/strong>(d\u00e9signation, r\u00e8gle de caract\u00e9ristique, TE &#8230;), les <strong>restrictions<\/strong>, les <strong>exigences <\/strong>ou <strong>d&rsquo;autres attributs<\/strong> comme les commentaires ou les marquages. Vous gardez ainsi le contr\u00f4le total de vos donn\u00e9es Avo et pouvez d\u00e9terminer avec pr\u00e9cision quelles informations doivent \u00eatre mises \u00e0 jour. Par exemple, il est d\u00e9sormais possible d&rsquo;ajouter des restrictions \u00e0 des op\u00e9rations existantes.   <br\/>(Documenter \/ Op\u00e9rations)<\/li>\n<\/ul>\n<\/div>\n<\/div>\n<\/div>\n<\/div>\n\n<div class=\"wp-block-group alignfull has-lightgrey-background-color has-background has-global-padding is-layout-constrained wp-block-group-is-layout-constrained\">\n<h2 class=\"wp-block-heading has-text-align-center\">Aper\u00e7u de tous les <mark style=\"background-color:rgba(0, 0, 0, 0)\" class=\"has-inline-color has-orange-color\">modules TAKTIQ<\/mark> <\/h2>\n\n\n\n<p class=\"has-text-align-center\">D\u00e9veloppez TAKTIQ de mani\u00e8re flexible avec nos modules. Personnalisez la solution pour qu&rsquo;elle r\u00e9ponde \u00e0 vos besoins de production et qu&rsquo;elle soit le plus efficace possible. <\/p>\n\n\n\n<div  class=\"wp-block-teasergroup alignwide \">\t\n\t<div class=\"row g-3 row-cols-1 row-cols-sm-2 row-cols-lg-3 justify-content-center\">\n\t\n\t\t\n\t\t\t\t\t\t<div class=\"col\">\n\t\t\t\t\n\n\t\t\t\t\n\t\t\t\t\t<div class=\"card card-teaser rounded h-100\">\n\t\t\t\t\t\t<div class=\"card-body p-3 p-lg-4\">\n\t\t\t\t\t\t\t<div class=\"card-icon-wrapper\"><img loading=\"lazy\" decoding=\"async\" src=\"https:\/\/www.taktiq.de\/wp-content\/uploads\/2025\/06\/icon-module-sequence-requirements.svg\" alt=\"Exigences en mati\u00e8re de s\u00e9quences\" class=\"card-icon\" width=\"30\" height=\"30\"><\/div>\n\t\t\t\t\t\t\t<a href=\"https:\/\/www.taktiq.de\/fr\/exigences-en-matiere-de-sequences\/\" class=\"card-title d-block stretched-link text-decoration-none my-2 fw-semibold fs-5\">Exigences en mati\u00e8re de s\u00e9quences<\/a>\n\t\t\t\t\t\t\t<p class=\"card-text hyphens m-0 p-0\">\n\t\t\t\t\t\t\t\tCr\u00e9er des r\u00e8gles de s\u00e9quence de mani\u00e8re analytique, v\u00e9rifier leur efficacit\u00e9 et les optimiser.\t\t\t\t\t\t\t\t<a href=\"https:\/\/www.taktiq.de\/fr\/exigences-en-matiere-de-sequences\/\" class=\"text-link\">En savoir plus<\/a>\n\t\t\t\t\t\t\t<\/p>\n\n\t\t\t\t\t\t<\/div>\n\t\t\t\t\t<\/div>\n\t\t\t\t\n\t\t\t<\/div>\n\t\t\t\n\t\t\t\n\t\t\t\t\t\t<div class=\"col\">\n\t\t\t\t\n\n\t\t\t\t\n\t\t\t\t\t<div class=\"card card-teaser rounded h-100\">\n\t\t\t\t\t\t<div class=\"card-body p-3 p-lg-4\">\n\t\t\t\t\t\t\t<div class=\"card-icon-wrapper\"><img loading=\"lazy\" decoding=\"async\" src=\"https:\/\/www.taktiq.de\/wp-content\/uploads\/2025\/06\/icon-module-order-program-scenarios.svg\" alt=\"Sc\u00e9narios de programmes de commandes\" class=\"card-icon\" width=\"30\" height=\"30\"><\/div>\n\t\t\t\t\t\t\t<a href=\"https:\/\/www.taktiq.de\/fr\/scenarios-de-programmes-de-commandes\/\" class=\"card-title d-block stretched-link text-decoration-none my-2 fw-semibold fs-5\">Sc\u00e9narios de programmes de commandes<\/a>\n\t\t\t\t\t\t\t<p class=\"card-text hyphens m-0 p-0\">\n\t\t\t\t\t\t\t\tAnalyser en d\u00e9tail les programmes de commandes, les g\u00e9n\u00e9rer et les simuler sur la base de pr\u00e9visions de ventes.\t\t\t\t\t\t\t\t<a href=\"https:\/\/www.taktiq.de\/fr\/scenarios-de-programmes-de-commandes\/\" class=\"text-link\">En savoir plus<\/a>\n\t\t\t\t\t\t\t<\/p>\n\n\t\t\t\t\t\t<\/div>\n\t\t\t\t\t<\/div>\n\t\t\t\t\n\t\t\t<\/div>\n\t\t\t\n\t\t\t\n\t\t\t\t\t\t<div class=\"col\">\n\t\t\t\t\n\n\t\t\t\t\n\t\t\t\t\t<div class=\"card card-teaser rounded h-100\">\n\t\t\t\t\t\t<div class=\"card-body p-3 p-lg-4\">\n\t\t\t\t\t\t\t<div class=\"card-icon-wrapper\"><img loading=\"lazy\" decoding=\"async\" src=\"https:\/\/www.taktiq.de\/wp-content\/uploads\/2025\/06\/icon-module-ergonomics.svg\" alt=\"Ergonomie\" class=\"card-icon\" width=\"30\" height=\"30\"><\/div>\n\t\t\t\t\t\t\t<a href=\"https:\/\/www.taktiq.de\/fr\/ergonomie\/\" class=\"card-title d-block stretched-link text-decoration-none my-2 fw-semibold fs-5\">Ergonomie<\/a>\n\t\t\t\t\t\t\t<p class=\"card-text hyphens m-0 p-0\">\n\t\t\t\t\t\t\t\tD\u00e9terminer et optimiser la charge ergonomique par ouvrier et effectuer des \u00e9valuations ergonomiques en direct lors du d\u00e9sengagement.\t\t\t\t\t\t\t\t<a href=\"https:\/\/www.taktiq.de\/fr\/ergonomie\/\" class=\"text-link\">En savoir plus<\/a>\n\t\t\t\t\t\t\t<\/p>\n\n\t\t\t\t\t\t<\/div>\n\t\t\t\t\t<\/div>\n\t\t\t\t\n\t\t\t<\/div>\n\t\t\t\n\t\t\t\n\t\t\t\t\t\t<div class=\"col\">\n\t\t\t\t\n\n\t\t\t\t\n\t\t\t\t\t<div class=\"card card-teaser rounded h-100\">\n\t\t\t\t\t\t<div class=\"card-body p-3 p-lg-4\">\n\t\t\t\t\t\t\t<div class=\"card-icon-wrapper\"><img loading=\"lazy\" decoding=\"async\" src=\"https:\/\/www.taktiq.de\/wp-content\/uploads\/2025\/06\/icon-module-order-preview.svg\" alt=\"Aper\u00e7u des commandes\" class=\"card-icon\" width=\"30\" height=\"30\"><\/div>\n\t\t\t\t\t\t\t<a href=\"https:\/\/www.taktiq.de\/fr\/apercu-des-commandes\/\" class=\"card-title d-block stretched-link text-decoration-none my-2 fw-semibold fs-5\">Aper\u00e7u des commandes<\/a>\n\t\t\t\t\t\t\t<p class=\"card-text hyphens m-0 p-0\">\n\t\t\t\t\t\t\t\tGarantir le nombre de pi\u00e8ces et produire sans probl\u00e8me gr\u00e2ce \u00e0 une identification pr\u00e9coce des goulots d&rsquo;\u00e9tranglement et \u00e0 une meilleure gestion des mesures de capacit\u00e9 \u00e0 court terme.\t\t\t\t\t\t\t\t<a href=\"https:\/\/www.taktiq.de\/fr\/apercu-des-commandes\/\" class=\"text-link\">En savoir plus<\/a>\n\t\t\t\t\t\t\t<\/p>\n\n\t\t\t\t\t\t<\/div>\n\t\t\t\t\t<\/div>\n\t\t\t\t\n\t\t\t<\/div>\n\t\t\t\n\t\t\t\n\t\t\t\t\t\t<div class=\"col\">\n\t\t\t\t\n\n\t\t\t\t\n\t\t\t\t\t<div class=\"card card-teaser rounded h-100\">\n\t\t\t\t\t\t<div class=\"card-body p-3 p-lg-4\">\n\t\t\t\t\t\t\t<div class=\"card-icon-wrapper\"><img loading=\"lazy\" decoding=\"async\" src=\"https:\/\/www.taktiq.de\/wp-content\/uploads\/2025\/06\/icon-module-assembly-instructions.svg\" alt=\"Instructions de montage\" class=\"card-icon\" width=\"30\" height=\"30\"><\/div>\n\t\t\t\t\t\t\t<a href=\"https:\/\/www.taktiq.de\/fr\/instructions-de-montage\/\" class=\"card-title d-block stretched-link text-decoration-none my-2 fw-semibold fs-5\">Instructions de montage<\/a>\n\t\t\t\t\t\t\t<p class=\"card-text hyphens m-0 p-0\">\n\t\t\t\t\t\t\t\tTransmettre le r\u00e9sultat de la planification \u00e0 la production via Excel ou PDF et former les ouvriers avec des instructions de montage num\u00e9riques dans TAKTIQ.\t\t\t\t\t\t\t\t<a href=\"https:\/\/www.taktiq.de\/fr\/instructions-de-montage\/\" class=\"text-link\">En savoir plus<\/a>\n\t\t\t\t\t\t\t<\/p>\n\n\t\t\t\t\t\t<\/div>\n\t\t\t\t\t<\/div>\n\t\t\t\t\n\t\t\t<\/div>\n\t\t\t\n\t\t\t\n\t\t\t\t\t\t<div class=\"col\">\n\t\t\t\t\n\n\t\t\t\t\n\t\t\t\t\t<div class=\"card card-teaser rounded h-100\">\n\t\t\t\t\t\t<div class=\"card-body p-3 p-lg-4\">\n\t\t\t\t\t\t\t<div class=\"card-icon-wrapper\"><img loading=\"lazy\" decoding=\"async\" src=\"https:\/\/www.taktiq.de\/wp-content\/uploads\/2025\/06\/icon-module-time-management.svg\" alt=\"Gestion du temps\" class=\"card-icon\" width=\"30\" height=\"30\"><\/div>\n\t\t\t\t\t\t\t<a href=\"https:\/\/www.taktiq.de\/fr\/gestion-du-temps\/\" class=\"card-title d-block stretched-link text-decoration-none my-2 fw-semibold fs-5\">Gestion du temps<\/a>\n\t\t\t\t\t\t\t<p class=\"card-text hyphens m-0 p-0\">\n\t\t\t\t\t\t\t\tD\u00e9finir facilement les besoins en temps pour les op\u00e9rations \u00e0 l&rsquo;aide de modules de temps et identifier la valeur ajout\u00e9e.\t\t\t\t\t\t\t\t<a href=\"https:\/\/www.taktiq.de\/fr\/gestion-du-temps\/\" class=\"text-link\">En savoir plus<\/a>\n\t\t\t\t\t\t\t<\/p>\n\n\t\t\t\t\t\t<\/div>\n\t\t\t\t\t<\/div>\n\t\t\t\t\n\t\t\t<\/div>\n\t\t\t\n\t\t\t\n\t\t\t\t\t\t<div class=\"col\">\n\t\t\t\t\n\n\t\t\t\t\n\t\t\t\t\t<div class=\"card card-teaser rounded h-100\">\n\t\t\t\t\t\t<div class=\"card-body p-3 p-lg-4\">\n\t\t\t\t\t\t\t<div class=\"card-icon-wrapper\"><img loading=\"lazy\" decoding=\"async\" src=\"https:\/\/www.taktiq.de\/wp-content\/uploads\/2025\/06\/icon-module-module-process-requirements.svg\" alt=\"Exigences du processus\" class=\"card-icon\" width=\"30\" height=\"30\"><\/div>\n\t\t\t\t\t\t\t<a href=\"https:\/\/www.taktiq.de\/fr\/exigences-du-processus\/\" class=\"card-title d-block stretched-link text-decoration-none my-2 fw-semibold fs-5\">Exigences du processus<\/a>\n\t\t\t\t\t\t\t<p class=\"card-text hyphens m-0 p-0\">\n\t\t\t\t\t\t\t\tConsigner les exigences en mati\u00e8re d&rsquo;\u00e9quilibrage (pr\u00e9d\u00e9cesseurs, hauteurs, positions de travail, outils) et garantir ainsi des solutions r\u00e9alisables.\t\t\t\t\t\t\t\t<a href=\"https:\/\/www.taktiq.de\/fr\/exigences-du-processus\/\" class=\"text-link\">En savoir plus<\/a>\n\t\t\t\t\t\t\t<\/p>\n\n\t\t\t\t\t\t<\/div>\n\t\t\t\t\t<\/div>\n\t\t\t\t\n\t\t\t<\/div>\n\t\t\t\n\t\t\t\t\t\t\n\t\t\t\t<div class=\"col\">\n\t\t\t\t\t<div class=\"card card-teaser rounded h-100\">\n\t\t\t\t\t\t<div class=\"card-body p-3 p-lg-4\">\n\n\t\t\t\t\t\t\t<div class=\"card-icon-wrapper\"><\/div>\n\t\t\t\t\t\t\t\t\t\t\t\t\t\t<a href=\"https:\/\/www.sequiq.de\" class=\"card-title d-block stretched-link text-decoration-none my-2 fw-semibold fs-5\" target=\"_blank\">\n\t\t\t\t\t\t\t\t\t\t\t\t\t\t\t\t\t<img decoding=\"async\" src=\"https:\/\/www.taktiq.de\/wp-content\/uploads\/2025\/07\/sequiq-logo.svg\" alt=\"SEQUIQ\" class=\"card-title-logo\">\n\t\t\t\t\t\t\t\t\t\t\t\t\t\t\t<\/a>\n\t\t\t\t\t\t\t\t\t\t\t\t\t\t<p class=\"card-text hyphens m-0 p-0\">Mais vous recherchez une solution pour le s\u00e9quen\u00e7age des commandes ? Essayez SEQUIQ !  <a href=\"https:\/\/www.sequiq.de\" class=\"text-link\">En savoir plus<\/a><\/p>\n\n\t\t\t\t\t\t<\/div>\n\t\t\t\t\t<\/div>\n\t\t\t\t<\/div>\n\t\t\n\t\t\n\t<\/div>\n<\/div>\n\n<\/div>\n","protected":false},"excerpt":{"rendered":"<p>\u2190 Releases En \u00e9troite collaboration avec des partenaires exp\u00e9riment\u00e9s, nous allons \u00e0 l&rsquo;avenir regrouper encore davantage le meilleur de chaque domaine &#8211; de la planification lin\u00e9aire 3D de premier ordre au savoir-faire approfondi en mati\u00e8re de gestion du temps. Cette combinaison cr\u00e9e une valeur ajout\u00e9e \u00e9vidente pour vous : une planification plus pr\u00e9cise, des processus [&hellip;]<\/p>\n","protected":false},"featured_media":4771,"template":"","class_list":["post-4728","release","type-release","status-publish","has-post-thumbnail","hentry"],"acf":[],"_links":{"self":[{"href":"https:\/\/www.taktiq.de\/fr\/wp-json\/wp\/v2\/release\/4728","targetHints":{"allow":["GET"]}}],"collection":[{"href":"https:\/\/www.taktiq.de\/fr\/wp-json\/wp\/v2\/release"}],"about":[{"href":"https:\/\/www.taktiq.de\/fr\/wp-json\/wp\/v2\/types\/release"}],"wp:featuredmedia":[{"embeddable":true,"href":"https:\/\/www.taktiq.de\/fr\/wp-json\/wp\/v2\/media\/4771"}],"wp:attachment":[{"href":"https:\/\/www.taktiq.de\/fr\/wp-json\/wp\/v2\/media?parent=4728"}],"curies":[{"name":"wp","href":"https:\/\/api.w.org\/{rel}","templated":true}]}}