{"id":2618,"date":"2025-06-30T18:46:36","date_gmt":"2025-06-30T16:46:36","guid":{"rendered":"https:\/\/relaunch.taktiq.de\/releases\/2025-6-kiadas\/"},"modified":"2026-01-08T09:10:39","modified_gmt":"2026-01-08T08:10:39","slug":"release-2025-6","status":"publish","type":"release","link":"https:\/\/www.taktiq.de\/hu\/releases\/release-2025-6\/","title":{"rendered":"2025.6 kiad\u00e1s"},"content":{"rendered":"\n<div class=\"wp-block-group alignfull has-global-padding is-layout-constrained wp-block-group-is-layout-constrained\">\n<div class=\"wp-block-columns alignwide are-vertically-aligned-top is-layout-flex wp-container-core-columns-is-layout-28f84493 wp-block-columns-is-layout-flex\">\n<div class=\"wp-block-column is-vertically-aligned-top is-layout-flow wp-block-column-is-layout-flow\">\n<div class=\"wp-block-group alignwide has-global-padding is-layout-constrained wp-container-core-group-is-layout-c3d0faaf wp-block-group-is-layout-constrained\" style=\"padding-top:0;padding-right:0;padding-bottom:0;padding-left:0\">\n<p class=\"alignwide has-text-align-wide has-orange-color has-text-color has-link-color has-h-5-font-size wp-elements-29b31cbbe05362ebf4a952076a800706\">\u2190 <a href=\"https:\/\/www.taktiq.de\/hu\/kiadvanyok\/\" data-type=\"page\" data-id=\"236\">K\u00f6zlem\u00e9nyek<\/a><\/p>\n\n\n<h1 class=\"alignwide wp-block-post-title\">2025.6 kiad\u00e1s<\/h1><\/div>\n\n\n\n<p class=\"has-intro-font-size\">A j\u00fanius nemcsak a nyarat hozza, hanem \u00faj lehet\u0151s\u00e9geket is a TAKTIQ-ban: leg\u00fajabb, 2025.6-os kiad\u00e1sunk m\u00e9g re\u00e1lisabb\u00e1 teszi a tervez\u00e9st &#8211; \u00e9s \u00e9rezhet\u0151en megk\u00f6nny\u00edti az egy\u00e9ni munkafolyamatokat.<\/p>\n<\/div>\n\n\n\n<div class=\"wp-block-column is-vertically-aligned-top is-layout-flow wp-block-column-is-layout-flow\">\n<div class=\"wp-block-group has-lightgrey-background-color has-background has-global-padding is-layout-constrained wp-container-core-group-is-layout-7c7fb8f8 wp-block-group-is-layout-constrained\" style=\"padding-top:var(--wp--preset--spacing--50);padding-right:var(--wp--preset--spacing--50);padding-bottom:var(--wp--preset--spacing--50);padding-left:var(--wp--preset--spacing--50)\">\n<p><strong>A k\u00f6vetkez\u0151 kiemelt esem\u00e9nyekre sz\u00e1m\u00edthat:<\/strong><\/p>\n\n\n\n<ul class=\"wp-block-list\">\n<li>Testreszabott elrendez\u00e9sek ment\u00e9se a n\u00e9zet- \u00e9s oszlopkonfigur\u00e1ci\u00f3hoz<\/li>\n\n\n\n<li>A munkav\u00e1llal\u00f3 kiindul\u00e1si helyzet\u00e9nek be\u00e1ll\u00edt\u00e1sa \u00e9s az elsodr\u00f3d\u00e1s elemz\u00e9se<\/li>\n\n\n\n<li>A hossz\u00fa t\u00e1v\u00fa t\u00e1mogat\u00e1ssal (LTS) rendelkez\u0151 \u00fcgyfelek az \u00faj funkci\u00f3kat a k\u00f6vetkez\u0151, 2025 szeptember\u00e9ben megjelen\u0151 LTS kiad\u00e1ssal kapj\u00e1k meg.<\/li>\n<\/ul>\n<\/div>\n<\/div>\n<\/div>\n<\/div>\n\n<div class=\"wp-block-group alignfull has-lightgrey-background-color has-background has-global-padding is-layout-constrained wp-container-core-group-is-layout-c5bbea69 wp-block-group-is-layout-constrained\">\n<div class=\"wp-block-group alignwide has-white-background-color has-background has-global-padding is-layout-constrained wp-container-core-group-is-layout-ae744a23 wp-block-group-is-layout-constrained\" style=\"border-radius:1.5rem;padding-top:var(--wp--preset--spacing--70);padding-right:var(--wp--preset--spacing--70);padding-bottom:var(--wp--preset--spacing--70);padding-left:var(--wp--preset--spacing--70)\">\n<div class=\"wp-block-columns alignwide is-layout-flex wp-container-core-columns-is-layout-28f84493 wp-block-columns-is-layout-flex\">\n<div class=\"wp-block-column is-layout-flow wp-block-column-is-layout-flow\" style=\"flex-basis:33.3%\">\n<figure class=\"wp-block-image aligncenter size-full is-style-rounded is-style-rounded--1\"><img loading=\"lazy\" decoding=\"async\" width=\"520\" height=\"293\" src=\"https:\/\/www.taktiq.de\/wp-content\/uploads\/2025\/07\/release-2025-06-taktiq.gif\" alt=\"\" class=\"wp-image-655\"\/><\/figure>\n<\/div>\n\n\n\n<div class=\"wp-block-column is-layout-flow wp-block-column-is-layout-flow\" style=\"flex-basis:66.66%\">\n<div class=\"wp-block-group has-global-padding is-layout-constrained wp-container-core-group-is-layout-c3d0faaf wp-block-group-is-layout-constrained\" style=\"padding-top:0;padding-right:0;padding-bottom:0;padding-left:0\">\n<h2 class=\"wp-block-heading has-orange-color has-text-color has-link-color has-h-5-font-size wp-elements-a743e15dabc34525d5904f9c02c35ef9\" style=\"font-style:normal;font-weight:300\">Ind\u00edt\u00e1s \/ m\u0171k\u00f6dtet\u00e9s \u00e9s navig\u00e1ci\u00f3<\/h2>\n\n\n\n<p class=\"has-h-2-font-size\">Testreszabott elrendez\u00e9sek ment\u00e9se a n\u00e9zet- \u00e9s oszlopkonfigur\u00e1ci\u00f3hoz<\/p>\n<\/div>\n\n\n\n<p>Legyen az egy nagy Avo-lista a m\u00e1sodik monitoron, egy k\u00f6z\u00e9pen elhelyezett korl\u00e1toz\u00e1si grafikon vagy egy kompakt \u00e1raml\u00e1si vonal n\u00e9zet &#8211; a TAKTIQ-ban \u00d6n d\u00f6nti el, hogyan n\u00e9zzen ki a kezel\u0151fel\u00fclete. Eddig a k\u00fcl\u00f6nb\u00f6z\u0151 n\u00e9zetek szem\u00e9lyre szabott elrendez\u00e9s\u00e9t saj\u00e1t neve alatt menthette el \u00e9s v\u00e1ltoztathatta meg. <\/p>\n\n\n\n<p><strong>Most m\u00e9g rugalmasabb: a<\/strong><br\/><strong>TAKTIQ m\u00e1r nemcsak a n\u00e9zetek elrendez\u00e9s\u00e9t, hanem azok tartalm\u00e1t is<\/strong> &#8211; p\u00e9ld\u00e1ul a megjelen\u00edtett oszlopokat, a sorrendet, az oszlopsz\u00e9less\u00e9get vagy a kiv\u00e1lasztott sz\u00e1madatokat &#8211;<strong>elmenti<\/strong>.<\/p>\n\n\n\n<p>N\u00e9zet elrendez\u00e9se + tartalom = <strong>az \u00d6n szem\u00e9lyre szabott elrendez\u00e9se<\/strong>.<\/p>\n<\/div>\n<\/div>\n\n\n\n<hr class=\"wp-block-separator alignwide has-text-color has-midgrey-color has-alpha-channel-opacity has-midgrey-background-color has-background is-style-wide\"\/>\n\n\n\n<div class=\"wp-block-columns alignwide is-layout-flex wp-container-core-columns-is-layout-28f84493 wp-block-columns-is-layout-flex\">\n<div class=\"wp-block-column is-layout-flow wp-block-column-is-layout-flow\" style=\"flex-basis:33.3%\">\n<figure class=\"wp-block-image size-full is-style-rounded is-style-rounded--2\"><img loading=\"lazy\" decoding=\"async\" width=\"520\" height=\"293\" src=\"https:\/\/www.taktiq.de\/wp-content\/uploads\/2025\/07\/release-2025-06-screenshot-01-taktiq.gif\" alt=\"\" class=\"wp-image-669\"\/><\/figure>\n<\/div>\n\n\n\n<div class=\"wp-block-column is-layout-flow wp-block-column-is-layout-flow\" style=\"flex-basis:66.66%\">\n<p><strong>\u00c9s ez \u00edgy m\u0171k\u00f6dik:<\/strong><\/p>\n\n\n\n<ul class=\"wp-block-list\">\n<li>A n\u00e9zetek \u00e9s tartalmak k\u00edv\u00e1nt konfigur\u00e1ci\u00f3j\u00e1nak meghat\u00e1roz\u00e1sa<\/li>\n\n\n\n<li>Ezeket k\u00f6zvetlen\u00fcl elrendez\u00e9sk\u00e9nt mentheti &#8211; az \u00e1llapotsoron kereszt\u00fcl.<\/li>\n\n\n\n<li>Vill\u00e1mgyors v\u00e1lt\u00e1s az elrendez\u00e9sek k\u00f6z\u00f6tt a munkaszitu\u00e1ci\u00f3t\u00f3l f\u00fcgg\u0151en<\/li>\n\n\n\n<li>Nevezze el az elrendez\u00e9seket egyedileg, pl. &#8222;Sz\u0171k keresztmetszet f\u00f3kusz&#8221;, &#8222;Kiegyenl\u00edt\u00e9s&#8221; vagy &#8222;Korl\u00e1toz\u00e1selemz\u00e9s&#8221;.<\/li>\n<\/ul>\n<\/div>\n<\/div>\n\n\n\n<hr class=\"wp-block-separator alignwide has-text-color has-midgrey-color has-alpha-channel-opacity has-midgrey-background-color has-background is-style-wide\"\/>\n\n\n\n<div class=\"wp-block-columns alignwide is-layout-flex wp-container-core-columns-is-layout-28f84493 wp-block-columns-is-layout-flex\">\n<div class=\"wp-block-column is-layout-flow wp-block-column-is-layout-flow\" style=\"flex-basis:33.3%\">\n<figure class=\"wp-block-image size-full is-style-rounded is-style-rounded--3\"><img loading=\"lazy\" decoding=\"async\" width=\"520\" height=\"293\" src=\"https:\/\/www.taktiq.de\/wp-content\/uploads\/2025\/07\/release-2025-06-screenshot-02-taktiq.gif\" alt=\"\" class=\"wp-image-670\"\/><\/figure>\n<\/div>\n\n\n\n<div class=\"wp-block-column is-layout-flow wp-block-column-is-layout-flow\" style=\"flex-basis:66.66%\">\n<p><strong>Egy\u00e9bk\u00e9nt:<\/strong> Az elrendez\u00e9sek k\u00f6nnyen export\u00e1lhat\u00f3k \u00e9s import\u00e1lhat\u00f3k is &#8211; t\u00f6k\u00e9letes a kipr\u00f3b\u00e1lt \u00e9s tesztelt konfigur\u00e1ci\u00f3k koll\u00e9g\u00e1kkal val\u00f3 megoszt\u00e1s\u00e1hoz vagy a csapatban t\u00f6rt\u00e9n\u0151 egys\u00e9ges\u00edtett munkav\u00e9gz\u00e9shez.<br\/>Tipp: Az \u00e1llapotsoron kereszt\u00fcl b\u00e1rmikor visszat\u00e9rhet a kipr\u00f3b\u00e1lt \u00e9s tesztelt TAKTIQ-szabv\u00e1nyos elrendez\u00e9shez &#8211; ide\u00e1lis, ha gyorsan vissza szeretne t\u00e9rni a kiindul\u00e1si ponthoz.<\/p>\n\n\n\n<p>Csak egyes elemeket szeretne vissza\u00e1ll\u00edtani, p\u00e9ld\u00e1ul csak az elrendez\u00e9st vagy csak a n\u00e9zetek tartalm\u00e1t? Nem probl\u00e9ma: haszn\u00e1lja a programsor jobb fels\u0151 sark\u00e1ban tal\u00e1lhat\u00f3 glob\u00e1lis n\u00e9zetbe\u00e1ll\u00edt\u00e1sokat.<\/p>\n\n\n\n<p><strong>Pr\u00f3b\u00e1lja ki most, \u00e9s hozza l\u00e9tre szem\u00e9lyes layout k\u00f6nyvt\u00e1r\u00e1t!<\/strong><\/p>\n<\/div>\n<\/div>\n<\/div>\n\n\n\n<div class=\"wp-block-group alignwide has-white-background-color has-background has-global-padding is-layout-constrained wp-container-core-group-is-layout-ae744a23 wp-block-group-is-layout-constrained\" style=\"border-radius:1.5rem;padding-top:var(--wp--preset--spacing--70);padding-right:var(--wp--preset--spacing--70);padding-bottom:var(--wp--preset--spacing--70);padding-left:var(--wp--preset--spacing--70)\">\n<div class=\"wp-block-columns alignwide is-layout-flex wp-container-core-columns-is-layout-28f84493 wp-block-columns-is-layout-flex\">\n<div class=\"wp-block-column is-layout-flow wp-block-column-is-layout-flow\" style=\"flex-basis:33.3%\">\n<figure class=\"wp-block-image size-full is-style-rounded is-style-rounded--4\"><img loading=\"lazy\" decoding=\"async\" width=\"1200\" height=\"500\" src=\"https:\/\/www.taktiq.de\/wp-content\/uploads\/2025\/07\/release-2025-06-screenshot-startposition-driftanalyse-taktiq.png\" alt=\"\" class=\"wp-image-671\" srcset=\"https:\/\/www.taktiq.de\/wp-content\/uploads\/2025\/07\/release-2025-06-screenshot-startposition-driftanalyse-taktiq.png 1200w, https:\/\/www.taktiq.de\/wp-content\/uploads\/2025\/07\/release-2025-06-screenshot-startposition-driftanalyse-taktiq-900x375.png 900w, https:\/\/www.taktiq.de\/wp-content\/uploads\/2025\/07\/release-2025-06-screenshot-startposition-driftanalyse-taktiq-768x320.png 768w\" sizes=\"auto, (max-width: 1200px) 100vw, 1200px\" \/><\/figure>\n<\/div>\n\n\n\n<div class=\"wp-block-column is-layout-flow wp-block-column-is-layout-flow\" style=\"flex-basis:66.66%\">\n<div class=\"wp-block-group has-global-padding is-layout-constrained wp-container-core-group-is-layout-c3d0faaf wp-block-group-is-layout-constrained\" style=\"padding-top:0;padding-right:0;padding-bottom:0;padding-left:0\">\n<h2 class=\"wp-block-heading has-orange-color has-text-color has-link-color has-h-5-font-size wp-elements-a743e15dabc34525d5904f9c02c35ef9\" style=\"font-style:normal;font-weight:300\">Elemz\u00e9s \/ sodr\u00f3d\u00e1s<\/h2>\n\n\n\n<p class=\"has-h-2-font-size\">A munkav\u00e1llal\u00f3 kiindul\u00e1si helyzet\u00e9nek be\u00e1ll\u00edt\u00e1sa \u00e9s az elsodr\u00f3d\u00e1s elemz\u00e9se<\/p>\n<\/div>\n\n\n\n<p>A val\u00f3s\u00e1gban a dolgoz\u00f3k munk\u00e1ja nem mindig pontosan az \u00e1llom\u00e1shat\u00e1rn\u00e1l kezd\u0151dik: n\u00e9ha f\u00e9l \u00e1llom\u00e1ssal kor\u00e1bban, n\u00e9ha k\u00e9s\u0151bb kezdik a munk\u00e1t. Ezt a gyakorlatot most m\u00e1r k\u00f6zvetlen\u00fcl a TAKTIQ-ban is lek\u00e9pezheti &#8211; az \u00faj lehet\u0151s\u00e9ggel, hogy az egyes munka\u00e1llom\u00e1sokhoz egyedi kezd\u0151poz\u00edci\u00f3kat hat\u00e1rozzon meg. <\/p>\n\n\n\n<p><strong>Mi\u00e9rt fontos ez?<br\/><\/strong>A kiindul\u00e1si poz\u00edci\u00f3 hat\u00e1rozza meg, hogy hol kezd\u0151dik a munk\u00e1s munkater\u00fclete &#8211; \u00e9s ez\u00e9rt befoly\u00e1solja az eg\u00e9sz tervez\u00e9si folyamatot. A kezd\u0151poz\u00edci\u00f3kat mostant\u00f3l a t\u00e9nyleges munkater\u00fclet pontos param\u00e9terez\u00e9s\u00e9re lehet haszn\u00e1lni. <\/p>\n\n\n\n<p><strong>Hogyan m\u0171k\u00f6dik<br\/><\/strong>Az \u00faj funkci\u00f3val egyszer\u0171en meghat\u00e1rozhatja, hogy a dolgoz\u00f3 munkater\u00fclete mennyire t\u00e9rjen el a fizikai \u00e1llom\u00e1shat\u00e1rt\u00f3l:<\/p>\n\n\n\n<ul class=\"wp-block-list\">\n<li>Ha p\u00e9ld\u00e1ul f\u00e9l \u00e1llom\u00e1ssal kor\u00e1bban kezd\u0151dik, \u00edrja be a &#8222;-0,5&#8221; \u00e9rt\u00e9ket.<\/li>\n\n\n\n<li>Ha f\u00e9l \u00e1llom\u00e1ssal k\u00e9s\u0151bb kezd\u0151dik, haszn\u00e1lja a &#8222;+0,5&#8221; \u00e9rt\u00e9ket.<\/li>\n<\/ul>\n\n\n\n<p>Vagy egyszer\u0171en kattintson \u00e9s h\u00fazza a cs\u00faszk\u00e1t a kihajthat\u00f3 ablakban a k\u00edv\u00e1nt poz\u00edci\u00f3ba. A vizu\u00e1lis megjelen\u00edt\u00e9s azonnal megmutatja a munkater\u00fcletre gyakorolt hat\u00e1sokat. <\/p>\n\n\n\n<p>A legut\u00f3bbi kiad\u00e1s f\u0151 \u00faj\u00edt\u00e1s\u00e1val &#8211; az \u00e1llom\u00e1sok k\u00f6z\u00f6tti driftelemz\u00e9ssel &#8211; egy\u00fctt a startpoz\u00edci\u00f3 el\u0151nyei k\u00fcl\u00f6n\u00f6sen vil\u00e1goss\u00e1 v\u00e1lnak:<br\/>Azonnal felismerheti, hogy egy eltolt startpoz\u00edci\u00f3 hogyan befoly\u00e1solja a folyamatot. Ha p\u00e9ld\u00e1ul egy dolgoz\u00f3 rendszeresen k\u00e9sve indul, azonnal l\u00e1thatja, hogy ez a k\u00f6vetkez\u0151 \u00e1llom\u00e1son elakad\u00e1st \u00e9s az elsodr\u00f3d\u00e1si hat\u00e1r\u00e9rt\u00e9k megs\u00e9rt\u00e9s\u00e9t okozza-e. <\/p>\n\n\n\n<p><strong>A kezd\u0151poz\u00edci\u00f3t pontosan ott szerkeszti, ahol a driftet konfigur\u00e1lja:<\/strong><\/p>\n\n\n\n<ul class=\"wp-block-list\">\n<li>A munka\u00e1llom\u00e1s szerkeszt\u00e9s\u00e9re szolg\u00e1l\u00f3 p\u00e1rbesz\u00e9dpanelben,<\/li>\n\n\n\n<li>a &#8222;Dokumentum \/ Munka\u00e1llom\u00e1sok&#8221; alatt,<\/li>\n\n\n\n<li>vagy k\u00f6zvetlen\u00fcl a driftelemz\u00e9sben.<\/li>\n<\/ul>\n\n\n\n<p><strong>Pr\u00f3b\u00e1lja ki most &#8211; \u00e9s tervezzen m\u00e9g k\u00f6zelebb a val\u00f3s\u00e1ghoz n\u00e9h\u00e1ny kattint\u00e1ssal!<\/strong><\/p>\n<\/div>\n<\/div>\n<\/div>\n<\/div>\n\n<div class=\"wp-block-group alignfull has-lightgrey-background-color has-background has-global-padding is-layout-constrained wp-block-group-is-layout-constrained\">\n<h2 class=\"wp-block-heading has-text-align-center\">Az \u00f6sszes <mark style=\"background-color:rgba(0, 0, 0, 0)\" class=\"has-inline-color has-orange-color\">TAKTIQ modul<\/mark> \u00e1ttekint\u00e9se<\/h2>\n\n\n\n<p class=\"has-text-align-center\">B\u0151v\u00edtse rugalmasan a TAKTIQ-ot moduljainkkal. Testre szabhatja a megold\u00e1st az \u00d6n termel\u00e9s\u00e9hez, \u00e9s maximaliz\u00e1lhatja az el\u0151ny\u00f6ket az \u00d6n egyedi ig\u00e9nyeihez. <\/p>\n\n\n\n<div  class=\"wp-block-teasergroup alignwide \">\t\n\t<div class=\"row g-3 row-cols-1 row-cols-sm-2 row-cols-lg-3 justify-content-center\">\n\t\n\t\t\n\t\t\t\t\t\t<div class=\"col\">\n\t\t\t\t\n\n\t\t\t\t\n\t\t\t\t\t<div class=\"card card-teaser rounded h-100\">\n\t\t\t\t\t\t<div class=\"card-body p-3 p-lg-4\">\n\t\t\t\t\t\t\t<div class=\"card-icon-wrapper\"><img loading=\"lazy\" decoding=\"async\" src=\"https:\/\/www.taktiq.de\/wp-content\/uploads\/2025\/06\/icon-module-sequence-requirements.svg\" alt=\"Sorrendi k\u00f6vetelm\u00e9nyek\" class=\"card-icon\" width=\"30\" height=\"30\"><\/div>\n\t\t\t\t\t\t\t<a href=\"https:\/\/www.taktiq.de\/hu\/sorrendi-koevetelmenyek\/\" class=\"card-title d-block stretched-link text-decoration-none my-2 fw-semibold fs-5\">Sorrendi k\u00f6vetelm\u00e9nyek<\/a>\n\t\t\t\t\t\t\t<p class=\"card-text hyphens m-0 p-0\">\n\t\t\t\t\t\t\t\tL\u00e9trehozhat szekvencia szab\u00e1lyokat analitikusan, ellen\u0151rizheti hat\u00e9konys\u00e1gukat \u00e9s optimaliz\u00e1lhatja \u0151ket.\t\t\t\t\t\t\t\t<a href=\"https:\/\/www.taktiq.de\/hu\/sorrendi-koevetelmenyek\/\" class=\"text-link\">Tudjon meg t\u00f6bbet<\/a>\n\t\t\t\t\t\t\t<\/p>\n\n\t\t\t\t\t\t<\/div>\n\t\t\t\t\t<\/div>\n\t\t\t\t\n\t\t\t<\/div>\n\t\t\t\n\t\t\t\n\t\t\t\t\t\t<div class=\"col\">\n\t\t\t\t\n\n\t\t\t\t\n\t\t\t\t\t<div class=\"card card-teaser rounded h-100\">\n\t\t\t\t\t\t<div class=\"card-body p-3 p-lg-4\">\n\t\t\t\t\t\t\t<div class=\"card-icon-wrapper\"><img loading=\"lazy\" decoding=\"async\" src=\"https:\/\/www.taktiq.de\/wp-content\/uploads\/2025\/06\/icon-module-time-management.svg\" alt=\"Id\u0151gazd\u00e1lkod\u00e1s\" class=\"card-icon\" width=\"30\" height=\"30\"><\/div>\n\t\t\t\t\t\t\t<a href=\"https:\/\/www.taktiq.de\/hu\/idogazdalkodas\/\" class=\"card-title d-block stretched-link text-decoration-none my-2 fw-semibold fs-5\">Id\u0151gazd\u00e1lkod\u00e1s<\/a>\n\t\t\t\t\t\t\t<p class=\"card-text hyphens m-0 p-0\">\n\t\t\t\t\t\t\t\tHat\u00e1rozza meg k\u00f6nnyed\u00e9n a munkafolyamatok id\u0151ig\u00e9ny\u00e9t az id\u0151modulok seg\u00edts\u00e9g\u00e9vel, \u00e9s ismerje fel a hozz\u00e1adott \u00e9rt\u00e9ket.\t\t\t\t\t\t\t\t<a href=\"https:\/\/www.taktiq.de\/hu\/idogazdalkodas\/\" class=\"text-link\">Tudjon meg t\u00f6bbet<\/a>\n\t\t\t\t\t\t\t<\/p>\n\n\t\t\t\t\t\t<\/div>\n\t\t\t\t\t<\/div>\n\t\t\t\t\n\t\t\t<\/div>\n\t\t\t\n\t\t\t\n\t\t\t\t\t\t<div class=\"col\">\n\t\t\t\t\n\n\t\t\t\t\n\t\t\t\t\t<div class=\"card card-teaser rounded h-100\">\n\t\t\t\t\t\t<div class=\"card-body p-3 p-lg-4\">\n\t\t\t\t\t\t\t<div class=\"card-icon-wrapper\"><img loading=\"lazy\" decoding=\"async\" src=\"https:\/\/www.taktiq.de\/wp-content\/uploads\/2025\/06\/icon-module-order-program-scenarios.svg\" alt=\"Rendel\u00e9si program forgat\u00f3k\u00f6nyvek\" class=\"card-icon\" width=\"30\" height=\"30\"><\/div>\n\t\t\t\t\t\t\t<a href=\"https:\/\/www.taktiq.de\/hu\/rendelesi-program-forgatokoenyvek\/\" class=\"card-title d-block stretched-link text-decoration-none my-2 fw-semibold fs-5\">Rendel\u00e9si program forgat\u00f3k\u00f6nyvek<\/a>\n\t\t\t\t\t\t\t<p class=\"card-text hyphens m-0 p-0\">\n\t\t\t\t\t\t\t\tR\u00e9szletesen elemzi a rendel\u00e9si programokat, \u00e9s az \u00e9rt\u00e9kes\u00edt\u00e9si el\u0151rejelz\u00e9sek alapj\u00e1n l\u00e9trehozza \u00e9s szimul\u00e1lja azokat.\t\t\t\t\t\t\t\t<a href=\"https:\/\/www.taktiq.de\/hu\/rendelesi-program-forgatokoenyvek\/\" class=\"text-link\">Tudjon meg t\u00f6bbet<\/a>\n\t\t\t\t\t\t\t<\/p>\n\n\t\t\t\t\t\t<\/div>\n\t\t\t\t\t<\/div>\n\t\t\t\t\n\t\t\t<\/div>\n\t\t\t\n\t\t\t\n\t\t\t\t\t\t<div class=\"col\">\n\t\t\t\t\n\n\t\t\t\t\n\t\t\t\t\t<div class=\"card card-teaser rounded h-100\">\n\t\t\t\t\t\t<div class=\"card-body p-3 p-lg-4\">\n\t\t\t\t\t\t\t<div class=\"card-icon-wrapper\"><img loading=\"lazy\" decoding=\"async\" src=\"https:\/\/www.taktiq.de\/wp-content\/uploads\/2025\/06\/icon-module-ergonomics.svg\" alt=\"Ergon\u00f3mia\" class=\"card-icon\" width=\"30\" height=\"30\"><\/div>\n\t\t\t\t\t\t\t<a href=\"https:\/\/www.taktiq.de\/hu\/ergonomia\/\" class=\"card-title d-block stretched-link text-decoration-none my-2 fw-semibold fs-5\">Ergon\u00f3mia<\/a>\n\t\t\t\t\t\t\t<p class=\"card-text hyphens m-0 p-0\">\n\t\t\t\t\t\t\t\tMeghat\u00e1rozza \u00e9s optimaliz\u00e1lja az egy dolgoz\u00f3ra jut\u00f3 ergon\u00f3miai terhel\u00e9st, \u00e9s a cser\u00e9k sor\u00e1n \u00e9l\u0151 ergon\u00f3miai \u00e9rt\u00e9kel\u00e9seket v\u00e9gez.\t\t\t\t\t\t\t\t<a href=\"https:\/\/www.taktiq.de\/hu\/ergonomia\/\" class=\"text-link\">Tudjon meg t\u00f6bbet<\/a>\n\t\t\t\t\t\t\t<\/p>\n\n\t\t\t\t\t\t<\/div>\n\t\t\t\t\t<\/div>\n\t\t\t\t\n\t\t\t<\/div>\n\t\t\t\n\t\t\t\n\t\t\t\t\t\t<div class=\"col\">\n\t\t\t\t\n\n\t\t\t\t\n\t\t\t\t\t<div class=\"card card-teaser rounded h-100\">\n\t\t\t\t\t\t<div class=\"card-body p-3 p-lg-4\">\n\t\t\t\t\t\t\t<div class=\"card-icon-wrapper\"><img loading=\"lazy\" decoding=\"async\" src=\"https:\/\/www.taktiq.de\/wp-content\/uploads\/2025\/06\/icon-module-order-preview.svg\" alt=\"Rendel\u00e9si el\u0151n\u00e9zet\" class=\"card-icon\" width=\"30\" height=\"30\"><\/div>\n\t\t\t\t\t\t\t<a href=\"https:\/\/www.taktiq.de\/hu\/rendelesi-elonezet\/\" class=\"card-title d-block stretched-link text-decoration-none my-2 fw-semibold fs-5\">Rendel\u00e9si el\u0151n\u00e9zet<\/a>\n\t\t\t\t\t\t\t<p class=\"card-text hyphens m-0 p-0\">\n\t\t\t\t\t\t\t\tA sz\u0171k keresztmetszetek korai felismer\u00e9s\u00e9vel \u00e9s a r\u00f6vid t\u00e1v\u00fa kapacit\u00e1si int\u00e9zked\u00e9sek jobb kezel\u00e9s\u00e9vel a mennyis\u00e9gek biztos\u00edt\u00e1sa \u00e9s a z\u00f6kken\u0151mentes termel\u00e9s.\t\t\t\t\t\t\t\t<a href=\"https:\/\/www.taktiq.de\/hu\/rendelesi-elonezet\/\" class=\"text-link\">Tudjon meg t\u00f6bbet<\/a>\n\t\t\t\t\t\t\t<\/p>\n\n\t\t\t\t\t\t<\/div>\n\t\t\t\t\t<\/div>\n\t\t\t\t\n\t\t\t<\/div>\n\t\t\t\n\t\t\t\n\t\t\t\t\t\t<div class=\"col\">\n\t\t\t\t\n\n\t\t\t\t\n\t\t\t\t\t<div class=\"card card-teaser rounded h-100\">\n\t\t\t\t\t\t<div class=\"card-body p-3 p-lg-4\">\n\t\t\t\t\t\t\t<div class=\"card-icon-wrapper\"><img loading=\"lazy\" decoding=\"async\" src=\"https:\/\/www.taktiq.de\/wp-content\/uploads\/2025\/06\/icon-module-assembly-instructions.svg\" alt=\"\u00d6sszeszerel\u00e9si \u00fatmutat\u00f3\" class=\"card-icon\" width=\"30\" height=\"30\"><\/div>\n\t\t\t\t\t\t\t<a href=\"https:\/\/www.taktiq.de\/hu\/oesszeszerelesi-utmutato\/\" class=\"card-title d-block stretched-link text-decoration-none my-2 fw-semibold fs-5\">\u00d6sszeszerel\u00e9si \u00fatmutat\u00f3<\/a>\n\t\t\t\t\t\t\t<p class=\"card-text hyphens m-0 p-0\">\n\t\t\t\t\t\t\t\tA tervez\u00e9si eredm\u00e9nyeket Excel vagy PDF form\u00e1tumban tov\u00e1bb\u00edthatja a gy\u00e1rt\u00e1sba, \u00e9s a TAKTIQ-ban digit\u00e1lis \u00f6sszeszerel\u00e9si utas\u00edt\u00e1sokkal k\u00e9pezheti ki a dolgoz\u00f3kat.\t\t\t\t\t\t\t\t<a href=\"https:\/\/www.taktiq.de\/hu\/oesszeszerelesi-utmutato\/\" class=\"text-link\">Tudjon meg t\u00f6bbet<\/a>\n\t\t\t\t\t\t\t<\/p>\n\n\t\t\t\t\t\t<\/div>\n\t\t\t\t\t<\/div>\n\t\t\t\t\n\t\t\t<\/div>\n\t\t\t\n\t\t\t\n\t\t\t\t\t\t<div class=\"col\">\n\t\t\t\t\n\n\t\t\t\t\n\t\t\t\t\t<div class=\"card card-teaser rounded h-100\">\n\t\t\t\t\t\t<div class=\"card-body p-3 p-lg-4\">\n\t\t\t\t\t\t\t<div class=\"card-icon-wrapper\"><img loading=\"lazy\" decoding=\"async\" src=\"https:\/\/www.taktiq.de\/wp-content\/uploads\/2025\/06\/icon-module-module-process-requirements.svg\" alt=\"Folyamatk\u00f6vetelm\u00e9nyek\" class=\"card-icon\" width=\"30\" height=\"30\"><\/div>\n\t\t\t\t\t\t\t<a href=\"https:\/\/www.taktiq.de\/hu\/folyamatkoevetelmenyek\/\" class=\"card-title d-block stretched-link text-decoration-none my-2 fw-semibold fs-5\">Folyamatk\u00f6vetelm\u00e9nyek<\/a>\n\t\t\t\t\t\t\t<p class=\"card-text hyphens m-0 p-0\">\n\t\t\t\t\t\t\t\tR\u00f6gz\u00edtse a kiegyens\u00falyoz\u00e1ssal kapcsolatos k\u00f6vetelm\u00e9nyeket (el\u0151zm\u00e9nyek, magass\u00e1gok, munkapoz\u00edci\u00f3k, szersz\u00e1mok), \u00e9s \u00edgy biztos\u00edtsa a megval\u00f3s\u00edthat\u00f3 megold\u00e1sokat.\t\t\t\t\t\t\t\t<a href=\"https:\/\/www.taktiq.de\/hu\/folyamatkoevetelmenyek\/\" class=\"text-link\">Tudjon meg t\u00f6bbet<\/a>\n\t\t\t\t\t\t\t<\/p>\n\n\t\t\t\t\t\t<\/div>\n\t\t\t\t\t<\/div>\n\t\t\t\t\n\t\t\t<\/div>\n\t\t\t\n\t\t\t\t\t\t\n\t\t\t\t<div class=\"col\">\n\t\t\t\t\t<div class=\"card card-teaser rounded h-100\">\n\t\t\t\t\t\t<div class=\"card-body p-3 p-lg-4\">\n\n\t\t\t\t\t\t\t<div class=\"card-icon-wrapper\"><\/div>\n\t\t\t\t\t\t\t\t\t\t\t\t\t\t<a href=\"https:\/\/www.sequiq.de\" class=\"card-title d-block stretched-link text-decoration-none my-2 fw-semibold fs-5\" target=\"_blank\">\n\t\t\t\t\t\t\t\t\t\t\t\t\t\t\t\t\t<img decoding=\"async\" src=\"https:\/\/www.taktiq.de\/wp-content\/uploads\/2025\/07\/sequiq-logo.svg\" alt=\"SEQUIQ\" class=\"card-title-logo\">\n\t\t\t\t\t\t\t\t\t\t\t\t\t\t\t<\/a>\n\t\t\t\t\t\t\t\t\t\t\t\t\t\t<p class=\"card-text hyphens m-0 p-0\">De megold\u00e1st keres a sorrendis\u00e9gre? Akkor pr\u00f3b\u00e1lja ki a SEQUIQ-ot!  <a href=\"https:\/\/www.sequiq.de\" class=\"text-link\">Tudjon meg t\u00f6bbet<\/a><\/p>\n\n\t\t\t\t\t\t<\/div>\n\t\t\t\t\t<\/div>\n\t\t\t\t<\/div>\n\t\t\n\t\t\n\t<\/div>\n<\/div>\n\n<\/div>\n","protected":false},"excerpt":{"rendered":"<p>\u2190 K\u00f6zlem\u00e9nyek A j\u00fanius nemcsak a nyarat hozza, hanem \u00faj lehet\u0151s\u00e9geket is a TAKTIQ-ban: leg\u00fajabb, 2025.6-os kiad\u00e1sunk m\u00e9g re\u00e1lisabb\u00e1 teszi a tervez\u00e9st &#8211; \u00e9s \u00e9rezhet\u0151en megk\u00f6nny\u00edti az egy\u00e9ni munkafolyamatokat. A k\u00f6vetkez\u0151 kiemelt esem\u00e9nyekre sz\u00e1m\u00edthat: Legyen az egy nagy Avo-lista a m\u00e1sodik monitoron, egy k\u00f6z\u00e9pen elhelyezett korl\u00e1toz\u00e1si grafikon vagy egy kompakt \u00e1raml\u00e1si vonal n\u00e9zet &#8211; a [&hellip;]<\/p>\n","protected":false},"featured_media":2619,"template":"","class_list":["post-2618","release","type-release","status-publish","has-post-thumbnail","hentry"],"acf":[],"_links":{"self":[{"href":"https:\/\/www.taktiq.de\/hu\/wp-json\/wp\/v2\/release\/2618","targetHints":{"allow":["GET"]}}],"collection":[{"href":"https:\/\/www.taktiq.de\/hu\/wp-json\/wp\/v2\/release"}],"about":[{"href":"https:\/\/www.taktiq.de\/hu\/wp-json\/wp\/v2\/types\/release"}],"wp:featuredmedia":[{"embeddable":true,"href":"https:\/\/www.taktiq.de\/hu\/wp-json\/wp\/v2\/media\/2619"}],"wp:attachment":[{"href":"https:\/\/www.taktiq.de\/hu\/wp-json\/wp\/v2\/media?parent=2618"}],"curies":[{"name":"wp","href":"https:\/\/api.w.org\/{rel}","templated":true}]}}