{"id":4729,"date":"2026-02-06T17:53:08","date_gmt":"2026-02-06T16:53:08","guid":{"rendered":"https:\/\/www.taktiq.de\/?post_type=release&#038;p=4729"},"modified":"2026-02-09T14:41:01","modified_gmt":"2026-02-09T13:41:01","slug":"release-2026-2","status":"publish","type":"release","link":"https:\/\/www.taktiq.de\/hu\/releases\/release-2026-2\/","title":{"rendered":"2026.2 kiad\u00e1s"},"content":{"rendered":"\n<div class=\"wp-block-group alignfull has-global-padding is-layout-constrained wp-block-group-is-layout-constrained\">\n<div class=\"wp-block-columns alignwide are-vertically-aligned-top is-layout-flex wp-container-core-columns-is-layout-28f84493 wp-block-columns-is-layout-flex\">\n<div class=\"wp-block-column is-vertically-aligned-top is-layout-flow wp-block-column-is-layout-flow\">\n<div class=\"wp-block-group alignwide has-global-padding is-layout-constrained wp-container-core-group-is-layout-c3d0faaf wp-block-group-is-layout-constrained\" style=\"padding-top:0;padding-right:0;padding-bottom:0;padding-left:0\">\n<p class=\"alignwide has-text-align-wide has-orange-color has-text-color has-link-color has-h-5-font-size wp-elements-29b31cbbe05362ebf4a952076a800706\">\u2190 <a href=\"https:\/\/www.taktiq.de\/hu\/kiadvanyok\/\" data-type=\"page\" data-id=\"236\">K\u00f6zlem\u00e9nyek<\/a><\/p>\n\n\n<h1 class=\"alignwide wp-block-post-title\">2026.2 kiad\u00e1s<\/h1><\/div>\n\n\n\n<p class=\"has-intro-font-size\">Tapasztalt partnerekkel szorosan egy\u00fcttm\u0171k\u00f6dve a j\u00f6v\u0151ben m\u00e9g ink\u00e1bb egyes\u00edtj\u00fck minden ter\u00fclet legjobbjait &#8211; az els\u0151 oszt\u00e1ly\u00fa 3D-s vonaltervez\u00e9st\u0151l az id\u0151gazd\u00e1lkod\u00e1s alapos ismeret\u00e9ig. A kombin\u00e1ci\u00f3 egy\u00e9rtelm\u0171 hozz\u00e1adott \u00e9rt\u00e9ket teremt az \u00d6n sz\u00e1m\u00e1ra: pontosabb tervez\u00e9s, hat\u00e9konyabb folyamatok \u00e9s m\u00e9rhet\u0151 halad\u00e1st eredm\u00e9nyez\u0151 megold\u00e1sok. <\/p>\n<\/div>\n\n\n\n<div class=\"wp-block-column is-vertically-aligned-top is-layout-flow wp-block-column-is-layout-flow\">\n<div class=\"wp-block-group has-lightgrey-background-color has-background has-global-padding is-layout-constrained wp-container-core-group-is-layout-7c7fb8f8 wp-block-group-is-layout-constrained\" style=\"padding-top:var(--wp--preset--spacing--50);padding-right:var(--wp--preset--spacing--50);padding-bottom:var(--wp--preset--spacing--50);padding-left:var(--wp--preset--spacing--50)\">\n<p><strong>Kiemelt pontok:<\/strong><\/p>\n\n\n\n<ul class=\"wp-block-list\">\n<li>TAKTIQ &amp; DELMIA: Z\u00f6kken\u0151mentes integr\u00e1ci\u00f3 a hat\u00e9kony tervez\u00e9shez<\/li>\n\n\n\n<li>A TiCon &amp; TAKTIQ seg\u00edts\u00e9g\u00e9vel szisztematikusan jav\u00edthatja a gy\u00e1rt\u00f3sorokat<\/li>\n\n\n\n<li>Az id\u0151elemz\u00e9sek hat\u00e9konyabb feldolgoz\u00e1sa<\/li>\n<\/ul>\n\n\n\n<p>A hossz\u00fa t\u00e1v\u00fa t\u00e1mogat\u00e1ssal (LTS) rendelkez\u0151 \u00fcgyfelek az \u00faj funkci\u00f3kat a k\u00f6vetkez\u0151, 2026 m\u00e1rcius\u00e1ban megjelen\u0151 LTS kiad\u00e1ssal kapj\u00e1k meg.<\/p>\n<\/div>\n<\/div>\n<\/div>\n<\/div>\n\n<div class=\"wp-block-group alignfull has-lightgrey-background-color has-background has-global-padding is-layout-constrained wp-container-core-group-is-layout-c5bbea69 wp-block-group-is-layout-constrained\">\n<div class=\"wp-block-group alignwide has-white-background-color has-background has-global-padding is-layout-constrained wp-container-core-group-is-layout-ae744a23 wp-block-group-is-layout-constrained\" style=\"border-radius:1.5rem;padding-top:var(--wp--preset--spacing--70);padding-right:var(--wp--preset--spacing--70);padding-bottom:var(--wp--preset--spacing--70);padding-left:var(--wp--preset--spacing--70)\">\n<div class=\"wp-block-columns alignwide is-layout-flex wp-container-core-columns-is-layout-28f84493 wp-block-columns-is-layout-flex\">\n<div class=\"wp-block-column is-layout-flow wp-block-column-is-layout-flow\" style=\"flex-basis:33.3%\">\n<figure class=\"wp-block-image size-large\"><img loading=\"lazy\" decoding=\"async\" width=\"1800\" height=\"1013\" src=\"https:\/\/www.taktiq.de\/wp-content\/uploads\/TAKTIQ_DELMIA-80-1-1800x1013.jpg\" alt=\"\" class=\"wp-image-4750\" srcset=\"https:\/\/www.taktiq.de\/wp-content\/uploads\/TAKTIQ_DELMIA-80-1-1800x1013.jpg 1800w, https:\/\/www.taktiq.de\/wp-content\/uploads\/TAKTIQ_DELMIA-80-1-900x506.jpg 900w, https:\/\/www.taktiq.de\/wp-content\/uploads\/TAKTIQ_DELMIA-80-1-768x432.jpg 768w, https:\/\/www.taktiq.de\/wp-content\/uploads\/TAKTIQ_DELMIA-80-1-1536x864.jpg 1536w, https:\/\/www.taktiq.de\/wp-content\/uploads\/TAKTIQ_DELMIA-80-1-1320x743.jpg 1320w, https:\/\/www.taktiq.de\/wp-content\/uploads\/TAKTIQ_DELMIA-80-1.jpg 1921w\" sizes=\"auto, (max-width: 1800px) 100vw, 1800px\" \/><\/figure>\n<\/div>\n\n\n\n<div class=\"wp-block-column is-layout-flow wp-block-column-is-layout-flow\" style=\"flex-basis:66.66%\">\n<div class=\"wp-block-group has-global-padding is-layout-constrained wp-container-core-group-is-layout-c3d0faaf wp-block-group-is-layout-constrained\" style=\"padding-top:0;padding-right:0;padding-bottom:0;padding-left:0\">\n<h2 class=\"wp-block-heading has-orange-color has-text-color has-link-color has-h-5-font-size wp-elements-a743e15dabc34525d5904f9c02c35ef9\" style=\"font-style:normal;font-weight:300\">Optimaliz\u00e1l\u00e1s \/ kiegyens\u00falyoz\u00e1s<\/h2>\n\n\n\n<p class=\"has-h-2-font-size\">TAKTIQ &amp; DELMIA: Z\u00f6kken\u0151mentes integr\u00e1ci\u00f3 a hat\u00e9kony tervez\u00e9shez  <\/p>\n<\/div>\n\n\n\n<p><strong>Partner\u00fcnkkel, a Dassault Syst\u00e8mes-szel<\/strong> k\u00f6z\u00f6sen megval\u00f3s\u00edtjuk az \u00d6n \u00f6sszeszerel\u0151sor\u00e1nak z\u00f6kken\u0151mentes tervez\u00e9si l\u00e1nc\u00e1t: a kezdeti folyamattervez\u00e9st\u0151l \u00e9s durva kiegyens\u00falyoz\u00e1st\u00f3l a <strong>DELMIA-ban<\/strong> a gy\u00e1rt\u00e1s optimaliz\u00e1l\u00e1s\u00e1ig a <strong>TAKTIQ-ban<\/strong>. A sz\u00fcks\u00e9ges interf\u00e9szek jelenleg fejleszt\u00e9s alatt \u00e1llnak, \u00e9s l\u00e9p\u00e9sr\u0151l l\u00e9p\u00e9sre bocs\u00e1tjuk az \u00d6n rendelkez\u00e9s\u00e9re, hogy a j\u00f6v\u0151ben gyors, k\u00e9tir\u00e1ny\u00fa adatcser\u00e9t tegy\u00fcnk lehet\u0151v\u00e9. A 2026.2-es kiad\u00e1ssal m\u00e1r <strong>lek\u00e9rdezheti a Delmia-b\u00f3l a vonalm\u00e9rlegel\u00e9st<\/strong>, \u00e9s azt a <strong>TAKTIQ-ban b\u00e1zistervi \u00e1llapotokk\u00e9nt<\/strong> haszn\u00e1lhatja.  <\/p>\n\n\n\n<p><strong><strong>Mit jelent ez konkr\u00e9tan?<\/strong><\/strong><br\/>Az alapot a DELMIA-ban hozza l\u00e9tre: l\u00e9trehozza a munkak\u00f6zpontokat \u00e9s elv\u00e9gzi a munkafolyamatok kezdeti hozz\u00e1rendel\u00e9s\u00e9t. Innen a folyamat a TAKTIQ-ban folytat\u00f3dik &#8211; ahol a finomabb kiegyens\u00falyoz\u00e1s a m\u00e1r ismert elemz\u00e9si funkci\u00f3kkal, pontos szimul\u00e1ci\u00f3kkal \u00e9s interakt\u00edv optimaliz\u00e1l\u00e1ssal t\u00f6rt\u00e9nik. Kor\u00e1n felismeri a sz\u0171k keresztmetszeteket, \u00e9s megalapozott d\u00f6nt\u00e9seket hozhat.  <\/p>\n\n\n\n<p>A TAKTIQ-ban finom\u00edtott tervez\u00e9si adatok a j\u00f6v\u0151ben b\u00e1rmikor szinkroniz\u00e1lhat\u00f3k a DELMIA-val. Mindk\u00e9t rendszer er\u0151ss\u00e9geit kihaszn\u00e1lva folyamatos munkafolyamatot hozhat l\u00e9tre a kor\u00e1bban k\u00fcl\u00f6n-k\u00fcl\u00f6n elv\u00e9gzett tervez\u00e9si l\u00e9p\u00e9sekb\u0151l. <\/p>\n\n\n\n<p><strong>\u00c9rdekli? Tapasztalatod \u00e9rt\u00e9kes! <\/strong><br\/>Az \u00d6n visszajelz\u00e9sei \u00e9s a k\u00e9t rendszer egy\u00fcttes haszn\u00e1lat\u00e1ra vonatkoz\u00f3 ig\u00e9nyei seg\u00edtenek nek\u00fcnk egy szem\u00e9lyre szabott \u00e9s praktikus megold\u00e1s megtervez\u00e9s\u00e9ben.<\/p>\n\n\n\n<p>Vegye fel vel\u00fcnk a kapcsolatot &#8211; \u00f6r\u00f6mmel v\u00e1rjuk az eszmecser\u00e9t \u00e9s a szem\u00e9lyre szabott megold\u00e1sok kidolgoz\u00e1s\u00e1t az \u00d6n sz\u00e1m\u00e1ra!<\/p>\n<\/div>\n<\/div>\n<\/div>\n\n\n\n<div class=\"wp-block-group alignwide has-white-background-color has-background has-global-padding is-layout-constrained wp-container-core-group-is-layout-ae744a23 wp-block-group-is-layout-constrained\" style=\"border-radius:1.5rem;padding-top:var(--wp--preset--spacing--70);padding-right:var(--wp--preset--spacing--70);padding-bottom:var(--wp--preset--spacing--70);padding-left:var(--wp--preset--spacing--70)\">\n<div class=\"wp-block-columns alignwide is-layout-flex wp-container-core-columns-is-layout-28f84493 wp-block-columns-is-layout-flex\">\n<div class=\"wp-block-column is-layout-flow wp-block-column-is-layout-flow\" style=\"flex-basis:33.3%\">\n<figure class=\"wp-block-image size-full is-style-rounded is-style-rounded--1\"><img loading=\"lazy\" decoding=\"async\" width=\"1921\" height=\"1081\" src=\"https:\/\/www.taktiq.de\/wp-content\/uploads\/TAKTIQ_MTM-80-1.jpg\" alt=\"\" class=\"wp-image-4756\" srcset=\"https:\/\/www.taktiq.de\/wp-content\/uploads\/TAKTIQ_MTM-80-1.jpg 1921w, https:\/\/www.taktiq.de\/wp-content\/uploads\/TAKTIQ_MTM-80-1-900x506.jpg 900w, https:\/\/www.taktiq.de\/wp-content\/uploads\/TAKTIQ_MTM-80-1-1800x1013.jpg 1800w, https:\/\/www.taktiq.de\/wp-content\/uploads\/TAKTIQ_MTM-80-1-768x432.jpg 768w, https:\/\/www.taktiq.de\/wp-content\/uploads\/TAKTIQ_MTM-80-1-1536x864.jpg 1536w, https:\/\/www.taktiq.de\/wp-content\/uploads\/TAKTIQ_MTM-80-1-1320x743.jpg 1320w\" sizes=\"auto, (max-width: 1921px) 100vw, 1921px\" \/><\/figure>\n<\/div>\n\n\n\n<div class=\"wp-block-column is-layout-flow wp-block-column-is-layout-flow\" style=\"flex-basis:66.66%\">\n<div class=\"wp-block-group has-global-padding is-layout-constrained wp-container-core-group-is-layout-c3d0faaf wp-block-group-is-layout-constrained\" style=\"padding-top:0;padding-right:0;padding-bottom:0;padding-left:0\">\n<h2 class=\"wp-block-heading has-orange-color has-text-color has-link-color has-h-5-font-size wp-elements-a743e15dabc34525d5904f9c02c35ef9\" style=\"font-style:normal;font-weight:300\">Optimaliz\u00e1l\u00e1s \/ kiegyens\u00falyoz\u00e1s<\/h2>\n\n\n\n<p class=\"has-h-2-font-size\">T\u00f6k\u00e9letesen szinkroniz\u00e1lva: a TiCon &amp; TAKTIQ szisztematikusan jav\u00edtja a gy\u00e1rt\u00f3sorokat<\/p>\n<\/div>\n\n\n\n<p>A 2025.10-es kiad\u00e1s \u00f3ta az <strong>MTM id\u0151blokkok<\/strong> bet\u00f6lthet\u0151k <strong>a TiConb\u00f3l<\/strong> (Windows\/Web) \u00e9s haszn\u00e1lhat\u00f3k a TAKTIQ-ban. Ezzel a kiad\u00e1ssal kib\u0151v\u00edtett\u00fck a <strong>standard importot<\/strong>: mostant\u00f3l egy gombnyom\u00e1ssal bet\u00f6lthet egy teljes<strong> \u00f3rablokkot a TiConb\u00f3l<\/strong>! \u00d6n d\u00f6ntheti el, hogy a munka\u00e1llom\u00e1sokat \u00e9s a kezdeti Avo-eloszt\u00e1st a TiConb\u00f3l viszi \u00e1t, vagy csak a munkafolyamatokat t\u00f6lti be az id\u0151elemz\u00e9seikkel egy\u00fctt, \u00e9s a TAKTIQ-ban maga v\u00e9gzi el a munka\u00e1llom\u00e1sokra val\u00f3 eloszt\u00e1st. A munkafolyamatok (pl. \u00faj id\u0151k bet\u00f6lt\u00e9se) vagy munka\u00e1llom\u00e1sok (pl. \u00faj taktid\u0151 bet\u00f6lt\u00e9se) ut\u00f3lagos <strong>friss\u00edt\u00e9se<\/strong> szint\u00e9n m\u00e1r t\u00e1mogatott. A ford\u00edtott ir\u00e1ny m\u00e1r tervben van, hogy a TAKTIQ-ban elv\u00e9gzett optimaliz\u00e1l\u00e1sokat a j\u00f6v\u0151ben is haszn\u00e1lhassa a TiConban.   <\/p>\n\n\n\n<p>Tudja meg egy egy\u00f3r\u00e1s <strong>webin\u00e1riumon<\/strong>, hogy a TiCon \u00e9s a TAKTIQ egy\u00fctt hogyan teszi lehet\u0151v\u00e9 a <strong>pontos id\u0151felv\u00e9telt<\/strong> \u00e9s a szerel\u0151sor <strong>holisztikus optimaliz\u00e1l\u00e1s\u00e1t<\/strong>. Az adatgy\u0171jt\u00e9st\u0151l a KPI-alap\u00fa id\u0151m\u00e9r\u00e9sig &#8211; mindezt egyetlen integr\u00e1lt munkafolyamatban.   <br\/><strong><br\/>Mikor: 18\/03\/2026 11:00 &#8211; 12:00 CET<\/strong><\/p>\n\n\n\n<p><strong><a href=\"https:\/\/newsletter.mtm.org\/c\/148\/8883234\/10942\/0\/19346724\/1297\/846955\/db8830d11e.html\">Regisztr\u00e1ljon most ingyenesen!<\/a><\/strong><\/p>\n<\/div>\n<\/div>\n<\/div>\n\n\n\n<div class=\"wp-block-group alignwide has-white-background-color has-background has-global-padding is-layout-constrained wp-container-core-group-is-layout-ae744a23 wp-block-group-is-layout-constrained\" style=\"border-radius:1.5rem;padding-top:var(--wp--preset--spacing--70);padding-right:var(--wp--preset--spacing--70);padding-bottom:var(--wp--preset--spacing--70);padding-left:var(--wp--preset--spacing--70)\">\n<div class=\"wp-block-columns alignwide is-layout-flex wp-container-core-columns-is-layout-28f84493 wp-block-columns-is-layout-flex\">\n<div class=\"wp-block-column is-layout-flow wp-block-column-is-layout-flow\" style=\"flex-basis:33.3%\">\n<figure class=\"wp-block-image size-full is-style-rounded is-style-rounded--2\"><img loading=\"lazy\" decoding=\"async\" width=\"1921\" height=\"1081\" src=\"https:\/\/www.taktiq.de\/wp-content\/uploads\/TAKTIQ_Timemanagement-80-1.jpg\" alt=\"\" class=\"wp-image-4762\" srcset=\"https:\/\/www.taktiq.de\/wp-content\/uploads\/TAKTIQ_Timemanagement-80-1.jpg 1921w, https:\/\/www.taktiq.de\/wp-content\/uploads\/TAKTIQ_Timemanagement-80-1-900x506.jpg 900w, https:\/\/www.taktiq.de\/wp-content\/uploads\/TAKTIQ_Timemanagement-80-1-1800x1013.jpg 1800w, https:\/\/www.taktiq.de\/wp-content\/uploads\/TAKTIQ_Timemanagement-80-1-768x432.jpg 768w, https:\/\/www.taktiq.de\/wp-content\/uploads\/TAKTIQ_Timemanagement-80-1-1536x864.jpg 1536w, https:\/\/www.taktiq.de\/wp-content\/uploads\/TAKTIQ_Timemanagement-80-1-1320x743.jpg 1320w\" sizes=\"auto, (max-width: 1921px) 100vw, 1921px\" \/><\/figure>\n<\/div>\n\n\n\n<div class=\"wp-block-column is-layout-flow wp-block-column-is-layout-flow\" style=\"flex-basis:66.66%\">\n<div class=\"wp-block-group has-global-padding is-layout-constrained wp-container-core-group-is-layout-c3d0faaf wp-block-group-is-layout-constrained\" style=\"padding-top:0;padding-right:0;padding-bottom:0;padding-left:0\">\n<h2 class=\"wp-block-heading has-orange-color has-text-color has-link-color has-h-5-font-size wp-elements-a743e15dabc34525d5904f9c02c35ef9\" style=\"font-style:normal;font-weight:300\">Dokument\u00e1l\u00e1s \/ id\u0151elemz\u00e9sek<\/h2>\n\n\n\n<p class=\"has-h-2-font-size\">Hat\u00e9konyabban szerkesztheti az id\u0151elemz\u00e9seket: M\u00e1sol\u00e1s, beilleszt\u00e9s \u00e9s id\u0151blokkok kezel\u00e9se<\/p>\n<\/div>\n\n\n\n<p>Az id\u0151elemz\u00e9si sorokat mostant\u00f3l k\u00f6nnyed\u00e9n <strong>m\u00e1solhatja \u00e9s beillesztheti<\/strong> a TAKTIQ-ban &#8211; ide\u00e1lis, ha megl\u00e9v\u0151 elemz\u00e9seket szeretne \u00fajra felhaszn\u00e1lni.<\/p>\n\n\n\n<p>A <strong>Dokumentum \/ Id\u0151elemz\u00e9sek<\/strong> alatt \u00e9s az <strong>Id\u0151elemz\u00e9sek<\/strong> lapon az \u00e9rtes\u00edt\u00e9sek szerkeszt\u00e9sekor az els\u0151 oszlopban egy \u00faj <strong>m\u00e1sol\u00e1s ikont<\/strong> tal\u00e1l. Alternat\u00edvak\u00e9nt haszn\u00e1lhatja a <strong>Ctrl + C billenty\u0171kombin\u00e1ci\u00f3t<\/strong> is. A beilleszt\u00e9s ugyanilyen k\u00e9nyelmes: a m\u00e1solt tartalom pontosan oda ker\u00fcl beilleszt\u00e9sre, ahov\u00e1 szeretn\u00e9, az els\u0151 oszlopban tal\u00e1lhat\u00f3 <strong>beilleszt\u00e9s ikon<\/strong> vagy a <strong>Ctrl + V<\/strong>. A multiv\u00e1laszt\u00e1s is teljes m\u00e9rt\u00e9kben t\u00e1mogatott. A <strong>multiselect<\/strong> is teljes m\u00e9rt\u00e9kben t\u00e1mogatott: Egyszer\u0171en jel\u00f6lje ki t\u00f6bb sor\u00e1t a <em>Ctrl + kattint\u00e1ssal<\/em> vagy a <em>Shift + kattint\u00e1ssal<\/em>, majd m\u00e1solja ki \u0151ket az ikon vagy a billenty\u0171parancs seg\u00edts\u00e9g\u00e9vel.   <br\/><strong><br\/><\/strong>Haszn\u00e1lnak szem\u00e9lyre szabott <strong>id\u0151modulokat<\/strong>? Mostant\u00f3l k\u00f6zpontilag <strong>import\u00e1lhat \u00e9s export\u00e1lhat<\/strong> id\u0151modulokat a teljes <strong>tervez\u00e9si ter\u00fcletre<\/strong>. Ez lehet\u0151v\u00e9 teszi, hogy a j\u00f6v\u0151ben m\u00e9g gyorsabban \u00e1tvihesse az id\u0151modulokat &#8211; pl. egy TKQ f\u00e1jlb\u00f3l &#8211; egy \u00faj tervez\u00e9si ter\u00fcletre an\u00e9lk\u00fcl, hogy manu\u00e1lisan kellene karbantartania azokat. Az id\u0151elemz\u00e9sek ezut\u00e1n a szok\u00e1sos m\u00f3don szerkeszthet\u0151k \u00e9s haszn\u00e1lhat\u00f3k a kiegyenl\u00edt\u00e9sben.   <\/p>\n<\/div>\n<\/div>\n<\/div>\n\n\n\n<div class=\"wp-block-group alignwide has-white-background-color has-background has-global-padding is-layout-constrained wp-container-core-group-is-layout-ae744a23 wp-block-group-is-layout-constrained\" style=\"border-radius:1.5rem;padding-top:var(--wp--preset--spacing--70);padding-right:var(--wp--preset--spacing--70);padding-bottom:var(--wp--preset--spacing--70);padding-left:var(--wp--preset--spacing--70)\">\n<div class=\"wp-block-columns alignwide is-layout-flex wp-container-core-columns-is-layout-28f84493 wp-block-columns-is-layout-flex\">\n<div class=\"wp-block-column is-layout-flow wp-block-column-is-layout-flow\" style=\"flex-basis:33.3%\">\n<figure class=\"wp-block-image size-large is-style-rounded is-style-rounded--3\"><img loading=\"lazy\" decoding=\"async\" width=\"1800\" height=\"1013\" src=\"https:\/\/www.taktiq.de\/wp-content\/uploads\/Weitere-Verbesserungen-1800x1013.gif\" alt=\"\" class=\"wp-image-3586\" srcset=\"https:\/\/www.taktiq.de\/wp-content\/uploads\/Weitere-Verbesserungen-1800x1013.gif 1800w, https:\/\/www.taktiq.de\/wp-content\/uploads\/Weitere-Verbesserungen-900x506.gif 900w, https:\/\/www.taktiq.de\/wp-content\/uploads\/Weitere-Verbesserungen-768x432.gif 768w, https:\/\/www.taktiq.de\/wp-content\/uploads\/Weitere-Verbesserungen-1536x864.gif 1536w, https:\/\/www.taktiq.de\/wp-content\/uploads\/Weitere-Verbesserungen-1320x743.gif 1320w\" sizes=\"auto, (max-width: 1800px) 100vw, 1800px\" \/><\/figure>\n<\/div>\n\n\n\n<div class=\"wp-block-column is-layout-flow wp-block-column-is-layout-flow\" style=\"flex-basis:66.66%\">\n<div class=\"wp-block-group has-global-padding is-layout-constrained wp-container-core-group-is-layout-c3d0faaf wp-block-group-is-layout-constrained\" style=\"padding-top:0;padding-right:0;padding-bottom:0;padding-left:0\">\n<h2 class=\"wp-block-heading has-orange-color has-text-color has-link-color has-h-5-font-size wp-elements-a743e15dabc34525d5904f9c02c35ef9\" style=\"font-style:normal;font-weight:300\"><\/h2>\n\n\n\n<p class=\"has-h-2-font-size\">Tov\u00e1bbi fejleszt\u00e9sek<\/p>\n<\/div>\n\n\n\n<ul class=\"wp-block-list\">\n<li><strong>A ciklusid\u0151t\u00e9nyez\u0151k ment\u00e9se TKQ-f\u00e1jlokban, tervez\u00e9si \u00e1llapotokban \u00e9s projektekben:<\/strong> A &#8222;rendel\u00e9senk\u00e9nti v\u00e1ltoz\u00f3 ciklusid\u0151&#8221; j\u00f6v\u0151beli t\u00e9m\u00e1ja m\u00e1r egy ideje t\u00e1mogatott a szoftver egyes r\u00e9szeiben. Mostant\u00f3l lehet\u0151s\u00e9g van az egyedileg dokument\u00e1lt ciklusid\u0151k elment\u00e9s\u00e9re is. \u00cdgy lehet\u0151v\u00e9 v\u00e1lik ennek az innovat\u00edv tervez\u00e9si m\u00f3dszernek a produkt\u00edv felhaszn\u00e1l\u00e1sa. Vegye fel vel\u00fcnk a kapcsolatot, ha \u00e9rdekli ennek a b\u0151v\u00edtm\u00e9nynek az aktiv\u00e1l\u00e1sa!   <br\/>(Dokument\u00e1l\u00e1s \/ megrendel\u00e9sek)<\/li>\n\n\n\n<li><strong>Egyszer\u0171 modellkiv\u00e1laszt\u00e1s az Avoshoz:<\/strong> Az Avos modelljeinek szerkeszt\u00e9sekor a kiv\u00e1laszt\u00e1si mez\u0151ben mostant\u00f3l el\u00e9rhet\u0151 egy <strong>integr\u00e1lt keres\u0151mez\u0151<\/strong>. Ez lehet\u0151v\u00e9 teszi a megfelel\u0151 modell gyors \u00e9s pontos megtal\u00e1l\u00e1s\u00e1t, m\u00e9g akkor is, ha nagy mennyis\u00e9g\u0171 modell \u00e1ll rendelkez\u00e9sre. <br\/>(Dokument\u00e1l\u00e1s \/ munkafolyamatok)<\/li>\n\n\n\n<li><strong>Avo list\u00e1k egyszer\u0171 sz\u0171r\u00e9se modell szerint<\/strong>: Mostant\u00f3l sokkal egyszer\u0171bben sz\u0171rheti az Avo-list\u00e1k <strong>Modellek<\/strong> \u00e9s<strong> Modellek (megnevez\u00e9s)<\/strong> oszlopait konkr\u00e9t modellekre. K\u00e9nyelmesen kiv\u00e1laszthatja, hogy csak egy adott modellhez tartoz\u00f3 Avokat vagy csak egy kiv\u00e1lasztott sz\u00e1m\u00fa modell Av\u00f3it szeretn\u00e9 megjelen\u00edteni. <br\/>(Dokument\u00e1l\u00e1s \/ munkafolyamatok)<\/li>\n\n\n\n<li><strong>Avo korl\u00e1toz\u00e1sok \u00e9s Avo t\u00f6rzsadatok szelekt\u00edv import\u00e1l\u00e1sa: <\/strong>Mostant\u00f3l pontosan meghat\u00e1rozhatja, hogy az \u00e9rtes\u00edt\u00e9sek \u00e9s a munka\u00fcgyi k\u00f6zpontok Excelb\u0151l t\u00f6rt\u00e9n\u0151 import\u00e1l\u00e1sakor pontosan mely \u00e9rtes\u00edt\u00e9si inform\u00e1ci\u00f3k ker\u00fclnek \u00e1tvitelre. Ahelyett, hogy mindig a teljes el\u0151fizet\u00e9st \u00edrn\u00e1 fel\u00fcl, mint kor\u00e1bban, mostant\u00f3l kiv\u00e1laszthatja, hogy csak <strong>t\u00f6rzsadatokat <\/strong>(le\u00edr\u00e1s, jellemz\u0151 szab\u00e1ly, TE &#8230;), <strong>korl\u00e1toz\u00e1sokat<\/strong>, <strong>k\u00f6vetelm\u00e9nyeket <\/strong>vagy <strong>egy\u00e9b attrib\u00fatumokat<\/strong>, p\u00e9ld\u00e1ul megjegyz\u00e9seket vagy jel\u00f6l\u00e9seket szeretne import\u00e1lni. Ez\u00e1ltal teljes ellen\u0151rz\u00e9st biztos\u00edt az Avo-adatok felett, \u00e9s pontosan meghat\u00e1rozhatja, hogy mely inform\u00e1ci\u00f3k friss\u00fclnek. Ez lehet\u0151v\u00e9 teszi p\u00e9ld\u00e1ul, hogy kifejezetten a megl\u00e9v\u0151 munkafolyamatokat korl\u00e1toz\u00e1sokkal eg\u00e9sz\u00edtse ki.   <br\/>(Dokument\u00e1l\u00e1s \/ munkafolyamatok)<\/li>\n<\/ul>\n<\/div>\n<\/div>\n<\/div>\n<\/div>\n\n<div class=\"wp-block-group alignfull has-lightgrey-background-color has-background has-global-padding is-layout-constrained wp-block-group-is-layout-constrained\">\n<h2 class=\"wp-block-heading has-text-align-center\">Az \u00f6sszes <mark style=\"background-color:rgba(0, 0, 0, 0)\" class=\"has-inline-color has-orange-color\">TAKTIQ modul<\/mark> \u00e1ttekint\u00e9se<\/h2>\n\n\n\n<p class=\"has-text-align-center\">B\u0151v\u00edtse rugalmasan a TAKTIQ-ot moduljainkkal. Testre szabhatja a megold\u00e1st az \u00d6n termel\u00e9s\u00e9hez, \u00e9s maximaliz\u00e1lhatja az el\u0151ny\u00f6ket az \u00d6n egyedi ig\u00e9nyeihez. <\/p>\n\n\n\n<div  class=\"wp-block-teasergroup alignwide \">\t\n\t<div class=\"row g-3 row-cols-1 row-cols-sm-2 row-cols-lg-3 justify-content-center\">\n\t\n\t\t\n\t\t\t\t\t\t<div class=\"col\">\n\t\t\t\t\n\n\t\t\t\t\n\t\t\t\t\t<div class=\"card card-teaser rounded h-100\">\n\t\t\t\t\t\t<div class=\"card-body p-3 p-lg-4\">\n\t\t\t\t\t\t\t<div class=\"card-icon-wrapper\"><img loading=\"lazy\" decoding=\"async\" src=\"https:\/\/www.taktiq.de\/wp-content\/uploads\/2025\/06\/icon-module-sequence-requirements.svg\" alt=\"Sorrendi k\u00f6vetelm\u00e9nyek\" class=\"card-icon\" width=\"30\" height=\"30\"><\/div>\n\t\t\t\t\t\t\t<a href=\"https:\/\/www.taktiq.de\/hu\/sorrendi-koevetelmenyek\/\" class=\"card-title d-block stretched-link text-decoration-none my-2 fw-semibold fs-5\">Sorrendi k\u00f6vetelm\u00e9nyek<\/a>\n\t\t\t\t\t\t\t<p class=\"card-text hyphens m-0 p-0\">\n\t\t\t\t\t\t\t\tL\u00e9trehozhat szekvencia szab\u00e1lyokat analitikusan, ellen\u0151rizheti hat\u00e9konys\u00e1gukat \u00e9s optimaliz\u00e1lhatja \u0151ket.\t\t\t\t\t\t\t\t<a href=\"https:\/\/www.taktiq.de\/hu\/sorrendi-koevetelmenyek\/\" class=\"text-link\">Tudjon meg t\u00f6bbet<\/a>\n\t\t\t\t\t\t\t<\/p>\n\n\t\t\t\t\t\t<\/div>\n\t\t\t\t\t<\/div>\n\t\t\t\t\n\t\t\t<\/div>\n\t\t\t\n\t\t\t\n\t\t\t\t\t\t<div class=\"col\">\n\t\t\t\t\n\n\t\t\t\t\n\t\t\t\t\t<div class=\"card card-teaser rounded h-100\">\n\t\t\t\t\t\t<div class=\"card-body p-3 p-lg-4\">\n\t\t\t\t\t\t\t<div class=\"card-icon-wrapper\"><img loading=\"lazy\" decoding=\"async\" src=\"https:\/\/www.taktiq.de\/wp-content\/uploads\/2025\/06\/icon-module-time-management.svg\" alt=\"Id\u0151gazd\u00e1lkod\u00e1s\" class=\"card-icon\" width=\"30\" height=\"30\"><\/div>\n\t\t\t\t\t\t\t<a href=\"https:\/\/www.taktiq.de\/hu\/idogazdalkodas\/\" class=\"card-title d-block stretched-link text-decoration-none my-2 fw-semibold fs-5\">Id\u0151gazd\u00e1lkod\u00e1s<\/a>\n\t\t\t\t\t\t\t<p class=\"card-text hyphens m-0 p-0\">\n\t\t\t\t\t\t\t\tHat\u00e1rozza meg k\u00f6nnyed\u00e9n a munkafolyamatok id\u0151ig\u00e9ny\u00e9t az id\u0151modulok seg\u00edts\u00e9g\u00e9vel, \u00e9s ismerje fel a hozz\u00e1adott \u00e9rt\u00e9ket.\t\t\t\t\t\t\t\t<a href=\"https:\/\/www.taktiq.de\/hu\/idogazdalkodas\/\" class=\"text-link\">Tudjon meg t\u00f6bbet<\/a>\n\t\t\t\t\t\t\t<\/p>\n\n\t\t\t\t\t\t<\/div>\n\t\t\t\t\t<\/div>\n\t\t\t\t\n\t\t\t<\/div>\n\t\t\t\n\t\t\t\n\t\t\t\t\t\t<div class=\"col\">\n\t\t\t\t\n\n\t\t\t\t\n\t\t\t\t\t<div class=\"card card-teaser rounded h-100\">\n\t\t\t\t\t\t<div class=\"card-body p-3 p-lg-4\">\n\t\t\t\t\t\t\t<div class=\"card-icon-wrapper\"><img loading=\"lazy\" decoding=\"async\" src=\"https:\/\/www.taktiq.de\/wp-content\/uploads\/2025\/06\/icon-module-order-program-scenarios.svg\" alt=\"Rendel\u00e9si program forgat\u00f3k\u00f6nyvek\" class=\"card-icon\" width=\"30\" height=\"30\"><\/div>\n\t\t\t\t\t\t\t<a href=\"https:\/\/www.taktiq.de\/hu\/rendelesi-program-forgatokoenyvek\/\" class=\"card-title d-block stretched-link text-decoration-none my-2 fw-semibold fs-5\">Rendel\u00e9si program forgat\u00f3k\u00f6nyvek<\/a>\n\t\t\t\t\t\t\t<p class=\"card-text hyphens m-0 p-0\">\n\t\t\t\t\t\t\t\tR\u00e9szletesen elemzi a rendel\u00e9si programokat, \u00e9s az \u00e9rt\u00e9kes\u00edt\u00e9si el\u0151rejelz\u00e9sek alapj\u00e1n l\u00e9trehozza \u00e9s szimul\u00e1lja azokat.\t\t\t\t\t\t\t\t<a href=\"https:\/\/www.taktiq.de\/hu\/rendelesi-program-forgatokoenyvek\/\" class=\"text-link\">Tudjon meg t\u00f6bbet<\/a>\n\t\t\t\t\t\t\t<\/p>\n\n\t\t\t\t\t\t<\/div>\n\t\t\t\t\t<\/div>\n\t\t\t\t\n\t\t\t<\/div>\n\t\t\t\n\t\t\t\n\t\t\t\t\t\t<div class=\"col\">\n\t\t\t\t\n\n\t\t\t\t\n\t\t\t\t\t<div class=\"card card-teaser rounded h-100\">\n\t\t\t\t\t\t<div class=\"card-body p-3 p-lg-4\">\n\t\t\t\t\t\t\t<div class=\"card-icon-wrapper\"><img loading=\"lazy\" decoding=\"async\" src=\"https:\/\/www.taktiq.de\/wp-content\/uploads\/2025\/06\/icon-module-ergonomics.svg\" alt=\"Ergon\u00f3mia\" class=\"card-icon\" width=\"30\" height=\"30\"><\/div>\n\t\t\t\t\t\t\t<a href=\"https:\/\/www.taktiq.de\/hu\/ergonomia\/\" class=\"card-title d-block stretched-link text-decoration-none my-2 fw-semibold fs-5\">Ergon\u00f3mia<\/a>\n\t\t\t\t\t\t\t<p class=\"card-text hyphens m-0 p-0\">\n\t\t\t\t\t\t\t\tMeghat\u00e1rozza \u00e9s optimaliz\u00e1lja az egy dolgoz\u00f3ra jut\u00f3 ergon\u00f3miai terhel\u00e9st, \u00e9s a cser\u00e9k sor\u00e1n \u00e9l\u0151 ergon\u00f3miai \u00e9rt\u00e9kel\u00e9seket v\u00e9gez.\t\t\t\t\t\t\t\t<a href=\"https:\/\/www.taktiq.de\/hu\/ergonomia\/\" class=\"text-link\">Tudjon meg t\u00f6bbet<\/a>\n\t\t\t\t\t\t\t<\/p>\n\n\t\t\t\t\t\t<\/div>\n\t\t\t\t\t<\/div>\n\t\t\t\t\n\t\t\t<\/div>\n\t\t\t\n\t\t\t\n\t\t\t\t\t\t<div class=\"col\">\n\t\t\t\t\n\n\t\t\t\t\n\t\t\t\t\t<div class=\"card card-teaser rounded h-100\">\n\t\t\t\t\t\t<div class=\"card-body p-3 p-lg-4\">\n\t\t\t\t\t\t\t<div class=\"card-icon-wrapper\"><img loading=\"lazy\" decoding=\"async\" src=\"https:\/\/www.taktiq.de\/wp-content\/uploads\/2025\/06\/icon-module-order-preview.svg\" alt=\"Rendel\u00e9si el\u0151n\u00e9zet\" class=\"card-icon\" width=\"30\" height=\"30\"><\/div>\n\t\t\t\t\t\t\t<a href=\"https:\/\/www.taktiq.de\/hu\/rendelesi-elonezet\/\" class=\"card-title d-block stretched-link text-decoration-none my-2 fw-semibold fs-5\">Rendel\u00e9si el\u0151n\u00e9zet<\/a>\n\t\t\t\t\t\t\t<p class=\"card-text hyphens m-0 p-0\">\n\t\t\t\t\t\t\t\tA sz\u0171k keresztmetszetek korai felismer\u00e9s\u00e9vel \u00e9s a r\u00f6vid t\u00e1v\u00fa kapacit\u00e1si int\u00e9zked\u00e9sek jobb kezel\u00e9s\u00e9vel a mennyis\u00e9gek biztos\u00edt\u00e1sa \u00e9s a z\u00f6kken\u0151mentes termel\u00e9s.\t\t\t\t\t\t\t\t<a href=\"https:\/\/www.taktiq.de\/hu\/rendelesi-elonezet\/\" class=\"text-link\">Tudjon meg t\u00f6bbet<\/a>\n\t\t\t\t\t\t\t<\/p>\n\n\t\t\t\t\t\t<\/div>\n\t\t\t\t\t<\/div>\n\t\t\t\t\n\t\t\t<\/div>\n\t\t\t\n\t\t\t\n\t\t\t\t\t\t<div class=\"col\">\n\t\t\t\t\n\n\t\t\t\t\n\t\t\t\t\t<div class=\"card card-teaser rounded h-100\">\n\t\t\t\t\t\t<div class=\"card-body p-3 p-lg-4\">\n\t\t\t\t\t\t\t<div class=\"card-icon-wrapper\"><img loading=\"lazy\" decoding=\"async\" src=\"https:\/\/www.taktiq.de\/wp-content\/uploads\/2025\/06\/icon-module-assembly-instructions.svg\" alt=\"\u00d6sszeszerel\u00e9si \u00fatmutat\u00f3\" class=\"card-icon\" width=\"30\" height=\"30\"><\/div>\n\t\t\t\t\t\t\t<a href=\"https:\/\/www.taktiq.de\/hu\/oesszeszerelesi-utmutato\/\" class=\"card-title d-block stretched-link text-decoration-none my-2 fw-semibold fs-5\">\u00d6sszeszerel\u00e9si \u00fatmutat\u00f3<\/a>\n\t\t\t\t\t\t\t<p class=\"card-text hyphens m-0 p-0\">\n\t\t\t\t\t\t\t\tA tervez\u00e9si eredm\u00e9nyeket Excel vagy PDF form\u00e1tumban tov\u00e1bb\u00edthatja a gy\u00e1rt\u00e1sba, \u00e9s a TAKTIQ-ban digit\u00e1lis \u00f6sszeszerel\u00e9si utas\u00edt\u00e1sokkal k\u00e9pezheti ki a dolgoz\u00f3kat.\t\t\t\t\t\t\t\t<a href=\"https:\/\/www.taktiq.de\/hu\/oesszeszerelesi-utmutato\/\" class=\"text-link\">Tudjon meg t\u00f6bbet<\/a>\n\t\t\t\t\t\t\t<\/p>\n\n\t\t\t\t\t\t<\/div>\n\t\t\t\t\t<\/div>\n\t\t\t\t\n\t\t\t<\/div>\n\t\t\t\n\t\t\t\n\t\t\t\t\t\t<div class=\"col\">\n\t\t\t\t\n\n\t\t\t\t\n\t\t\t\t\t<div class=\"card card-teaser rounded h-100\">\n\t\t\t\t\t\t<div class=\"card-body p-3 p-lg-4\">\n\t\t\t\t\t\t\t<div class=\"card-icon-wrapper\"><img loading=\"lazy\" decoding=\"async\" src=\"https:\/\/www.taktiq.de\/wp-content\/uploads\/2025\/06\/icon-module-module-process-requirements.svg\" alt=\"Folyamatk\u00f6vetelm\u00e9nyek\" class=\"card-icon\" width=\"30\" height=\"30\"><\/div>\n\t\t\t\t\t\t\t<a href=\"https:\/\/www.taktiq.de\/hu\/folyamatkoevetelmenyek\/\" class=\"card-title d-block stretched-link text-decoration-none my-2 fw-semibold fs-5\">Folyamatk\u00f6vetelm\u00e9nyek<\/a>\n\t\t\t\t\t\t\t<p class=\"card-text hyphens m-0 p-0\">\n\t\t\t\t\t\t\t\tR\u00f6gz\u00edtse a kiegyens\u00falyoz\u00e1ssal kapcsolatos k\u00f6vetelm\u00e9nyeket (el\u0151zm\u00e9nyek, magass\u00e1gok, munkapoz\u00edci\u00f3k, szersz\u00e1mok), \u00e9s \u00edgy biztos\u00edtsa a megval\u00f3s\u00edthat\u00f3 megold\u00e1sokat.\t\t\t\t\t\t\t\t<a href=\"https:\/\/www.taktiq.de\/hu\/folyamatkoevetelmenyek\/\" class=\"text-link\">Tudjon meg t\u00f6bbet<\/a>\n\t\t\t\t\t\t\t<\/p>\n\n\t\t\t\t\t\t<\/div>\n\t\t\t\t\t<\/div>\n\t\t\t\t\n\t\t\t<\/div>\n\t\t\t\n\t\t\t\t\t\t\n\t\t\t\t<div class=\"col\">\n\t\t\t\t\t<div class=\"card card-teaser rounded h-100\">\n\t\t\t\t\t\t<div class=\"card-body p-3 p-lg-4\">\n\n\t\t\t\t\t\t\t<div class=\"card-icon-wrapper\"><\/div>\n\t\t\t\t\t\t\t\t\t\t\t\t\t\t<a href=\"https:\/\/www.sequiq.de\" class=\"card-title d-block stretched-link text-decoration-none my-2 fw-semibold fs-5\" target=\"_blank\">\n\t\t\t\t\t\t\t\t\t\t\t\t\t\t\t\t\t<img decoding=\"async\" src=\"https:\/\/www.taktiq.de\/wp-content\/uploads\/2025\/07\/sequiq-logo.svg\" alt=\"SEQUIQ\" class=\"card-title-logo\">\n\t\t\t\t\t\t\t\t\t\t\t\t\t\t\t<\/a>\n\t\t\t\t\t\t\t\t\t\t\t\t\t\t<p class=\"card-text hyphens m-0 p-0\">De megold\u00e1st keres a sorrendis\u00e9gre? Akkor pr\u00f3b\u00e1lja ki a SEQUIQ-ot!  <a href=\"https:\/\/www.sequiq.de\" class=\"text-link\">Tudjon meg t\u00f6bbet<\/a><\/p>\n\n\t\t\t\t\t\t<\/div>\n\t\t\t\t\t<\/div>\n\t\t\t\t<\/div>\n\t\t\n\t\t\n\t<\/div>\n<\/div>\n\n<\/div>\n","protected":false},"excerpt":{"rendered":"<p>\u2190 K\u00f6zlem\u00e9nyek Tapasztalt partnerekkel szorosan egy\u00fcttm\u0171k\u00f6dve a j\u00f6v\u0151ben m\u00e9g ink\u00e1bb egyes\u00edtj\u00fck minden ter\u00fclet legjobbjait &#8211; az els\u0151 oszt\u00e1ly\u00fa 3D-s vonaltervez\u00e9st\u0151l az id\u0151gazd\u00e1lkod\u00e1s alapos ismeret\u00e9ig. A kombin\u00e1ci\u00f3 egy\u00e9rtelm\u0171 hozz\u00e1adott \u00e9rt\u00e9ket teremt az \u00d6n sz\u00e1m\u00e1ra: pontosabb tervez\u00e9s, hat\u00e9konyabb folyamatok \u00e9s m\u00e9rhet\u0151 halad\u00e1st eredm\u00e9nyez\u0151 megold\u00e1sok. Kiemelt pontok: A hossz\u00fa t\u00e1v\u00fa t\u00e1mogat\u00e1ssal (LTS) rendelkez\u0151 \u00fcgyfelek az \u00faj funkci\u00f3kat a [&hellip;]<\/p>\n","protected":false},"featured_media":4772,"template":"","class_list":["post-4729","release","type-release","status-publish","has-post-thumbnail","hentry"],"acf":[],"_links":{"self":[{"href":"https:\/\/www.taktiq.de\/hu\/wp-json\/wp\/v2\/release\/4729","targetHints":{"allow":["GET"]}}],"collection":[{"href":"https:\/\/www.taktiq.de\/hu\/wp-json\/wp\/v2\/release"}],"about":[{"href":"https:\/\/www.taktiq.de\/hu\/wp-json\/wp\/v2\/types\/release"}],"wp:featuredmedia":[{"embeddable":true,"href":"https:\/\/www.taktiq.de\/hu\/wp-json\/wp\/v2\/media\/4772"}],"wp:attachment":[{"href":"https:\/\/www.taktiq.de\/hu\/wp-json\/wp\/v2\/media?parent=4729"}],"curies":[{"name":"wp","href":"https:\/\/api.w.org\/{rel}","templated":true}]}}