{"id":5689,"date":"2026-04-08T16:51:29","date_gmt":"2026-04-08T14:51:29","guid":{"rendered":"https:\/\/www.taktiq.de\/?post_type=release&#038;p=5689"},"modified":"2026-04-15T16:55:04","modified_gmt":"2026-04-15T14:55:04","slug":"release-2026-4","status":"publish","type":"release","link":"https:\/\/www.taktiq.de\/hu\/releases\/release-2026-4\/","title":{"rendered":"2026.4 kiad\u00e1s"},"content":{"rendered":"\n<div class=\"wp-block-group alignfull has-global-padding is-layout-constrained wp-block-group-is-layout-constrained\">\n<div class=\"wp-block-columns alignwide are-vertically-aligned-top is-layout-flex wp-container-core-columns-is-layout-28f84493 wp-block-columns-is-layout-flex\">\n<div class=\"wp-block-column is-vertically-aligned-top is-layout-flow wp-block-column-is-layout-flow\">\n<div class=\"wp-block-group alignwide has-global-padding is-layout-constrained wp-container-core-group-is-layout-c3d0faaf wp-block-group-is-layout-constrained\" style=\"padding-top:0;padding-right:0;padding-bottom:0;padding-left:0\">\n<p class=\"alignwide has-text-align-wide has-orange-color has-text-color has-link-color has-h-5-font-size wp-elements-29b31cbbe05362ebf4a952076a800706\">\u2190 <a href=\"https:\/\/www.taktiq.de\/hu\/kiadvanyok\/\" data-type=\"page\" data-id=\"236\">K\u00f6zlem\u00e9nyek<\/a><\/p>\n\n\n<h1 class=\"alignwide wp-block-post-title\">2026.4 kiad\u00e1s<\/h1><\/div>\n\n\n\n<p class=\"has-intro-font-size\"><strong>A 2026.4-es kiad\u00e1s <\/strong>a napi dokument\u00e1ci\u00f3 \u00e9s az elemz\u00e9sek ter\u00e9n hoz <strong>fejleszt\u00e9seket <\/strong>. Az \u00faj funkci\u00f3k <strong>jobb \u00e1ttekint\u00e9st<\/strong>, kevesebb kontextusv\u00e1lt\u00e1st \u00e9s <strong>pontosabb dokument\u00e1ci\u00f3t<\/strong> biztos\u00edtanak &#8211; \u00edgy a tervez\u00e9s, \u00fctemez\u00e9s \u00e9s d\u00f6nt\u00e9shozatal m\u00e9g <strong>hat\u00e9konyabb\u00e1<\/strong> v\u00e1lik. Mostant\u00f3l k\u00f6zvetlen\u00fcl a <strong>szoftver ind\u00edt\u00e1sakor<\/strong> is \u00e1ttekint\u00e9st kaphat a kiad\u00e1s legfontosabb <strong>\u00faj funkci\u00f3ir\u00f3l <\/strong>.    <\/p>\n<\/div>\n\n\n\n<div class=\"wp-block-column is-vertically-aligned-top is-layout-flow wp-block-column-is-layout-flow\">\n<div class=\"wp-block-group has-lightgrey-background-color has-background has-global-padding is-layout-constrained wp-container-core-group-is-layout-7c7fb8f8 wp-block-group-is-layout-constrained\" style=\"padding-top:var(--wp--preset--spacing--50);padding-right:var(--wp--preset--spacing--50);padding-bottom:var(--wp--preset--spacing--50);padding-left:var(--wp--preset--spacing--50)\">\n<p><strong>Kiemelt pontok:<\/strong><\/p>\n\n\n\n<ul class=\"wp-block-list\">\n<li>Korl\u00e1toz\u00e1sok szerkeszt\u00e9se k\u00f6zvetlen\u00fcl az Avo list\u00e1kban<\/li>\n\n\n\n<li>Egy\u00e9rtelm\u0171 t\u00e1j\u00e9koz\u00f3d\u00e1s az \u00faj Avo Indexnek k\u00f6sz\u00f6nhet\u0151en<\/li>\n\n\n\n<li>MODAPTS elemz\u00e9sek az id\u0151gazd\u00e1lkod\u00e1si kieg\u00e9sz\u00edt\u00e9sben<\/li>\n<\/ul>\n\n\n\n<p>A hossz\u00fa t\u00e1v\u00fa t\u00e1mogat\u00e1ssal (LTS) rendelkez\u0151 \u00fcgyfelek az \u00faj funkci\u00f3kat a k\u00f6vetkez\u0151, 2026 szeptember\u00e9ben megjelen\u0151 LTS kiad\u00e1ssal kapj\u00e1k meg.<\/p>\n<\/div>\n<\/div>\n<\/div>\n<\/div>\n\n<div class=\"wp-block-group alignfull has-lightgrey-background-color has-background has-global-padding is-layout-constrained wp-container-core-group-is-layout-c5bbea69 wp-block-group-is-layout-constrained\">\n<div class=\"wp-block-group alignwide has-white-background-color has-background has-global-padding is-layout-constrained wp-container-core-group-is-layout-ae744a23 wp-block-group-is-layout-constrained\" style=\"border-radius:1.5rem;padding-top:var(--wp--preset--spacing--70);padding-right:var(--wp--preset--spacing--70);padding-bottom:var(--wp--preset--spacing--70);padding-left:var(--wp--preset--spacing--70)\">\n<div class=\"wp-block-columns alignwide is-layout-flex wp-container-core-columns-is-layout-28f84493 wp-block-columns-is-layout-flex\">\n<div class=\"wp-block-column is-layout-flow wp-block-column-is-layout-flow\" style=\"flex-basis:33.3%\">\n<figure class=\"wp-block-image size-full\"><img loading=\"lazy\" decoding=\"async\" width=\"1920\" height=\"1080\" src=\"https:\/\/www.taktiq.de\/wp-content\/uploads\/TAKTIQ_Edit-Constraints.jpg\" alt=\"\" class=\"wp-image-5785\" srcset=\"https:\/\/www.taktiq.de\/wp-content\/uploads\/TAKTIQ_Edit-Constraints.jpg 1920w, https:\/\/www.taktiq.de\/wp-content\/uploads\/TAKTIQ_Edit-Constraints-900x506.jpg 900w, https:\/\/www.taktiq.de\/wp-content\/uploads\/TAKTIQ_Edit-Constraints-1800x1013.jpg 1800w, https:\/\/www.taktiq.de\/wp-content\/uploads\/TAKTIQ_Edit-Constraints-768x432.jpg 768w, https:\/\/www.taktiq.de\/wp-content\/uploads\/TAKTIQ_Edit-Constraints-1536x864.jpg 1536w, https:\/\/www.taktiq.de\/wp-content\/uploads\/TAKTIQ_Edit-Constraints-1320x743.jpg 1320w\" sizes=\"auto, (max-width: 1920px) 100vw, 1920px\" \/><\/figure>\n<\/div>\n\n\n\n<div class=\"wp-block-column is-layout-flow wp-block-column-is-layout-flow\" style=\"flex-basis:66.66%\">\n<div class=\"wp-block-group has-global-padding is-layout-constrained wp-container-core-group-is-layout-c3d0faaf wp-block-group-is-layout-constrained\" style=\"padding-top:0;padding-right:0;padding-bottom:0;padding-left:0\">\n<h2 class=\"wp-block-heading has-orange-color has-text-color has-link-color has-h-5-font-size wp-elements-a743e15dabc34525d5904f9c02c35ef9\" style=\"font-style:normal;font-weight:300\">Dokument\u00e1ci\u00f3 \/ korl\u00e1toz\u00e1sok<\/h2>\n\n\n\n<p class=\"has-h-2-font-size\">A szerel\u00e9si korl\u00e1toz\u00e1sok k\u00f6zvetlen szerkeszt\u00e9se: Gyors korrekci\u00f3 a munkafolyamat elhagy\u00e1sa n\u00e9lk\u00fcl  <\/p>\n<\/div>\n\n\n\n<p><strong>L\u00e1ssa a korl\u00e1toz\u00e1sokat ott, ahol dolgozik<\/strong><br\/>A 2026.4-es kiad\u00e1s pontosan oda helyezi a szerel\u00e9si korl\u00e1toz\u00e1sokat, ahol a mindennapi \u00e9letben sz\u00fcks\u00e9g van r\u00e1juk: k\u00f6zvetlen\u00fcl az Avo-list\u00e1kba. Ak\u00e1r a nyitott munkak\u00f6zpontban, ak\u00e1r a <em>munkafolyamatok<\/em> n\u00e9zetben, ak\u00e1r az Avo mem\u00f3ri\u00e1kban &#8211; <strong>a korl\u00e1toz\u00e1sok <\/strong>mostant\u00f3l <strong>k\u00f6zvetlen\u00fcl <\/strong>ott <strong>tekinthet\u0151k meg <\/strong>\u00e9s <strong>szerkeszthet\u0151k<\/strong>, ahol a kiegyens\u00falyoz\u00e1s \u00e9s az elemz\u00e9s t\u00f6rt\u00e9nik. <\/p>\n\n\n\n<p>Ehhez rendelkez\u00e9sre \u00e1ll az \u00faj, szabadon konfigur\u00e1lhat\u00f3 <strong>Korl\u00e1toz\u00e1sok s\u00e1v <\/strong>, amely <strong>az \u00f6sszes korl\u00e1toz\u00e1si t\u00edpus <\/strong>oszlop\u00e1t tartalmazza. Az \u00faj s\u00e1vot c\u00e9lzottan lehet megjelen\u00edteni &#8211; ak\u00e1r <strong>teljes eg\u00e9sz\u00e9ben <\/strong>, ak\u00e1r csak egyes <strong>relev\u00e1ns oszlopokkal<\/strong>. Ez azt jelenti, hogy a felhaszn\u00e1l\u00f3k mindig pontosan azt az inform\u00e1ci\u00f3t l\u00e1tj\u00e1k, amire az adott helyzetben sz\u00fcks\u00e9g\u00fck van, an\u00e9lk\u00fcl, hogy elvesz\u00edten\u00e9k az \u00e1ttekinthet\u0151s\u00e9get.  <\/p>\n\n\n\n<p><strong>Hogyan dolgozz\u00e1k fel?<\/strong><br\/>A szerkeszt\u00e9s k\u00f6zvetlen\u00fcl a list\u00e1ban t\u00f6rt\u00e9nik: a ceruza ikonra kattintva hat\u00e9konyan dokument\u00e1lhatja az elmozdul\u00e1sokat, k\u00f6vetelm\u00e9nyeket, csoportokat vagy Avo kapcsolatokat. Ezzel \u00e9rt\u00e9kes id\u0151t takar\u00edthat meg, k\u00fcl\u00f6n\u00f6sen kisebb korrekci\u00f3k elv\u00e9gz\u00e9sekor &#8211; p\u00e9ld\u00e1ul ha a kiegyenl\u00edt\u00e9s sor\u00e1n veszi \u00e9szre, hogy egy korl\u00e1toz\u00e1s hi\u00e1nyzik vagy kiigaz\u00edt\u00e1sra szorul. A m\u00f3dos\u00edt\u00e1sok elv\u00e9gz\u00e9sekor a rendszer megk\u00e9rdezi, hogy a kiigaz\u00edt\u00e1st milyen forgat\u00f3k\u00f6nyvekben kell elmenteni. Ez biztos\u00edtja, hogy az adatb\u00e1zis t\u00f6bb forgat\u00f3k\u00f6nyv eset\u00e9n is tiszta \u00e9s nyomon k\u00f6vethet\u0151 marad.   <\/p>\n\n\n\n<p><strong>A hozz\u00e1adott \u00e9rt\u00e9k a mindennapi \u00e9letben<\/strong><br\/>Egy m\u00e1sik el\u0151ny: a korl\u00e1toz\u00e1sok t\u00f6bb\u00e9 nem jelentenek k\u00fcl\u00f6n dokument\u00e1ci\u00f3s l\u00e9p\u00e9st. <strong>A dokument\u00e1ci\u00f3 <\/strong>egyre ink\u00e1bb \u00f6sszeolvad a <strong>vari\u00e1nskiegyenl\u00edt\u00e9ssel <\/strong>&#8211; egy megszokott fel\u00fcleten \u00e9s a modulok m\u00f3dos\u00edt\u00e1sa n\u00e9lk\u00fcl. Ez cs\u00f6kkenti a hib\u00e1k sz\u00e1m\u00e1t, felgyors\u00edtja a koordin\u00e1ci\u00f3t, \u00e9s biztos\u00edtja, hogy a korl\u00e1toz\u00e1sok a teljes tervez\u00e9si folyamat sor\u00e1n <strong>mindig szem el\u0151tt <\/strong>legyenek. Pr\u00f3b\u00e1lja ki &#8211; ez az \u00faj\u00edt\u00e1s k\u00fcl\u00f6n\u00f6sen a folyamatos kiegyens\u00falyoz\u00e1si folyamatban bontakoztatja ki teljes potenci\u00e1lj\u00e1t.   <\/p>\n<\/div>\n<\/div>\n<\/div>\n\n\n\n<div class=\"wp-block-group alignwide has-white-background-color has-background has-global-padding is-layout-constrained wp-container-core-group-is-layout-ae744a23 wp-block-group-is-layout-constrained\" style=\"border-radius:1.5rem;padding-top:var(--wp--preset--spacing--70);padding-right:var(--wp--preset--spacing--70);padding-bottom:var(--wp--preset--spacing--70);padding-left:var(--wp--preset--spacing--70)\">\n<div class=\"wp-block-columns alignwide is-layout-flex wp-container-core-columns-is-layout-28f84493 wp-block-columns-is-layout-flex\">\n<div class=\"wp-block-column is-layout-flow wp-block-column-is-layout-flow\" style=\"flex-basis:33.3%\">\n<figure class=\"wp-block-image size-full is-style-rounded is-style-rounded--1\"><img loading=\"lazy\" decoding=\"async\" width=\"1920\" height=\"1080\" src=\"https:\/\/www.taktiq.de\/wp-content\/uploads\/TAKTIQ_Task-Index.jpg\" alt=\"\" class=\"wp-image-5797\" srcset=\"https:\/\/www.taktiq.de\/wp-content\/uploads\/TAKTIQ_Task-Index.jpg 1920w, https:\/\/www.taktiq.de\/wp-content\/uploads\/TAKTIQ_Task-Index-900x506.jpg 900w, https:\/\/www.taktiq.de\/wp-content\/uploads\/TAKTIQ_Task-Index-1800x1013.jpg 1800w, https:\/\/www.taktiq.de\/wp-content\/uploads\/TAKTIQ_Task-Index-768x432.jpg 768w, https:\/\/www.taktiq.de\/wp-content\/uploads\/TAKTIQ_Task-Index-1536x864.jpg 1536w, https:\/\/www.taktiq.de\/wp-content\/uploads\/TAKTIQ_Task-Index-1320x743.jpg 1320w\" sizes=\"auto, (max-width: 1920px) 100vw, 1920px\" \/><\/figure>\n<\/div>\n\n\n\n<div class=\"wp-block-column is-layout-flow wp-block-column-is-layout-flow\" style=\"flex-basis:66.66%\">\n<div class=\"wp-block-group has-global-padding is-layout-constrained wp-container-core-group-is-layout-c3d0faaf wp-block-group-is-layout-constrained\" style=\"padding-top:0;padding-right:0;padding-bottom:0;padding-left:0\">\n<h2 class=\"wp-block-heading has-orange-color has-text-color has-link-color has-h-5-font-size wp-elements-a743e15dabc34525d5904f9c02c35ef9\" style=\"font-style:normal;font-weight:300\">Dokument\u00e1l\u00e1s \/ Munka\u00e1llom\u00e1sok<\/h2>\n\n\n\n<p class=\"has-h-2-font-size\">Avo-Index: egy\u00e9rtelm\u0171 t\u00e1j\u00e9koz\u00f3d\u00e1s komplex munkahelyeken<\/p>\n<\/div>\n\n\n\n<p><strong>Egy\u00e9rtelm\u0171 t\u00e1j\u00e9koz\u00f3d\u00e1s &#8211; m\u00e9g sok Avos mellett is<\/strong><br\/>Min\u00e9l \u00f6sszetettebb egy munkahely, ann\u00e1l fontosabb, hogy <strong>gyorsan eligazodjunk<\/strong>. A TAKTIQ a 2026.4-es kiad\u00e1s \u00faj Avo index\u00e9vel egyszer\u0171, de rendk\u00edv\u00fcl hat\u00e9kony r\u00f6gz\u00edt\u00e9si pontot biztos\u00edt minden Avo list\u00e1ban.<br\/>Az Avo index <strong>\u00faj oszlopk\u00e9nt <\/strong>\u00e9rhet\u0151 el minden relev\u00e1ns n\u00e9zetben &#8211; a munka\u00fcgyi k\u00f6zpontban, a munkafolyamatok n\u00e9zetben \u00e9s az Avo mem\u00f3ri\u00e1kban. Mindig vil\u00e1gosan mutatja egy m\u0171velet poz\u00edci\u00f3j\u00e1t az aktu\u00e1lis <strong>v\u00e9grehajt\u00e1si sorrendben <\/strong>. \u00cdgy egy pillant\u00e1sra vil\u00e1goss\u00e1 v\u00e1lik, hogy a munka\u00fcgyi k\u00f6zpontban \u00e9ppen melyik Avo van megtekintve.   <\/p>\n\n\n\n<p><strong>Az elt\u00e9r\u00e9sek k\u00f6zvetlen meg\u00e9rt\u00e9se<br\/><\/strong>Ez az inform\u00e1ci\u00f3 k\u00fcl\u00f6n\u00f6sen hasznos a <strong>rendezett <\/strong>vagy <strong>sz\u0171rt <\/strong>n\u00e9zetek eset\u00e9ben. Amint a megjelen\u00edt\u00e9s m\u00e1r nem felel meg a v\u00e9grehajt\u00e1si sorrendnek, ez az indexnek k\u00f6sz\u00f6nhet\u0151en azonnal l\u00e1that\u00f3v\u00e1 v\u00e1lik. Ez megel\u0151zi a f\u00e9lre\u00e9rt\u00e9seket \u00e9s megk\u00f6nny\u00edti a <strong>koordin\u00e1ci\u00f3t<\/strong> &#8211; p\u00e9ld\u00e1ul a munka\u00e1llom\u00e1sok k\u00f6z\u00f6s elemz\u00e9sekor.  <\/p>\n\n\n\n<p>Az Avo-index er\u0151ss\u00e9gei az <strong>els\u0151bbs\u00e9gi kapcsolatok <\/strong>dokument\u00e1l\u00e1s\u00e1ban \u00e9s <strong>elemz\u00e9s\u00e9ben <\/strong>is megmutatkoznak. Az Avo kapcsolatok oszlopban a <strong>hivatkozott Av\u00f3k <\/strong>index\u00fckkel egy\u00fctt jelennek meg. \u00cdgy azonnal felismerhet\u0151v\u00e9 v\u00e1lik, hogy egy kapcsolat egy <strong>el\u0151tte vagy ut\u00e1na l\u00e9v\u0151 m\u0171veletre <\/strong>utal-e, an\u00e9lk\u00fcl, hogy keresni vagy v\u00e1ltani kellene.  <br\/><br\/><strong>Nagyobb \u00e1ttekinthet\u0151s\u00e9g minden tervez\u00e9si l\u00e9p\u00e9sn\u00e9l<\/strong><br\/>Az eredm\u00e9ny: nagyobb \u00e1ttekinthet\u0151s\u00e9g, kevesebb ment\u00e1lis kit\u00e9r\u0151 \u00e9s l\u00e9nyegesen gyorsabb t\u00e1j\u00e9koz\u00f3d\u00e1s &#8211; k\u00fcl\u00f6n\u00f6sen a kiterjedt, sok avot tartalmaz\u00f3 munka\u00e1llom\u00e1sok eset\u00e9ben.<\/p>\n<\/div>\n<\/div>\n<\/div>\n\n\n\n<div class=\"wp-block-group alignwide has-white-background-color has-background has-global-padding is-layout-constrained wp-container-core-group-is-layout-ae744a23 wp-block-group-is-layout-constrained\" style=\"border-radius:1.5rem;padding-top:var(--wp--preset--spacing--70);padding-right:var(--wp--preset--spacing--70);padding-bottom:var(--wp--preset--spacing--70);padding-left:var(--wp--preset--spacing--70)\">\n<div class=\"wp-block-columns alignwide is-layout-flex wp-container-core-columns-is-layout-28f84493 wp-block-columns-is-layout-flex\">\n<div class=\"wp-block-column is-layout-flow wp-block-column-is-layout-flow\" style=\"flex-basis:33.3%\">\n<figure class=\"wp-block-image size-full is-style-rounded is-style-rounded--2\"><img loading=\"lazy\" decoding=\"async\" width=\"1921\" height=\"1080\" src=\"https:\/\/www.taktiq.de\/wp-content\/uploads\/TAKTIQ_MODAPTS.png\" alt=\"\" class=\"wp-image-5791\" srcset=\"https:\/\/www.taktiq.de\/wp-content\/uploads\/TAKTIQ_MODAPTS.png 1921w, https:\/\/www.taktiq.de\/wp-content\/uploads\/TAKTIQ_MODAPTS-900x506.png 900w, https:\/\/www.taktiq.de\/wp-content\/uploads\/TAKTIQ_MODAPTS-1800x1012.png 1800w, https:\/\/www.taktiq.de\/wp-content\/uploads\/TAKTIQ_MODAPTS-768x432.png 768w, https:\/\/www.taktiq.de\/wp-content\/uploads\/TAKTIQ_MODAPTS-1536x864.png 1536w, https:\/\/www.taktiq.de\/wp-content\/uploads\/TAKTIQ_MODAPTS-1320x742.png 1320w\" sizes=\"auto, (max-width: 1921px) 100vw, 1921px\" \/><\/figure>\n<\/div>\n\n\n\n<div class=\"wp-block-column is-layout-flow wp-block-column-is-layout-flow\" style=\"flex-basis:66.66%\">\n<div class=\"wp-block-group has-global-padding is-layout-constrained wp-container-core-group-is-layout-c3d0faaf wp-block-group-is-layout-constrained\" style=\"padding-top:0;padding-right:0;padding-bottom:0;padding-left:0\">\n<h2 class=\"wp-block-heading has-orange-color has-text-color has-link-color has-h-5-font-size wp-elements-a743e15dabc34525d5904f9c02c35ef9\" style=\"font-style:normal;font-weight:300\">Dokument\u00e1l\u00e1s \/ id\u0151elemz\u00e9sek<\/h2>\n\n\n\n<p class=\"has-h-2-font-size\">MODAPTS id\u0151elemz\u00e9sek dokument\u00e1l\u00e1sa a TAKTIQ-ban<\/p>\n<\/div>\n\n\n\n<p><strong>A pontos id\u0151k mint a tervez\u00e9s megb\u00edzhat\u00f3 alapja<\/strong><br\/>Az id\u0151elemz\u00e9sek a megb\u00edzhat\u00f3 tervez\u00e9s k\u00f6zponti elemei. A TAKTIQ m\u00e1r t\u00e1mogatja a v\u00e9grehajt\u00e1si id\u0151k r\u00e9szletes meghat\u00e1roz\u00e1s\u00e1t \u00e9s dokument\u00e1l\u00e1s\u00e1t az <strong>Id\u0151gazd\u00e1lkod\u00e1s kieg\u00e9sz\u00edt\u0151vel <\/strong>. A 2026.4-es kiad\u00e1sban ez a funkci\u00f3k\u00f6r most a <strong>MODAPTS m\u00f3dszer <\/strong>t\u00e1mogat\u00e1s\u00e1val b\u0151v\u00fcl.  <\/p>\n\n\n\n<p><strong>Milyen el\u0151ny\u00f6kkel j\u00e1r a MODAPTS integr\u00e1ci\u00f3?<\/strong><br\/>A felhaszn\u00e1l\u00f3k mostant\u00f3l k\u00f6vetkezetesen haszn\u00e1lhatj\u00e1k a MODAPTS id\u0151elemz\u00e9seket a TAKTIQ-ban &#8211; a megl\u00e9v\u0151 elemz\u00e9sek <strong>import\u00e1l\u00e1s\u00e1t\u00f3l <\/strong>az <strong>export\u00e1l\u00e1sig <\/strong>\u00e9s az elemz\u00e9s k\u00e9zi dokument\u00e1l\u00e1s\u00e1ig Avo szinten. Az id\u0151elemz\u00e9sek <strong>megszokott m\u0171k\u00f6d\u00e9si k\u00f6re <\/strong>megmarad, kieg\u00e9sz\u00edtve az \u00faj m\u00f3dszerrel. Ez lehet\u0151v\u00e9 teszi a <strong>v\u00e9grehajt\u00e1si id\u0151k<\/strong> pontos r\u00f6gz\u00edt\u00e9s\u00e9t \u00e9s dokument\u00e1l\u00e1s\u00e1t an\u00e9lk\u00fcl, hogy k\u00fcls\u0151 eszk\u00f6z\u00f6kh\u00f6z kellene folyamodni.  <br\/><br\/><strong>Rugalmas haszn\u00e1lat &#8211; pontosan az \u00d6n ig\u00e9nyei szerint<br\/><\/strong>Fontos: A rendelkez\u00e9sre \u00e1ll\u00f3 id\u0151elemz\u00e9si m\u00f3dszerek <strong>egyedileg aktiv\u00e1lhat\u00f3k <\/strong>. Ez azt jelenti, hogy a TAKTIQ rugalmasan haszn\u00e1lhat\u00f3 &#8211; f\u00fcggetlen\u00fcl att\u00f3l, hogy a MODAPTS-t tart\u00f3san vagy els\u0151 alkalommal tesztelni k\u00edv\u00e1nja. K\u00e9rj\u00fck, vegye fel vel\u00fcnk a kapcsolatot, ha az aktiv\u00e1l\u00e1s \u00e9rdekli!  <\/p>\n<\/div>\n<\/div>\n<\/div>\n\n\n\n<div class=\"wp-block-group alignwide has-white-background-color has-background has-global-padding is-layout-constrained wp-container-core-group-is-layout-ae744a23 wp-block-group-is-layout-constrained\" style=\"border-radius:1.5rem;padding-top:var(--wp--preset--spacing--70);padding-right:var(--wp--preset--spacing--70);padding-bottom:var(--wp--preset--spacing--70);padding-left:var(--wp--preset--spacing--70)\">\n<div class=\"wp-block-columns alignwide is-layout-flex wp-container-core-columns-is-layout-28f84493 wp-block-columns-is-layout-flex\">\n<div class=\"wp-block-column is-layout-flow wp-block-column-is-layout-flow\" style=\"flex-basis:33.3%\">\n<figure class=\"wp-block-image size-large is-style-rounded is-style-rounded--3\"><img loading=\"lazy\" decoding=\"async\" width=\"1800\" height=\"1013\" src=\"https:\/\/www.taktiq.de\/wp-content\/uploads\/Weitere-Verbesserungen-1800x1013.gif\" alt=\"\" class=\"wp-image-3586\" srcset=\"https:\/\/www.taktiq.de\/wp-content\/uploads\/Weitere-Verbesserungen-1800x1013.gif 1800w, https:\/\/www.taktiq.de\/wp-content\/uploads\/Weitere-Verbesserungen-900x506.gif 900w, https:\/\/www.taktiq.de\/wp-content\/uploads\/Weitere-Verbesserungen-768x432.gif 768w, https:\/\/www.taktiq.de\/wp-content\/uploads\/Weitere-Verbesserungen-1536x864.gif 1536w, https:\/\/www.taktiq.de\/wp-content\/uploads\/Weitere-Verbesserungen-1320x743.gif 1320w\" sizes=\"auto, (max-width: 1800px) 100vw, 1800px\" \/><\/figure>\n<\/div>\n\n\n\n<div class=\"wp-block-column is-layout-flow wp-block-column-is-layout-flow\" style=\"flex-basis:66.66%\">\n<div class=\"wp-block-group has-global-padding is-layout-constrained wp-container-core-group-is-layout-c3d0faaf wp-block-group-is-layout-constrained\" style=\"padding-top:0;padding-right:0;padding-bottom:0;padding-left:0\">\n<h2 class=\"wp-block-heading has-orange-color has-text-color has-link-color has-h-5-font-size wp-elements-a743e15dabc34525d5904f9c02c35ef9\" style=\"font-style:normal;font-weight:300\"><\/h2>\n\n\n\n<p class=\"has-h-2-font-size\">Tov\u00e1bbi fejleszt\u00e9sek<\/p>\n<\/div>\n\n\n\n<ul class=\"wp-block-list\">\n<li><strong>Konfigur\u00e1ci\u00f3k ment\u00e9se \u00e9s bet\u00f6lt\u00e9se a &#8222;Kiegyenl\u00edt\u00e9si mutat\u00f3k&#8221; jelent\u00e9shez: <\/strong>A kulcssz\u00e1mok konfigur\u00e1ci\u00f3i mostant\u00f3l f\u00e1jlba menthet\u0151k \u00e9s \u00fajra bet\u00f6lthet\u0151k. Ez azt jelenti, hogy a rendszeresen haszn\u00e1lt jelent\u00e9seket gyorsan \u00fajra lehet haszn\u00e1lni vagy meg lehet osztani a koll\u00e9g\u00e1kkal &#8211; an\u00e9lk\u00fcl, hogy manu\u00e1lisan \u00fajra \u00f6ssze kellene \u00e1ll\u00edtani a kulcssz\u00e1mokat. <br\/>(Elemz\u00e9s \/ Munkahelyek)<\/li>\n\n\n\n<li><strong>Modellnevek a kiegyens\u00falyoz\u00f3 kulcssz\u00e1mok jelent\u00e9sben:<\/strong> A modellek mostant\u00f3l a megnevez\u00e9sekkel egy\u00fctt is megjelennek a m\u00e9rlegk\u00e9sz\u00edt\u0151 kulcssz\u00e1mok jelent\u00e9sben. Az elnevez\u00e9s a modell neve ut\u00e1n z\u00e1r\u00f3jelben jelenik meg. Ez megk\u00f6nny\u00edti a kulcssz\u00e1mok \u00e9rtelmez\u00e9s\u00e9t, \u00e9s nagyobb \u00e1ttekinthet\u0151s\u00e9get biztos\u00edt, k\u00fcl\u00f6n\u00f6sen t\u00f6bb hasonl\u00f3 modell elemz\u00e9sekor.  <br\/>(Elemz\u00e9s \/ Munkahelyek)<\/li>\n\n\n\n<li><strong>A v\u00e1ltozatok \u00e1ttekint\u00e9se sz\u00e1zal\u00e9kos \u00e9rt\u00e9keket jelen\u00edt meg az eszk\u00f6ztipben<\/strong>: A v\u00e1ltozatok ar\u00e1nya a ciklusid\u0151ben sz\u00e1zal\u00e9kban is megjelenik, \u00e9s megk\u00f6nny\u00edti a v\u00e1ltozatok gyors oszt\u00e1lyoz\u00e1s\u00e1t.<br\/>(Elemz\u00e9s \/ Munka\u00e1llom\u00e1sok)<\/li>\n\n\n\n<li><strong>Mutassa meg az elsodr\u00f3d\u00e1s hat\u00e1r\u00e1t a kiegyenl\u00edt\u00e9si kulcssz\u00e1mok \u00f6sszehasonl\u00edt\u00e1sakor:<\/strong> A drifthat\u00e1r mostant\u00f3l opcion\u00e1lisan k\u00fcl\u00f6n oszlopk\u00e9nt is megjelen\u00edthet\u0151 a kiegyenl\u00edt\u00e9si m\u00e9r\u0151sz\u00e1mok \u00f6sszehasonl\u00edt\u00e1sakor. Ez a maxim\u00e1lis v\u00e1ltozat mellett jelenik meg, \u00e9s egy\u00e9rtelm\u0171 referenciapontot biztos\u00edt a forgat\u00f3k\u00f6nyvek \u00e9rt\u00e9kel\u00e9s\u00e9hez &#8211; k\u00fcl\u00f6n\u00f6sen annak felismer\u00e9s\u00e9hez, hogy a v\u00e1ltozatok milyen k\u00f6zel vannak a drifthat\u00e1rhoz. <br\/>(\u00d6sszehasonl\u00edt\u00e1s \/ Munkahelyek)<\/li>\n\n\n\n<li><strong>A szabv\u00e1nyos importform\u00e1tumok k\u00f6telez\u0151 mez\u0151i egy\u00e9rtelm\u0171en megjel\u00f6ltek: <\/strong>Az \u00f6sszes szabv\u00e1nyos Excel-importsablonban mostant\u00f3l k\u00f6zvetlen\u00fcl l\u00e1that\u00f3, hogy mely mez\u0151k k\u00f6telez\u0151ek. Ez\u00e1ltal elker\u00fclhet\u0151k az import\u00e1l\u00e1si hib\u00e1k, \u00e9s felgyorsul a kezdeti folyamat &#8211; k\u00fcl\u00f6n\u00f6sen az ism\u00e9tl\u0151d\u0151 adatimportok eset\u00e9ben. <br\/>(Dokument\u00e1l\u00e1s \/ adatimport\u00e1l\u00e1s)<\/li>\n<\/ul>\n<\/div>\n<\/div>\n<\/div>\n<\/div>\n\n<div class=\"wp-block-group alignfull has-lightgrey-background-color has-background has-global-padding is-layout-constrained wp-block-group-is-layout-constrained\">\n<h2 class=\"wp-block-heading has-text-align-center\">Az \u00f6sszes <mark style=\"background-color:rgba(0, 0, 0, 0)\" class=\"has-inline-color has-orange-color\">TAKTIQ modul<\/mark> \u00e1ttekint\u00e9se<\/h2>\n\n\n\n<p class=\"has-text-align-center\">B\u0151v\u00edtse rugalmasan a TAKTIQ-ot moduljainkkal. Testre szabhatja a megold\u00e1st az \u00d6n termel\u00e9s\u00e9hez, \u00e9s maximaliz\u00e1lhatja az el\u0151ny\u00f6ket az \u00d6n egyedi ig\u00e9nyeihez. <\/p>\n\n\n\n<div  class=\"wp-block-teasergroup alignwide \">\t\n\t<div class=\"row g-3 row-cols-1 row-cols-sm-2 row-cols-lg-3 justify-content-center\">\n\t\n\t\t\n\t\t\t\t\t\t<div class=\"col\">\n\t\t\t\t\n\n\t\t\t\t\n\t\t\t\t\t<div class=\"card card-teaser rounded h-100\">\n\t\t\t\t\t\t<div class=\"card-body p-3 p-lg-4\">\n\t\t\t\t\t\t\t<div class=\"card-icon-wrapper\"><img loading=\"lazy\" decoding=\"async\" src=\"https:\/\/www.taktiq.de\/wp-content\/uploads\/2025\/06\/icon-module-sequence-requirements.svg\" alt=\"Sorrendi k\u00f6vetelm\u00e9nyek\" class=\"card-icon\" width=\"30\" height=\"30\"><\/div>\n\t\t\t\t\t\t\t<a href=\"https:\/\/www.taktiq.de\/hu\/sorrendi-koevetelmenyek\/\" class=\"card-title d-block stretched-link text-decoration-none my-2 fw-semibold fs-5\">Sorrendi k\u00f6vetelm\u00e9nyek<\/a>\n\t\t\t\t\t\t\t<p class=\"card-text hyphens m-0 p-0\">\n\t\t\t\t\t\t\t\tL\u00e9trehozhat szekvencia szab\u00e1lyokat analitikusan, ellen\u0151rizheti hat\u00e9konys\u00e1gukat \u00e9s optimaliz\u00e1lhatja \u0151ket.\t\t\t\t\t\t\t\t<a href=\"https:\/\/www.taktiq.de\/hu\/sorrendi-koevetelmenyek\/\" class=\"text-link\">Tudjon meg t\u00f6bbet<\/a>\n\t\t\t\t\t\t\t<\/p>\n\n\t\t\t\t\t\t<\/div>\n\t\t\t\t\t<\/div>\n\t\t\t\t\n\t\t\t<\/div>\n\t\t\t\n\t\t\t\n\t\t\t\t\t\t<div class=\"col\">\n\t\t\t\t\n\n\t\t\t\t\n\t\t\t\t\t<div class=\"card card-teaser rounded h-100\">\n\t\t\t\t\t\t<div class=\"card-body p-3 p-lg-4\">\n\t\t\t\t\t\t\t<div class=\"card-icon-wrapper\"><img loading=\"lazy\" decoding=\"async\" src=\"https:\/\/www.taktiq.de\/wp-content\/uploads\/2025\/06\/icon-module-time-management.svg\" alt=\"Id\u0151gazd\u00e1lkod\u00e1s\" class=\"card-icon\" width=\"30\" height=\"30\"><\/div>\n\t\t\t\t\t\t\t<a href=\"https:\/\/www.taktiq.de\/hu\/idogazdalkodas\/\" class=\"card-title d-block stretched-link text-decoration-none my-2 fw-semibold fs-5\">Id\u0151gazd\u00e1lkod\u00e1s<\/a>\n\t\t\t\t\t\t\t<p class=\"card-text hyphens m-0 p-0\">\n\t\t\t\t\t\t\t\tHat\u00e1rozza meg k\u00f6nnyed\u00e9n a munkafolyamatok id\u0151ig\u00e9ny\u00e9t az id\u0151modulok seg\u00edts\u00e9g\u00e9vel, \u00e9s ismerje fel a hozz\u00e1adott \u00e9rt\u00e9ket.\t\t\t\t\t\t\t\t<a href=\"https:\/\/www.taktiq.de\/hu\/idogazdalkodas\/\" class=\"text-link\">Tudjon meg t\u00f6bbet<\/a>\n\t\t\t\t\t\t\t<\/p>\n\n\t\t\t\t\t\t<\/div>\n\t\t\t\t\t<\/div>\n\t\t\t\t\n\t\t\t<\/div>\n\t\t\t\n\t\t\t\n\t\t\t\t\t\t<div class=\"col\">\n\t\t\t\t\n\n\t\t\t\t\n\t\t\t\t\t<div class=\"card card-teaser rounded h-100\">\n\t\t\t\t\t\t<div class=\"card-body p-3 p-lg-4\">\n\t\t\t\t\t\t\t<div class=\"card-icon-wrapper\"><img loading=\"lazy\" decoding=\"async\" src=\"https:\/\/www.taktiq.de\/wp-content\/uploads\/2025\/06\/icon-module-order-program-scenarios.svg\" alt=\"Rendel\u00e9si program forgat\u00f3k\u00f6nyvek\" class=\"card-icon\" width=\"30\" height=\"30\"><\/div>\n\t\t\t\t\t\t\t<a href=\"https:\/\/www.taktiq.de\/hu\/rendelesi-program-forgatokoenyvek\/\" class=\"card-title d-block stretched-link text-decoration-none my-2 fw-semibold fs-5\">Rendel\u00e9si program forgat\u00f3k\u00f6nyvek<\/a>\n\t\t\t\t\t\t\t<p class=\"card-text hyphens m-0 p-0\">\n\t\t\t\t\t\t\t\tR\u00e9szletesen elemzi a rendel\u00e9si programokat, \u00e9s az \u00e9rt\u00e9kes\u00edt\u00e9si el\u0151rejelz\u00e9sek alapj\u00e1n l\u00e9trehozza \u00e9s szimul\u00e1lja azokat.\t\t\t\t\t\t\t\t<a href=\"https:\/\/www.taktiq.de\/hu\/rendelesi-program-forgatokoenyvek\/\" class=\"text-link\">Tudjon meg t\u00f6bbet<\/a>\n\t\t\t\t\t\t\t<\/p>\n\n\t\t\t\t\t\t<\/div>\n\t\t\t\t\t<\/div>\n\t\t\t\t\n\t\t\t<\/div>\n\t\t\t\n\t\t\t\n\t\t\t\t\t\t<div class=\"col\">\n\t\t\t\t\n\n\t\t\t\t\n\t\t\t\t\t<div class=\"card card-teaser rounded h-100\">\n\t\t\t\t\t\t<div class=\"card-body p-3 p-lg-4\">\n\t\t\t\t\t\t\t<div class=\"card-icon-wrapper\"><img loading=\"lazy\" decoding=\"async\" src=\"https:\/\/www.taktiq.de\/wp-content\/uploads\/2025\/06\/icon-module-ergonomics.svg\" alt=\"Ergon\u00f3mia\" class=\"card-icon\" width=\"30\" height=\"30\"><\/div>\n\t\t\t\t\t\t\t<a href=\"https:\/\/www.taktiq.de\/hu\/ergonomia\/\" class=\"card-title d-block stretched-link text-decoration-none my-2 fw-semibold fs-5\">Ergon\u00f3mia<\/a>\n\t\t\t\t\t\t\t<p class=\"card-text hyphens m-0 p-0\">\n\t\t\t\t\t\t\t\tMeghat\u00e1rozza \u00e9s optimaliz\u00e1lja az egy dolgoz\u00f3ra jut\u00f3 ergon\u00f3miai terhel\u00e9st, \u00e9s a cser\u00e9k sor\u00e1n \u00e9l\u0151 ergon\u00f3miai \u00e9rt\u00e9kel\u00e9seket v\u00e9gez.\t\t\t\t\t\t\t\t<a href=\"https:\/\/www.taktiq.de\/hu\/ergonomia\/\" class=\"text-link\">Tudjon meg t\u00f6bbet<\/a>\n\t\t\t\t\t\t\t<\/p>\n\n\t\t\t\t\t\t<\/div>\n\t\t\t\t\t<\/div>\n\t\t\t\t\n\t\t\t<\/div>\n\t\t\t\n\t\t\t\n\t\t\t\t\t\t<div class=\"col\">\n\t\t\t\t\n\n\t\t\t\t\n\t\t\t\t\t<div class=\"card card-teaser rounded h-100\">\n\t\t\t\t\t\t<div class=\"card-body p-3 p-lg-4\">\n\t\t\t\t\t\t\t<div class=\"card-icon-wrapper\"><img loading=\"lazy\" decoding=\"async\" src=\"https:\/\/www.taktiq.de\/wp-content\/uploads\/2025\/06\/icon-module-order-preview.svg\" alt=\"Rendel\u00e9si el\u0151n\u00e9zet\" class=\"card-icon\" width=\"30\" height=\"30\"><\/div>\n\t\t\t\t\t\t\t<a href=\"https:\/\/www.taktiq.de\/hu\/rendelesi-elonezet\/\" class=\"card-title d-block stretched-link text-decoration-none my-2 fw-semibold fs-5\">Rendel\u00e9si el\u0151n\u00e9zet<\/a>\n\t\t\t\t\t\t\t<p class=\"card-text hyphens m-0 p-0\">\n\t\t\t\t\t\t\t\tA sz\u0171k keresztmetszetek korai felismer\u00e9s\u00e9vel \u00e9s a r\u00f6vid t\u00e1v\u00fa kapacit\u00e1si int\u00e9zked\u00e9sek jobb kezel\u00e9s\u00e9vel a mennyis\u00e9gek biztos\u00edt\u00e1sa \u00e9s a z\u00f6kken\u0151mentes termel\u00e9s.\t\t\t\t\t\t\t\t<a href=\"https:\/\/www.taktiq.de\/hu\/rendelesi-elonezet\/\" class=\"text-link\">Tudjon meg t\u00f6bbet<\/a>\n\t\t\t\t\t\t\t<\/p>\n\n\t\t\t\t\t\t<\/div>\n\t\t\t\t\t<\/div>\n\t\t\t\t\n\t\t\t<\/div>\n\t\t\t\n\t\t\t\n\t\t\t\t\t\t<div class=\"col\">\n\t\t\t\t\n\n\t\t\t\t\n\t\t\t\t\t<div class=\"card card-teaser rounded h-100\">\n\t\t\t\t\t\t<div class=\"card-body p-3 p-lg-4\">\n\t\t\t\t\t\t\t<div class=\"card-icon-wrapper\"><img loading=\"lazy\" decoding=\"async\" src=\"https:\/\/www.taktiq.de\/wp-content\/uploads\/2025\/06\/icon-module-assembly-instructions.svg\" alt=\"\u00d6sszeszerel\u00e9si \u00fatmutat\u00f3\" class=\"card-icon\" width=\"30\" height=\"30\"><\/div>\n\t\t\t\t\t\t\t<a href=\"https:\/\/www.taktiq.de\/hu\/oesszeszerelesi-utmutato\/\" class=\"card-title d-block stretched-link text-decoration-none my-2 fw-semibold fs-5\">\u00d6sszeszerel\u00e9si \u00fatmutat\u00f3<\/a>\n\t\t\t\t\t\t\t<p class=\"card-text hyphens m-0 p-0\">\n\t\t\t\t\t\t\t\tA tervez\u00e9si eredm\u00e9nyeket Excel vagy PDF form\u00e1tumban tov\u00e1bb\u00edthatja a gy\u00e1rt\u00e1sba, \u00e9s a TAKTIQ-ban digit\u00e1lis \u00f6sszeszerel\u00e9si utas\u00edt\u00e1sokkal k\u00e9pezheti ki a dolgoz\u00f3kat.\t\t\t\t\t\t\t\t<a href=\"https:\/\/www.taktiq.de\/hu\/oesszeszerelesi-utmutato\/\" class=\"text-link\">Tudjon meg t\u00f6bbet<\/a>\n\t\t\t\t\t\t\t<\/p>\n\n\t\t\t\t\t\t<\/div>\n\t\t\t\t\t<\/div>\n\t\t\t\t\n\t\t\t<\/div>\n\t\t\t\n\t\t\t\n\t\t\t\t\t\t<div class=\"col\">\n\t\t\t\t\n\n\t\t\t\t\n\t\t\t\t\t<div class=\"card card-teaser rounded h-100\">\n\t\t\t\t\t\t<div class=\"card-body p-3 p-lg-4\">\n\t\t\t\t\t\t\t<div class=\"card-icon-wrapper\"><img loading=\"lazy\" decoding=\"async\" src=\"https:\/\/www.taktiq.de\/wp-content\/uploads\/2025\/06\/icon-module-module-process-requirements.svg\" alt=\"Folyamatk\u00f6vetelm\u00e9nyek\" class=\"card-icon\" width=\"30\" height=\"30\"><\/div>\n\t\t\t\t\t\t\t<a href=\"https:\/\/www.taktiq.de\/hu\/folyamatkoevetelmenyek\/\" class=\"card-title d-block stretched-link text-decoration-none my-2 fw-semibold fs-5\">Folyamatk\u00f6vetelm\u00e9nyek<\/a>\n\t\t\t\t\t\t\t<p class=\"card-text hyphens m-0 p-0\">\n\t\t\t\t\t\t\t\tR\u00f6gz\u00edtse a kiegyens\u00falyoz\u00e1ssal kapcsolatos k\u00f6vetelm\u00e9nyeket (el\u0151zm\u00e9nyek, magass\u00e1gok, munkapoz\u00edci\u00f3k, szersz\u00e1mok), \u00e9s \u00edgy biztos\u00edtsa a megval\u00f3s\u00edthat\u00f3 megold\u00e1sokat.\t\t\t\t\t\t\t\t<a href=\"https:\/\/www.taktiq.de\/hu\/folyamatkoevetelmenyek\/\" class=\"text-link\">Tudjon meg t\u00f6bbet<\/a>\n\t\t\t\t\t\t\t<\/p>\n\n\t\t\t\t\t\t<\/div>\n\t\t\t\t\t<\/div>\n\t\t\t\t\n\t\t\t<\/div>\n\t\t\t\n\t\t\t\t\t\t\n\t\t\t\t<div class=\"col\">\n\t\t\t\t\t<div class=\"card card-teaser rounded h-100\">\n\t\t\t\t\t\t<div class=\"card-body p-3 p-lg-4\">\n\n\t\t\t\t\t\t\t<div class=\"card-icon-wrapper\"><\/div>\n\t\t\t\t\t\t\t\t\t\t\t\t\t\t<a href=\"https:\/\/www.sequiq.de\" class=\"card-title d-block stretched-link text-decoration-none my-2 fw-semibold fs-5\" target=\"_blank\">\n\t\t\t\t\t\t\t\t\t\t\t\t\t\t\t\t\t<img decoding=\"async\" src=\"https:\/\/www.taktiq.de\/wp-content\/uploads\/2025\/07\/sequiq-logo.svg\" alt=\"SEQUIQ\" class=\"card-title-logo\">\n\t\t\t\t\t\t\t\t\t\t\t\t\t\t\t<\/a>\n\t\t\t\t\t\t\t\t\t\t\t\t\t\t<p class=\"card-text hyphens m-0 p-0\">De megold\u00e1st keres a sorrendis\u00e9gre? Akkor pr\u00f3b\u00e1lja ki a SEQUIQ-ot!  <a href=\"https:\/\/www.sequiq.de\" class=\"text-link\">Tudjon meg t\u00f6bbet<\/a><\/p>\n\n\t\t\t\t\t\t<\/div>\n\t\t\t\t\t<\/div>\n\t\t\t\t<\/div>\n\t\t\n\t\t\n\t<\/div>\n<\/div>\n\n<\/div>\n","protected":false},"excerpt":{"rendered":"<p>\u2190 K\u00f6zlem\u00e9nyek A 2026.4-es kiad\u00e1s a napi dokument\u00e1ci\u00f3 \u00e9s az elemz\u00e9sek ter\u00e9n hoz fejleszt\u00e9seket . Az \u00faj funkci\u00f3k jobb \u00e1ttekint\u00e9st, kevesebb kontextusv\u00e1lt\u00e1st \u00e9s pontosabb dokument\u00e1ci\u00f3t biztos\u00edtanak &#8211; \u00edgy a tervez\u00e9s, \u00fctemez\u00e9s \u00e9s d\u00f6nt\u00e9shozatal m\u00e9g hat\u00e9konyabb\u00e1 v\u00e1lik. Mostant\u00f3l k\u00f6zvetlen\u00fcl a szoftver ind\u00edt\u00e1sakor is \u00e1ttekint\u00e9st kaphat a kiad\u00e1s legfontosabb \u00faj funkci\u00f3ir\u00f3l . Kiemelt pontok: A hossz\u00fa t\u00e1v\u00fa [&hellip;]<\/p>\n","protected":false},"featured_media":5789,"template":"","class_list":["post-5689","release","type-release","status-publish","has-post-thumbnail","hentry"],"acf":[],"_links":{"self":[{"href":"https:\/\/www.taktiq.de\/hu\/wp-json\/wp\/v2\/release\/5689","targetHints":{"allow":["GET"]}}],"collection":[{"href":"https:\/\/www.taktiq.de\/hu\/wp-json\/wp\/v2\/release"}],"about":[{"href":"https:\/\/www.taktiq.de\/hu\/wp-json\/wp\/v2\/types\/release"}],"wp:featuredmedia":[{"embeddable":true,"href":"https:\/\/www.taktiq.de\/hu\/wp-json\/wp\/v2\/media\/5789"}],"wp:attachment":[{"href":"https:\/\/www.taktiq.de\/hu\/wp-json\/wp\/v2\/media?parent=5689"}],"curies":[{"name":"wp","href":"https:\/\/api.w.org\/{rel}","templated":true}]}}