{"id":4730,"date":"2026-02-06T17:53:08","date_gmt":"2026-02-06T16:53:08","guid":{"rendered":"https:\/\/www.taktiq.de\/?post_type=release&#038;p=4730"},"modified":"2026-02-09T14:41:06","modified_gmt":"2026-02-09T13:41:06","slug":"release-2026-2","status":"publish","type":"release","link":"https:\/\/www.taktiq.de\/it\/releases\/release-2026-2\/","title":{"rendered":"Versione 2026.2"},"content":{"rendered":"\n<div class=\"wp-block-group alignfull has-global-padding is-layout-constrained wp-block-group-is-layout-constrained\">\n<div class=\"wp-block-columns alignwide are-vertically-aligned-top is-layout-flex wp-container-core-columns-is-layout-28f84493 wp-block-columns-is-layout-flex\">\n<div class=\"wp-block-column is-vertically-aligned-top is-layout-flow wp-block-column-is-layout-flow\">\n<div class=\"wp-block-group alignwide has-global-padding is-layout-constrained wp-container-core-group-is-layout-c3d0faaf wp-block-group-is-layout-constrained\" style=\"padding-top:0;padding-right:0;padding-bottom:0;padding-left:0\">\n<p class=\"alignwide has-text-align-wide has-orange-color has-text-color has-link-color has-h-5-font-size wp-elements-2e2677d09eda0befdc6ec3ec21765878\">\u2190 <a href=\"https:\/\/www.taktiq.de\/it\/comunicati\/\" data-type=\"page\" data-id=\"236\">Comunicati<\/a><\/p>\n\n\n<h1 class=\"alignwide wp-block-post-title\">Versione 2026.2<\/h1><\/div>\n\n\n\n<p class=\"has-intro-font-size\">In stretta collaborazione con partner esperti, in futuro uniremo ancora di pi\u00f9 il meglio di ogni settore, dalla pianificazione 3D di prima classe alle competenze approfondite nella gestione del tempo. Questa combinazione crea un chiaro valore aggiunto per te: una pianificazione pi\u00f9 precisa, processi pi\u00f9 efficienti e soluzioni che consentono di ottenere progressi misurabili. <\/p>\n<\/div>\n\n\n\n<div class=\"wp-block-column is-vertically-aligned-top is-layout-flow wp-block-column-is-layout-flow\">\n<div class=\"wp-block-group has-lightgrey-background-color has-background has-global-padding is-layout-constrained wp-container-core-group-is-layout-7c7fb8f8 wp-block-group-is-layout-constrained\" style=\"padding-top:var(--wp--preset--spacing--50);padding-right:var(--wp--preset--spacing--50);padding-bottom:var(--wp--preset--spacing--50);padding-left:var(--wp--preset--spacing--50)\">\n<p><strong>Punti salienti:<\/strong><\/p>\n\n\n\n<ul class=\"wp-block-list\">\n<li>TAKTIQ e DELMIA: integrazione perfetta per una pianificazione efficiente<\/li>\n\n\n\n<li>Migliora sistematicamente le linee di produzione con TiCon e TAKTIQ<\/li>\n\n\n\n<li>Elaborare le analisi temporali in modo pi\u00f9 efficiente<\/li>\n<\/ul>\n\n\n\n<p>I clienti con supporto a lungo termine (LTS) riceveranno le nuove funzionalit\u00e0 con la prossima versione LTS nel marzo 2026.<\/p>\n<\/div>\n<\/div>\n<\/div>\n<\/div>\n\n<div class=\"wp-block-group alignfull has-lightgrey-background-color has-background has-global-padding is-layout-constrained wp-container-core-group-is-layout-c5bbea69 wp-block-group-is-layout-constrained\">\n<div class=\"wp-block-group alignwide has-white-background-color has-background has-global-padding is-layout-constrained wp-container-core-group-is-layout-ae744a23 wp-block-group-is-layout-constrained\" style=\"border-radius:1.5rem;padding-top:var(--wp--preset--spacing--70);padding-right:var(--wp--preset--spacing--70);padding-bottom:var(--wp--preset--spacing--70);padding-left:var(--wp--preset--spacing--70)\">\n<div class=\"wp-block-columns alignwide is-layout-flex wp-container-core-columns-is-layout-28f84493 wp-block-columns-is-layout-flex\">\n<div class=\"wp-block-column is-layout-flow wp-block-column-is-layout-flow\" style=\"flex-basis:33.3%\">\n<figure class=\"wp-block-image size-large\"><img loading=\"lazy\" decoding=\"async\" width=\"1800\" height=\"1013\" src=\"https:\/\/www.taktiq.de\/wp-content\/uploads\/TAKTIQ_DELMIA-80-1-1800x1013.jpg\" alt=\"\" class=\"wp-image-4750\" srcset=\"https:\/\/www.taktiq.de\/wp-content\/uploads\/TAKTIQ_DELMIA-80-1-1800x1013.jpg 1800w, https:\/\/www.taktiq.de\/wp-content\/uploads\/TAKTIQ_DELMIA-80-1-900x506.jpg 900w, https:\/\/www.taktiq.de\/wp-content\/uploads\/TAKTIQ_DELMIA-80-1-768x432.jpg 768w, https:\/\/www.taktiq.de\/wp-content\/uploads\/TAKTIQ_DELMIA-80-1-1536x864.jpg 1536w, https:\/\/www.taktiq.de\/wp-content\/uploads\/TAKTIQ_DELMIA-80-1-1320x743.jpg 1320w, https:\/\/www.taktiq.de\/wp-content\/uploads\/TAKTIQ_DELMIA-80-1.jpg 1921w\" sizes=\"auto, (max-width: 1800px) 100vw, 1800px\" \/><\/figure>\n<\/div>\n\n\n\n<div class=\"wp-block-column is-layout-flow wp-block-column-is-layout-flow\" style=\"flex-basis:66.66%\">\n<div class=\"wp-block-group has-global-padding is-layout-constrained wp-container-core-group-is-layout-c3d0faaf wp-block-group-is-layout-constrained\" style=\"padding-top:0;padding-right:0;padding-bottom:0;padding-left:0\">\n<h2 class=\"wp-block-heading has-orange-color has-text-color has-link-color has-h-5-font-size wp-elements-a743e15dabc34525d5904f9c02c35ef9\" style=\"font-style:normal;font-weight:300\">Ottimizzazione \/ bilanciamento<\/h2>\n\n\n\n<p class=\"has-h-2-font-size\">TAKTIQ e DELMIA: integrazione perfetta per una pianificazione efficiente  <\/p>\n<\/div>\n\n\n\n<p>Insieme al nostro <strong>partner Dassault Syst\u00e8mes<\/strong>, implementiamo la catena di pianificazione senza soluzione di continuit\u00e0 per la tua linea di assemblaggio: dalla pianificazione iniziale del processo e dal bilanciamento grezzo in <strong>DELMIA<\/strong> all&#8217;ottimizzazione della produzione in <strong>TAKTIQ<\/strong>. Le interfacce necessarie sono attualmente in fase di sviluppo e saranno rese disponibili passo dopo passo per consentire uno scambio di dati veloce e bidirezionale in futuro. Con la versione 2026.2 puoi gi\u00e0 <strong>recuperare il bilanciamento delle linee da Delmia<\/strong> e utilizzarlo come <strong>stato di base del piano in TAKTIQ<\/strong>.  <\/p>\n\n\n\n<p><strong><strong>Cosa significa in termini concreti?<\/strong><\/strong><br\/>La base viene creata in DELMIA: crei i centri di lavoro e fai una prima assegnazione dei processi lavorativi. Da l\u00ec, il processo continua in TAKTIQ, dove avviene il bilanciamento pi\u00f9 fine grazie alle note funzioni di analisi, alle simulazioni precise e all&#8217;ottimizzazione interattiva. Riconosci i colli di bottiglia in una fase iniziale e prendi decisioni fondate.  <\/p>\n\n\n\n<p>I dati di pianificazione affinati in TAKTIQ possono essere sincronizzati con DELMIA in qualsiasi momento futuro. Potrai sfruttare i punti di forza di entrambi i sistemi creando un flusso di lavoro continuo a partire da fasi di pianificazione che in precedenza venivano eseguite separatamente. <\/p>\n\n\n\n<p><strong>Sei interessato? La tua esperienza \u00e8 preziosa! <\/strong><br\/>Il tuo feedback e i tuoi requisiti per l&#8217;uso congiunto di entrambi i sistemi ci aiuteranno a progettare una soluzione pratica e personalizzata.<\/p>\n\n\n\n<p>Non esitare a contattarci: non vediamo l&#8217;ora di scambiare idee e sviluppare soluzioni personalizzate per te!<\/p>\n<\/div>\n<\/div>\n<\/div>\n\n\n\n<div class=\"wp-block-group alignwide has-white-background-color has-background has-global-padding is-layout-constrained wp-container-core-group-is-layout-ae744a23 wp-block-group-is-layout-constrained\" style=\"border-radius:1.5rem;padding-top:var(--wp--preset--spacing--70);padding-right:var(--wp--preset--spacing--70);padding-bottom:var(--wp--preset--spacing--70);padding-left:var(--wp--preset--spacing--70)\">\n<div class=\"wp-block-columns alignwide is-layout-flex wp-container-core-columns-is-layout-28f84493 wp-block-columns-is-layout-flex\">\n<div class=\"wp-block-column is-layout-flow wp-block-column-is-layout-flow\" style=\"flex-basis:33.3%\">\n<figure class=\"wp-block-image size-full is-style-rounded is-style-rounded--1\"><img loading=\"lazy\" decoding=\"async\" width=\"1921\" height=\"1081\" src=\"https:\/\/www.taktiq.de\/wp-content\/uploads\/TAKTIQ_MTM-80-1.jpg\" alt=\"\" class=\"wp-image-4756\" srcset=\"https:\/\/www.taktiq.de\/wp-content\/uploads\/TAKTIQ_MTM-80-1.jpg 1921w, https:\/\/www.taktiq.de\/wp-content\/uploads\/TAKTIQ_MTM-80-1-900x506.jpg 900w, https:\/\/www.taktiq.de\/wp-content\/uploads\/TAKTIQ_MTM-80-1-1800x1013.jpg 1800w, https:\/\/www.taktiq.de\/wp-content\/uploads\/TAKTIQ_MTM-80-1-768x432.jpg 768w, https:\/\/www.taktiq.de\/wp-content\/uploads\/TAKTIQ_MTM-80-1-1536x864.jpg 1536w, https:\/\/www.taktiq.de\/wp-content\/uploads\/TAKTIQ_MTM-80-1-1320x743.jpg 1320w\" sizes=\"auto, (max-width: 1921px) 100vw, 1921px\" \/><\/figure>\n<\/div>\n\n\n\n<div class=\"wp-block-column is-layout-flow wp-block-column-is-layout-flow\" style=\"flex-basis:66.66%\">\n<div class=\"wp-block-group has-global-padding is-layout-constrained wp-container-core-group-is-layout-c3d0faaf wp-block-group-is-layout-constrained\" style=\"padding-top:0;padding-right:0;padding-bottom:0;padding-left:0\">\n<h2 class=\"wp-block-heading has-orange-color has-text-color has-link-color has-h-5-font-size wp-elements-a743e15dabc34525d5904f9c02c35ef9\" style=\"font-style:normal;font-weight:300\">Ottimizzazione \/ bilanciamento<\/h2>\n\n\n\n<p class=\"has-h-2-font-size\">Perfettamente sincronizzato: migliora sistematicamente le linee di produzione con TiCon &amp; TAKTIQ<\/p>\n<\/div>\n\n\n\n<p>Dalla versione 2025.10, i <strong>blocchi orari MTM<\/strong> possono essere caricati <strong>da TiCon<\/strong> (Windows\/Web) e utilizzati in TAKTIQ. Con questa versione, abbiamo esteso l&#8217;<strong>importazione standard<\/strong>: ora puoi caricare un<strong> clock-out<\/strong> completo<strong> da TiCon<\/strong> con la semplice pressione di un pulsante! Puoi decidere tu stesso se trasferire le postazioni di lavoro e la distribuzione iniziale di Avo da TiCon o se caricare solo i processi di lavoro con le relative analisi temporali e quindi effettuare tu stesso la distribuzione alle postazioni di lavoro in TAKTIQ. \u00c8 gi\u00e0 supportato anche l&#8217;<strong>aggiornamento<\/strong> successivo dei processi di lavoro (ad es. caricamento di nuovi tempi) o dei centri di lavoro (ad es. caricamento di nuovi tempi di takt). \u00c8 gi\u00e0 in programma la direzione inversa, in modo da poter continuare a utilizzare le ottimizzazioni effettuate in TAKTIQ in TiCon anche in futuro.   <\/p>\n\n\n\n<p>Scopri in un <strong>webinar<\/strong> di un&#8217;ora come TiCon e TAKTIQ, insieme, consentono una <strong>registrazione precisa dei tempi<\/strong> e l&#8217;<strong>ottimizzazione globale<\/strong> della tua linea di assemblaggio. Dall&#8217;acquisizione dei dati alla registrazione basata su KPI, tutto in un unico flusso di lavoro integrato.   <br\/><strong><br\/>Quando: 18\/03\/2026 11:00 &#8211; 12:00 CET<\/strong><\/p>\n\n\n\n<p><strong><a href=\"https:\/\/newsletter.mtm.org\/c\/148\/8883234\/10942\/0\/19346724\/1297\/846955\/db8830d11e.html\">Registrati ora gratuitamente!<\/a><\/strong><\/p>\n<\/div>\n<\/div>\n<\/div>\n\n\n\n<div class=\"wp-block-group alignwide has-white-background-color has-background has-global-padding is-layout-constrained wp-container-core-group-is-layout-ae744a23 wp-block-group-is-layout-constrained\" style=\"border-radius:1.5rem;padding-top:var(--wp--preset--spacing--70);padding-right:var(--wp--preset--spacing--70);padding-bottom:var(--wp--preset--spacing--70);padding-left:var(--wp--preset--spacing--70)\">\n<div class=\"wp-block-columns alignwide is-layout-flex wp-container-core-columns-is-layout-28f84493 wp-block-columns-is-layout-flex\">\n<div class=\"wp-block-column is-layout-flow wp-block-column-is-layout-flow\" style=\"flex-basis:33.3%\">\n<figure class=\"wp-block-image size-full is-style-rounded is-style-rounded--2\"><img loading=\"lazy\" decoding=\"async\" width=\"1921\" height=\"1081\" src=\"https:\/\/www.taktiq.de\/wp-content\/uploads\/TAKTIQ_Timemanagement-80-1.jpg\" alt=\"\" class=\"wp-image-4762\" srcset=\"https:\/\/www.taktiq.de\/wp-content\/uploads\/TAKTIQ_Timemanagement-80-1.jpg 1921w, https:\/\/www.taktiq.de\/wp-content\/uploads\/TAKTIQ_Timemanagement-80-1-900x506.jpg 900w, https:\/\/www.taktiq.de\/wp-content\/uploads\/TAKTIQ_Timemanagement-80-1-1800x1013.jpg 1800w, https:\/\/www.taktiq.de\/wp-content\/uploads\/TAKTIQ_Timemanagement-80-1-768x432.jpg 768w, https:\/\/www.taktiq.de\/wp-content\/uploads\/TAKTIQ_Timemanagement-80-1-1536x864.jpg 1536w, https:\/\/www.taktiq.de\/wp-content\/uploads\/TAKTIQ_Timemanagement-80-1-1320x743.jpg 1320w\" sizes=\"auto, (max-width: 1921px) 100vw, 1921px\" \/><\/figure>\n<\/div>\n\n\n\n<div class=\"wp-block-column is-layout-flow wp-block-column-is-layout-flow\" style=\"flex-basis:66.66%\">\n<div class=\"wp-block-group has-global-padding is-layout-constrained wp-container-core-group-is-layout-c3d0faaf wp-block-group-is-layout-constrained\" style=\"padding-top:0;padding-right:0;padding-bottom:0;padding-left:0\">\n<h2 class=\"wp-block-heading has-orange-color has-text-color has-link-color has-h-5-font-size wp-elements-a743e15dabc34525d5904f9c02c35ef9\" style=\"font-style:normal;font-weight:300\">Documentazione\/analisi del tempo<\/h2>\n\n\n\n<p class=\"has-h-2-font-size\">Modifica le analisi del tempo in modo pi\u00f9 efficiente: Copia, incolla e gestione dei blocchi temporali<\/p>\n<\/div>\n\n\n\n<p>Ora puoi facilmente <strong>copiare e incollare<\/strong> le linee di analisi del tempo in TAKTIQ: l&#8217;ideale se vuoi riutilizzare le analisi esistenti.<\/p>\n\n\n\n<p>In <strong>Documento\/Analisi temporale<\/strong> e durante la modifica delle notifiche nella scheda <strong>Analisi temporale<\/strong>, troverai una nuova <strong>icona di copia<\/strong> nella prima colonna. In alternativa, puoi usare <strong>Ctrl + C<\/strong>. Anche l&#8217;incollaggio \u00e8 altrettanto comodo: il contenuto copiato viene incollato esattamente dove vuoi tu utilizzando l&#8217;<strong>icona incolla<\/strong> nella prima colonna o <strong>Ctrl + V<\/strong>. Anche la multiselezione \u00e8 pienamente supportata. Anche la <strong>multiselezione<\/strong> \u00e8 pienamente supportata: Basta selezionare pi\u00f9 righe con <em>Ctrl + click<\/em> o <em>Shift + click<\/em> e poi copiarle usando l&#8217;icona o la scorciatoia da tastiera.   <br\/><strong><br\/><\/strong>Utilizzi <strong>moduli orari<\/strong> personalizzati? Ora puoi <strong>importare ed esportare<\/strong> i moduli orari in modo centralizzato per l&#8217;intera <strong>area di pianificazione<\/strong>. Questo ti permette di trasferire in futuro i moduli temporali in modo ancora pi\u00f9 rapido, ad esempio da un file TKQ, in una nuova area di pianificazione senza doverli gestire manualmente. Le analisi temporali possono poi essere modificate e utilizzate come di consueto nel bilanciamento.   <\/p>\n<\/div>\n<\/div>\n<\/div>\n\n\n\n<div class=\"wp-block-group alignwide has-white-background-color has-background has-global-padding is-layout-constrained wp-container-core-group-is-layout-ae744a23 wp-block-group-is-layout-constrained\" style=\"border-radius:1.5rem;padding-top:var(--wp--preset--spacing--70);padding-right:var(--wp--preset--spacing--70);padding-bottom:var(--wp--preset--spacing--70);padding-left:var(--wp--preset--spacing--70)\">\n<div class=\"wp-block-columns alignwide is-layout-flex wp-container-core-columns-is-layout-28f84493 wp-block-columns-is-layout-flex\">\n<div class=\"wp-block-column is-layout-flow wp-block-column-is-layout-flow\" style=\"flex-basis:33.3%\">\n<figure class=\"wp-block-image size-large is-style-rounded is-style-rounded--3\"><img loading=\"lazy\" decoding=\"async\" width=\"1800\" height=\"1013\" src=\"https:\/\/www.taktiq.de\/wp-content\/uploads\/Weitere-Verbesserungen-1800x1013.gif\" alt=\"\" class=\"wp-image-3586\" srcset=\"https:\/\/www.taktiq.de\/wp-content\/uploads\/Weitere-Verbesserungen-1800x1013.gif 1800w, https:\/\/www.taktiq.de\/wp-content\/uploads\/Weitere-Verbesserungen-900x506.gif 900w, https:\/\/www.taktiq.de\/wp-content\/uploads\/Weitere-Verbesserungen-768x432.gif 768w, https:\/\/www.taktiq.de\/wp-content\/uploads\/Weitere-Verbesserungen-1536x864.gif 1536w, https:\/\/www.taktiq.de\/wp-content\/uploads\/Weitere-Verbesserungen-1320x743.gif 1320w\" sizes=\"auto, (max-width: 1800px) 100vw, 1800px\" \/><\/figure>\n<\/div>\n\n\n\n<div class=\"wp-block-column is-layout-flow wp-block-column-is-layout-flow\" style=\"flex-basis:66.66%\">\n<div class=\"wp-block-group has-global-padding is-layout-constrained wp-container-core-group-is-layout-c3d0faaf wp-block-group-is-layout-constrained\" style=\"padding-top:0;padding-right:0;padding-bottom:0;padding-left:0\">\n<h2 class=\"wp-block-heading has-orange-color has-text-color has-link-color has-h-5-font-size wp-elements-a743e15dabc34525d5904f9c02c35ef9\" style=\"font-style:normal;font-weight:300\"><\/h2>\n\n\n\n<p class=\"has-h-2-font-size\">Ulteriori miglioramenti<\/p>\n<\/div>\n\n\n\n<ul class=\"wp-block-list\">\n<li><strong>Salva i fattori di tempo di ciclo nei file TKQ, negli stati di pianificazione e nei progetti:<\/strong> L&#8217;argomento futuro dei &#8220;tempi di ciclo variabili per ordine&#8221; \u00e8 gi\u00e0 supportato da tempo in alcune parti del software. Ora hai anche la possibilit\u00e0 di salvare i tempi di ciclo documentati individualmente. \u00c8 quindi possibile utilizzare in modo produttivo questo innovativo metodo di pianificazione. Contattaci se sei interessato ad attivare questo componente aggiuntivo!   <br\/>(Documentazione \/ Ordini)<\/li>\n\n\n\n<li><strong>Selezione semplice dei modelli per Avos:<\/strong> un <strong>campo di ricerca integrato<\/strong> \u00e8 ora disponibile nel campo di selezione quando si modificano i modelli di un Avos. Questo ti permette di trovare il modello giusto in modo rapido e preciso, anche se ci sono grandi quantit\u00e0 di modelli disponibili. <br\/>(Documentazione\/processi di lavoro)<\/li>\n\n\n\n<li><strong>Semplice filtraggio degli elenchi Avo per modello<\/strong>: D&#8217;ora in poi potrai filtrare le colonne <strong>Modelli<\/strong> e<strong> Modelli (designazione)<\/strong> degli elenchi Avo in base a modelli specifici in modo molto pi\u00f9 semplice. Seleziona comodamente se vuoi visualizzare solo le Avo di un modello specifico o le Avo di un numero selezionato di modelli. <br\/>(Documentazione\/processi di lavoro)<\/li>\n\n\n\n<li><strong>Importazione selettiva delle restrizioni Avo e dei dati anagrafici Avo: <\/strong>D&#8217;ora in poi puoi specificare esattamente quali informazioni di notifica vengono trasferite quando importi notifiche e centri di lavoro da Excel. Invece di sovrascrivere sempre l&#8217;intero abbonamento come in precedenza, ora puoi selezionare se vuoi importare solo i <strong>dati anagrafici <\/strong>(descrizione, regola caratteristica, TE&#8230;), le <strong>restrizioni<\/strong>, i <strong>requisiti <\/strong>o <strong>altri attributi<\/strong> come commenti o marcatori. In questo modo hai il pieno controllo sui tuoi dati Avo e puoi determinare con precisione quali informazioni vengono aggiornate. In questo modo \u00e8 possibile, ad esempio, aggiungere restrizioni specifiche ai processi di lavoro esistenti.   <br\/>(Documentazione\/processi di lavoro)<\/li>\n<\/ul>\n<\/div>\n<\/div>\n<\/div>\n<\/div>\n\n<div class=\"wp-block-group alignfull has-lightgrey-background-color has-background has-global-padding is-layout-constrained wp-block-group-is-layout-constrained\">\n<h2 class=\"wp-block-heading has-text-align-center\">Tutti i <mark style=\"background-color:rgba(0, 0, 0, 0)\" class=\"has-inline-color has-orange-color\">moduli TAKTIQ<\/mark> in sintesi<\/h2>\n\n\n\n<p class=\"has-text-align-center\">Espandi TAKTIQ in modo flessibile con i nostri moduli. Personalizza la soluzione in base alla tua produzione e massimizza i vantaggi per le tue esigenze specifiche. <\/p>\n\n\n\n<div  class=\"wp-block-teasergroup alignwide \">\t\n\t<div class=\"row g-3 row-cols-1 row-cols-sm-2 row-cols-lg-3 justify-content-center\">\n\t\n\t\t\n\t\t\t\t\t\t<div class=\"col\">\n\t\t\t\t\n\n\t\t\t\t\n\t\t\t\t\t<div class=\"card card-teaser rounded h-100\">\n\t\t\t\t\t\t<div class=\"card-body p-3 p-lg-4\">\n\t\t\t\t\t\t\t<div class=\"card-icon-wrapper\"><img loading=\"lazy\" decoding=\"async\" src=\"https:\/\/www.taktiq.de\/wp-content\/uploads\/2025\/06\/icon-module-sequence-requirements.svg\" alt=\"Requisiti della sequenza\" class=\"card-icon\" width=\"30\" height=\"30\"><\/div>\n\t\t\t\t\t\t\t<a href=\"https:\/\/www.taktiq.de\/it\/requisiti-della-sequenza\/\" class=\"card-title d-block stretched-link text-decoration-none my-2 fw-semibold fs-5\">Requisiti della sequenza<\/a>\n\t\t\t\t\t\t\t<p class=\"card-text hyphens m-0 p-0\">\n\t\t\t\t\t\t\t\tCrea regole di sequenza in modo analitico, verifica la loro efficacia e ottimizzale.\t\t\t\t\t\t\t\t<a href=\"https:\/\/www.taktiq.de\/it\/requisiti-della-sequenza\/\" class=\"text-link\">Per saperne di pi\u00f9<\/a>\n\t\t\t\t\t\t\t<\/p>\n\n\t\t\t\t\t\t<\/div>\n\t\t\t\t\t<\/div>\n\t\t\t\t\n\t\t\t<\/div>\n\t\t\t\n\t\t\t\n\t\t\t\t\t\t<div class=\"col\">\n\t\t\t\t\n\n\t\t\t\t\n\t\t\t\t\t<div class=\"card card-teaser rounded h-100\">\n\t\t\t\t\t\t<div class=\"card-body p-3 p-lg-4\">\n\t\t\t\t\t\t\t<div class=\"card-icon-wrapper\"><img loading=\"lazy\" decoding=\"async\" src=\"https:\/\/www.taktiq.de\/wp-content\/uploads\/2025\/06\/icon-module-order-program-scenarios.svg\" alt=\"Scenari del programma di ordini\" class=\"card-icon\" width=\"30\" height=\"30\"><\/div>\n\t\t\t\t\t\t\t<a href=\"https:\/\/www.taktiq.de\/it\/scenari-del-programma-di-ordini\/\" class=\"card-title d-block stretched-link text-decoration-none my-2 fw-semibold fs-5\">Scenari del programma di ordini<\/a>\n\t\t\t\t\t\t\t<p class=\"card-text hyphens m-0 p-0\">\n\t\t\t\t\t\t\t\tAnalizzare in dettaglio i programmi degli ordini e generarli e simularli sulla base delle previsioni di vendita.\t\t\t\t\t\t\t\t<a href=\"https:\/\/www.taktiq.de\/it\/scenari-del-programma-di-ordini\/\" class=\"text-link\">Per saperne di pi\u00f9<\/a>\n\t\t\t\t\t\t\t<\/p>\n\n\t\t\t\t\t\t<\/div>\n\t\t\t\t\t<\/div>\n\t\t\t\t\n\t\t\t<\/div>\n\t\t\t\n\t\t\t\n\t\t\t\t\t\t<div class=\"col\">\n\t\t\t\t\n\n\t\t\t\t\n\t\t\t\t\t<div class=\"card card-teaser rounded h-100\">\n\t\t\t\t\t\t<div class=\"card-body p-3 p-lg-4\">\n\t\t\t\t\t\t\t<div class=\"card-icon-wrapper\"><img loading=\"lazy\" decoding=\"async\" src=\"https:\/\/www.taktiq.de\/wp-content\/uploads\/2025\/06\/icon-module-order-preview.svg\" alt=\"Anteprima dell&#8217;ordine\" class=\"card-icon\" width=\"30\" height=\"30\"><\/div>\n\t\t\t\t\t\t\t<a href=\"https:\/\/www.taktiq.de\/it\/anteprima-dellordine\/\" class=\"card-title d-block stretched-link text-decoration-none my-2 fw-semibold fs-5\">Anteprima dell&#8217;ordine<\/a>\n\t\t\t\t\t\t\t<p class=\"card-text hyphens m-0 p-0\">\n\t\t\t\t\t\t\t\tAssicurare le quantit\u00e0 e produrre senza problemi riconoscendo i colli di bottiglia in una fase iniziale e gestendo meglio le misure di capacit\u00e0 a breve termine.\t\t\t\t\t\t\t\t<a href=\"https:\/\/www.taktiq.de\/it\/anteprima-dellordine\/\" class=\"text-link\">Per saperne di pi\u00f9<\/a>\n\t\t\t\t\t\t\t<\/p>\n\n\t\t\t\t\t\t<\/div>\n\t\t\t\t\t<\/div>\n\t\t\t\t\n\t\t\t<\/div>\n\t\t\t\n\t\t\t\n\t\t\t\t\t\t<div class=\"col\">\n\t\t\t\t\n\n\t\t\t\t\n\t\t\t\t\t<div class=\"card card-teaser rounded h-100\">\n\t\t\t\t\t\t<div class=\"card-body p-3 p-lg-4\">\n\t\t\t\t\t\t\t<div class=\"card-icon-wrapper\"><img loading=\"lazy\" decoding=\"async\" src=\"https:\/\/www.taktiq.de\/wp-content\/uploads\/2025\/06\/icon-module-assembly-instructions.svg\" alt=\"Istruzioni di montaggio\" class=\"card-icon\" width=\"30\" height=\"30\"><\/div>\n\t\t\t\t\t\t\t<a href=\"https:\/\/www.taktiq.de\/it\/istruzioni-di-montaggio\/\" class=\"card-title d-block stretched-link text-decoration-none my-2 fw-semibold fs-5\">Istruzioni di montaggio<\/a>\n\t\t\t\t\t\t\t<p class=\"card-text hyphens m-0 p-0\">\n\t\t\t\t\t\t\t\tTrasferisci i risultati della pianificazione alla produzione tramite Excel o PDF e forma i lavoratori con le istruzioni di montaggio digitali di TAKTIQ.\t\t\t\t\t\t\t\t<a href=\"https:\/\/www.taktiq.de\/it\/istruzioni-di-montaggio\/\" class=\"text-link\">Per saperne di pi\u00f9<\/a>\n\t\t\t\t\t\t\t<\/p>\n\n\t\t\t\t\t\t<\/div>\n\t\t\t\t\t<\/div>\n\t\t\t\t\n\t\t\t<\/div>\n\t\t\t\n\t\t\t\n\t\t\t\t\t\t<div class=\"col\">\n\t\t\t\t\n\n\t\t\t\t\n\t\t\t\t\t<div class=\"card card-teaser rounded h-100\">\n\t\t\t\t\t\t<div class=\"card-body p-3 p-lg-4\">\n\t\t\t\t\t\t\t<div class=\"card-icon-wrapper\"><img loading=\"lazy\" decoding=\"async\" src=\"https:\/\/www.taktiq.de\/wp-content\/uploads\/2025\/06\/icon-module-ergonomics.svg\" alt=\"Ergonomia\" class=\"card-icon\" width=\"30\" height=\"30\"><\/div>\n\t\t\t\t\t\t\t<a href=\"https:\/\/www.taktiq.de\/it\/ergonomia\/\" class=\"card-title d-block stretched-link text-decoration-none my-2 fw-semibold fs-5\">Ergonomia<\/a>\n\t\t\t\t\t\t\t<p class=\"card-text hyphens m-0 p-0\">\n\t\t\t\t\t\t\t\tDeterminare e ottimizzare il carico ergonomico per ogni lavoratore ed eseguire valutazioni ergonomiche in tempo reale durante il cambio.\t\t\t\t\t\t\t\t<a href=\"https:\/\/www.taktiq.de\/it\/ergonomia\/\" class=\"text-link\">Per saperne di pi\u00f9<\/a>\n\t\t\t\t\t\t\t<\/p>\n\n\t\t\t\t\t\t<\/div>\n\t\t\t\t\t<\/div>\n\t\t\t\t\n\t\t\t<\/div>\n\t\t\t\n\t\t\t\n\t\t\t\t\t\t<div class=\"col\">\n\t\t\t\t\n\n\t\t\t\t\n\t\t\t\t\t<div class=\"card card-teaser rounded h-100\">\n\t\t\t\t\t\t<div class=\"card-body p-3 p-lg-4\">\n\t\t\t\t\t\t\t<div class=\"card-icon-wrapper\"><img loading=\"lazy\" decoding=\"async\" src=\"https:\/\/www.taktiq.de\/wp-content\/uploads\/2025\/06\/icon-module-module-process-requirements.svg\" alt=\"Requisiti di processo\" class=\"card-icon\" width=\"30\" height=\"30\"><\/div>\n\t\t\t\t\t\t\t<a href=\"https:\/\/www.taktiq.de\/it\/requisiti-di-processo\/\" class=\"card-title d-block stretched-link text-decoration-none my-2 fw-semibold fs-5\">Requisiti di processo<\/a>\n\t\t\t\t\t\t\t<p class=\"card-text hyphens m-0 p-0\">\n\t\t\t\t\t\t\t\tRegistra i requisiti per il bilanciamento (predecessori, altezze, posizioni di lavoro, strumenti) e assicura cos\u00ec soluzioni realizzabili.\t\t\t\t\t\t\t\t<a href=\"https:\/\/www.taktiq.de\/it\/requisiti-di-processo\/\" class=\"text-link\">Per saperne di pi\u00f9<\/a>\n\t\t\t\t\t\t\t<\/p>\n\n\t\t\t\t\t\t<\/div>\n\t\t\t\t\t<\/div>\n\t\t\t\t\n\t\t\t<\/div>\n\t\t\t\n\t\t\t\n\t\t\t\t\t\t<div class=\"col\">\n\t\t\t\t\n\n\t\t\t\t\n\t\t\t\t\t<div class=\"card card-teaser rounded h-100\">\n\t\t\t\t\t\t<div class=\"card-body p-3 p-lg-4\">\n\t\t\t\t\t\t\t<div class=\"card-icon-wrapper\"><img loading=\"lazy\" decoding=\"async\" src=\"https:\/\/www.taktiq.de\/wp-content\/uploads\/2025\/06\/icon-module-time-management.svg\" alt=\"Gestione del tempo\" class=\"card-icon\" width=\"30\" height=\"30\"><\/div>\n\t\t\t\t\t\t\t<a href=\"https:\/\/www.taktiq.de\/it\/gestione-del-tempo\/\" class=\"card-title d-block stretched-link text-decoration-none my-2 fw-semibold fs-5\">Gestione del tempo<\/a>\n\t\t\t\t\t\t\t<p class=\"card-text hyphens m-0 p-0\">\n\t\t\t\t\t\t\t\tDefinisci facilmente i requisiti temporali per i processi di lavoro con i moduli temporali e riconosci il valore aggiunto.\t\t\t\t\t\t\t\t<a href=\"https:\/\/www.taktiq.de\/it\/gestione-del-tempo\/\" class=\"text-link\">Per saperne di pi\u00f9<\/a>\n\t\t\t\t\t\t\t<\/p>\n\n\t\t\t\t\t\t<\/div>\n\t\t\t\t\t<\/div>\n\t\t\t\t\n\t\t\t<\/div>\n\t\t\t\n\t\t\t\t\t\t\n\t\t\t\t<div class=\"col\">\n\t\t\t\t\t<div class=\"card card-teaser rounded h-100\">\n\t\t\t\t\t\t<div class=\"card-body p-3 p-lg-4\">\n\n\t\t\t\t\t\t\t<div class=\"card-icon-wrapper\"><\/div>\n\t\t\t\t\t\t\t\t\t\t\t\t\t\t<a href=\"https:\/\/www.sequiq.de\" class=\"card-title d-block stretched-link text-decoration-none my-2 fw-semibold fs-5\" target=\"_blank\">\n\t\t\t\t\t\t\t\t\t\t\t\t\t\t\t\t\t<img decoding=\"async\" src=\"https:\/\/www.taktiq.de\/wp-content\/uploads\/2025\/07\/sequiq-logo.svg\" alt=\"SEQUIQ\" class=\"card-title-logo\">\n\t\t\t\t\t\t\t\t\t\t\t\t\t\t\t<\/a>\n\t\t\t\t\t\t\t\t\t\t\t\t\t\t<p class=\"card-text hyphens m-0 p-0\">Ma stai cercando una soluzione per il sequenziamento degli ordini? Allora prova SEQUIQ!  <a href=\"https:\/\/www.sequiq.de\" class=\"text-link\">Per saperne di pi\u00f9<\/a><\/p>\n\n\t\t\t\t\t\t<\/div>\n\t\t\t\t\t<\/div>\n\t\t\t\t<\/div>\n\t\t\n\t\t\n\t<\/div>\n<\/div>\n\n<\/div>\n","protected":false},"excerpt":{"rendered":"<p>\u2190 Comunicati In stretta collaborazione con partner esperti, in futuro uniremo ancora di pi\u00f9 il meglio di ogni settore, dalla pianificazione 3D di prima classe alle competenze approfondite nella gestione del tempo. Questa combinazione crea un chiaro valore aggiunto per te: una pianificazione pi\u00f9 precisa, processi pi\u00f9 efficienti e soluzioni che consentono di ottenere progressi [&hellip;]<\/p>\n","protected":false},"featured_media":4773,"template":"","class_list":["post-4730","release","type-release","status-publish","has-post-thumbnail","hentry"],"acf":[],"_links":{"self":[{"href":"https:\/\/www.taktiq.de\/it\/wp-json\/wp\/v2\/release\/4730","targetHints":{"allow":["GET"]}}],"collection":[{"href":"https:\/\/www.taktiq.de\/it\/wp-json\/wp\/v2\/release"}],"about":[{"href":"https:\/\/www.taktiq.de\/it\/wp-json\/wp\/v2\/types\/release"}],"wp:featuredmedia":[{"embeddable":true,"href":"https:\/\/www.taktiq.de\/it\/wp-json\/wp\/v2\/media\/4773"}],"wp:attachment":[{"href":"https:\/\/www.taktiq.de\/it\/wp-json\/wp\/v2\/media?parent=4730"}],"curies":[{"name":"wp","href":"https:\/\/api.w.org\/{rel}","templated":true}]}}